{"id":4757,"date":"2021-12-14T07:43:37","date_gmt":"2021-12-14T06:43:37","guid":{"rendered":"https:\/\/www.leternoassente.com\/?page_id=4757"},"modified":"2022-12-05T13:02:25","modified_gmt":"2022-12-05T12:02:25","slug":"bonta-divina","status":"publish","type":"page","link":"https:\/\/www.leternoassente.com\/?page_id=4757","title":{"rendered":"\u00abBont\u00e0\u00bb divina"},"content":{"rendered":"<p><strong>Genni racconta la propria Storia per \u00abIo senza Dio\u00bb.<\/strong><\/p>\n<hr>\n<p>A un certo un punto della mia infanzia hanno cambiato il mio stato da atea a cattolica di santa romana chiesa. Non ne ho oggettivamente un gran ricordo. Quello che per\u00f2 ricordo \u00e8 il periodo di studio nelle scuole private cattoliche. Non per vezzo, ma per necessit\u00e0 lavorative dei miei genitori.<\/p>\n<p>Ovunque suore dall&#8217;et\u00e0 di 3 anni fino ai 14, con la fine delle scuole medie. Oltre a ci\u00f2, il parroco della zona dove abitavo doveva essere particolarmente sadico. Regolare catechismo per i sacramenti: comunione e cresima. Orbene, essendo sempre stata una fanatica della lettura, ho preso seriamente a leggere ci\u00f2 che le suorine pi\u00f9 o meno intortavano ogni giorno.<\/p>\n<p>La rivelazione di ci\u00f2 che ero prima (atea) fu tra gli 8 e i 9 anni. Un brutto incidente mand\u00f2 in coma mia mamma. Mentre lei era fuori combattimento, io cominciai a leggere la bibbia per passare il tempo. Non la versione edulcorata che proponevano nella scuola. Quella reale, invece. Quella in cui un film splatter \u00e8 in realt\u00e0 un corto disneyano. Ingenuamente chiesi qualche spiegazione. Facile immaginare le pezze aggiunte dalle suorine. Alle medie per mia curiosit\u00e0 mi ritrovai a leggere il corano e il libro di mormon. \u00c8 bene conoscere il nemico, aggiungo adesso.<\/p>\n<p>All&#8217;et\u00e0 di 16 anni, mia nonna (cattolica nella versione pi\u00f9 candida) mi raccont\u00f2 del suo viaggio della speranza verso quel simpaticone di padre pio. Non so come mai mi confidasse quel peso che tanto aveva portato dentro, ma, in parole povere, lei cercava il miracolo per un figlio malato di meningite e morto dopo 13 mesi di dolori atroci. Quello che sarebbe potuto essere mio zio aveva 12 anni al momento della dipartita. Per farla breve il pio fraticello disse pi\u00f9 o meno: \u00abCazzi tuoi\u00bb.<\/p>\n<p>Ci sono stati molti altri esempi nella mia vita di \u00abbont\u00e0\u00bb divina. Non ultimo la morte di mio marito, dopo aver combattuto tre tumori. Manco fosse stato Attila in un&#8217;altra vita.<\/p>\n<p>Quindi, per finire questa mia piccola confidenza, sposata in comune, con un figlio nato felicemente ateo e mantenuto tale e una nuora sulla via dello sbattezzo.<\/p>\n<p><strong>Genni<\/strong><\/p>\n<p>P.S.: Ci\u00f2 che \u00e8 scritto in minuscolo \u00e8 volutamente lasciato cos\u00ec per motivi di scarsa importanza.<\/p>\n<p>Vuoi raccontare anche tu la tua Storia per \u00abIo senza Dio\u00bb? Spediscila a L&#8217;Eterno Assente, ma prima consulta il <a href=\"https:\/\/www.leternoassente.com\/?page_id=4429\" target=\"_blank\" rel=\"noopener noreferrer\">Regolamento<\/a><\/p>\n<p><a href=\"https:\/\/www.leternoassente.com\/?page_id=4502\" target=\"_blank\" rel=\"noopener noreferrer\">Tutte le Storie di \u00abIo senza Dio\u00bb<\/a><\/p>\n<hr>\n<p><em>Qui sotto trovi la possibilit\u00e0 di commentare quest&#8217;articolo. Per farlo, devi<br \/>\n1. confermare che sei ateo\/a,<br \/>\n2. essere consapevole che, se menti, stai commettendo il gravissimo peccato di apostasia,<br \/>\n3. aspettare che il commento sia approvato dall&#8217;admin.<br \/>\nL&#8217;approvazione dei commenti dipende dall&#8217;insindacabile e inappellabile giudizio dell&#8217;admin. Se vuoi saperne di pi\u00f9 a proposito dei commenti, puoi consultare le <a href=\"http:\/\/www.leternoassente.com\/?page_id=957#nocomment\" target=\"_blank\" rel=\"noopener noreferrer\">FAQ<\/a>.<br \/>\nInoltre puoi commentare gli articoli e i post nel <a href=\"https:\/\/www.facebook.com\/groups\/eternoassente\/\" target=\"_blank\" rel=\"noopener noreferrer\">Gruppo Facebook de L&#8217;Eterno Assente<\/a>, se ti iscrivi al Gruppo dopo aver risposto a una semplice domanda.<\/em><\/p>\n","protected":false},"excerpt":{"rendered":"<p>Genni racconta la propria Storia per \u00abIo senza Dio\u00bb. A un certo un punto della mia infanzia hanno cambiato il mio stato da atea a cattolica di santa romana chiesa. Non ne ho oggettivamente un gran ricordo. Quello che per\u00f2 &hellip; <a href=\"https:\/\/www.leternoassente.com\/?page_id=4757\">Continua a leggere<span class=\"meta-nav\">&rarr;<\/span><\/a><\/p>\n","protected":false},"author":1,"featured_media":3299,"parent":4502,"menu_order":0,"comment_status":"open","ping_status":"closed","template":"","meta":{"footnotes":""},"class_list":["post-4757","page","type-page","status-publish","has-post-thumbnail","hentry"],"yoast_head":"<!-- This site is optimized with the Yoast SEO plugin v25.6 - https:\/\/yoast.com\/wordpress\/plugins\/seo\/ -->\n<title>\u00abBont\u00e0\u00bb divina - L&#039;Eterno Assente<\/title>\n<meta name=\"description\" content=\"Genni racconta la propria Storia per \u00abIo senza Dio\u00bb.\" \/>\n<meta name=\"robots\" content=\"index, follow, max-snippet:-1, max-image-preview:large, max-video-preview:-1\" \/>\n<link rel=\"canonical\" href=\"https:\/\/www.leternoassente.com\/?page_id=4757\" \/>\n<meta property=\"og:locale\" content=\"it_IT\" \/>\n<meta property=\"og:type\" content=\"article\" \/>\n<meta property=\"og:title\" content=\"\u00abBont\u00e0\u00bb divina - L&#039;Eterno Assente\" \/>\n<meta property=\"og:description\" content=\"Genni racconta la propria Storia per \u00abIo senza Dio\u00bb.\" \/>\n<meta property=\"og:url\" content=\"https:\/\/www.leternoassente.com\/?page_id=4757\" \/>\n<meta property=\"og:site_name\" content=\"L&#039;Eterno Assente\" \/>\n<meta property=\"article:modified_time\" content=\"2022-12-05T12:02:25+00:00\" \/>\n<meta property=\"og:image\" content=\"https:\/\/www.leternoassente.com\/wp-content\/uploads\/2020\/04\/iosenzadio4seo.jpg\" \/>\n\t<meta property=\"og:image:width\" content=\"1200\" \/>\n\t<meta property=\"og:image:height\" content=\"630\" \/>\n\t<meta property=\"og:image:type\" content=\"image\/jpeg\" \/>\n<meta name=\"twitter:card\" content=\"summary_large_image\" \/>\n<meta name=\"twitter:site\" content=\"@leternoassente\" \/>\n<meta name=\"twitter:label1\" content=\"Tempo di lettura stimato\" \/>\n\t<meta name=\"twitter:data1\" content=\"3 minuti\" \/>\n<script type=\"application\/ld+json\" class=\"yoast-schema-graph\">{\"@context\":\"https:\/\/schema.org\",\"@graph\":[{\"@type\":\"WebPage\",\"@id\":\"https:\/\/www.leternoassente.com\/?page_id=4757\",\"url\":\"https:\/\/www.leternoassente.com\/?page_id=4757\",\"name\":\"\u00abBont\u00e0\u00bb divina - L&#039;Eterno Assente\",\"isPartOf\":{\"@id\":\"https:\/\/www.leternoassente.com\/#website\"},\"primaryImageOfPage\":{\"@id\":\"https:\/\/www.leternoassente.com\/?page_id=4757#primaryimage\"},\"image\":{\"@id\":\"https:\/\/www.leternoassente.com\/?page_id=4757#primaryimage\"},\"thumbnailUrl\":\"https:\/\/www.leternoassente.com\/wp-content\/uploads\/2020\/04\/iosenzadio4.jpg\",\"datePublished\":\"2021-12-14T06:43:37+00:00\",\"dateModified\":\"2022-12-05T12:02:25+00:00\",\"description\":\"Genni racconta la propria Storia per \u00abIo senza Dio\u00bb.\",\"breadcrumb\":{\"@id\":\"https:\/\/www.leternoassente.com\/?page_id=4757#breadcrumb\"},\"inLanguage\":\"it-IT\",\"potentialAction\":[{\"@type\":\"ReadAction\",\"target\":[\"https:\/\/www.leternoassente.com\/?page_id=4757\"]}]},{\"@type\":\"ImageObject\",\"inLanguage\":\"it-IT\",\"@id\":\"https:\/\/www.leternoassente.com\/?page_id=4757#primaryimage\",\"url\":\"https:\/\/www.leternoassente.com\/wp-content\/uploads\/2020\/04\/iosenzadio4.jpg\",\"contentUrl\":\"https:\/\/www.leternoassente.com\/wp-content\/uploads\/2020\/04\/iosenzadio4.jpg\",\"width\":1500,\"height\":434},{\"@type\":\"BreadcrumbList\",\"@id\":\"https:\/\/www.leternoassente.com\/?page_id=4757#breadcrumb\",\"itemListElement\":[{\"@type\":\"ListItem\",\"position\":1,\"name\":\"Home\",\"item\":\"https:\/\/www.leternoassente.com\/\"},{\"@type\":\"ListItem\",\"position\":2,\"name\":\"\u00abIo senza Dio\u00bb \u2013 Storie\",\"item\":\"https:\/\/www.leternoassente.com\/?page_id=4502\"},{\"@type\":\"ListItem\",\"position\":3,\"name\":\"\u00abBont\u00e0\u00bb divina\"}]},{\"@type\":\"WebSite\",\"@id\":\"https:\/\/www.leternoassente.com\/#website\",\"url\":\"https:\/\/www.leternoassente.com\/\",\"name\":\"L&#039;Eterno Assente\",\"description\":\"Dio, la vita, il senso e altre cazzate\",\"publisher\":{\"@id\":\"https:\/\/www.leternoassente.com\/#\/schema\/person\/d2069751871fcdb89a30a0775f4170f9\"},\"potentialAction\":[{\"@type\":\"SearchAction\",\"target\":{\"@type\":\"EntryPoint\",\"urlTemplate\":\"https:\/\/www.leternoassente.com\/?s={search_term_string}\"},\"query-input\":{\"@type\":\"PropertyValueSpecification\",\"valueRequired\":true,\"valueName\":\"search_term_string\"}}],\"inLanguage\":\"it-IT\"},{\"@type\":[\"Person\",\"Organization\"],\"@id\":\"https:\/\/www.leternoassente.com\/#\/schema\/person\/d2069751871fcdb89a30a0775f4170f9\",\"name\":\"Choam Goldberg\",\"image\":{\"@type\":\"ImageObject\",\"inLanguage\":\"it-IT\",\"@id\":\"https:\/\/www.leternoassente.com\/#\/schema\/person\/image\/\",\"url\":\"https:\/\/secure.gravatar.com\/avatar\/63d2c9f25f05d3da5001f2898f6fc9cd?s=96&d=wavatar&r=g\",\"contentUrl\":\"https:\/\/secure.gravatar.com\/avatar\/63d2c9f25f05d3da5001f2898f6fc9cd?s=96&d=wavatar&r=g\",\"caption\":\"Choam Goldberg\"},\"logo\":{\"@id\":\"https:\/\/www.leternoassente.com\/#\/schema\/person\/image\/\"},\"description\":\"Contemplata la vastit\u00e0 del cazzo che gliene frega e raggiunta l\u2019atarass\u00eca, Choam Goldberg pratica nondimeno l'antica, dilettevole e nobile arte di demolire le credenze dei\u00a0beoti e degli insipienti.\",\"sameAs\":[\"http:\/\/www.leternoassente.com\"]}]}<\/script>\n<!-- \/ Yoast SEO plugin. -->","yoast_head_json":{"title":"\u00abBont\u00e0\u00bb divina - L&#039;Eterno Assente","description":"Genni racconta la propria Storia per \u00abIo senza Dio\u00bb.","robots":{"index":"index","follow":"follow","max-snippet":"max-snippet:-1","max-image-preview":"max-image-preview:large","max-video-preview":"max-video-preview:-1"},"canonical":"https:\/\/www.leternoassente.com\/?page_id=4757","og_locale":"it_IT","og_type":"article","og_title":"\u00abBont\u00e0\u00bb divina - L&#039;Eterno Assente","og_description":"Genni racconta la propria Storia per \u00abIo senza Dio\u00bb.","og_url":"https:\/\/www.leternoassente.com\/?page_id=4757","og_site_name":"L&#039;Eterno Assente","article_modified_time":"2022-12-05T12:02:25+00:00","og_image":[{"width":1200,"height":630,"url":"https:\/\/www.leternoassente.com\/wp-content\/uploads\/2020\/04\/iosenzadio4seo.jpg","type":"image\/jpeg"}],"twitter_card":"summary_large_image","twitter_site":"@leternoassente","twitter_misc":{"Tempo di lettura stimato":"3 minuti"},"schema":{"@context":"https:\/\/schema.org","@graph":[{"@type":"WebPage","@id":"https:\/\/www.leternoassente.com\/?page_id=4757","url":"https:\/\/www.leternoassente.com\/?page_id=4757","name":"\u00abBont\u00e0\u00bb divina - L&#039;Eterno Assente","isPartOf":{"@id":"https:\/\/www.leternoassente.com\/#website"},"primaryImageOfPage":{"@id":"https:\/\/www.leternoassente.com\/?page_id=4757#primaryimage"},"image":{"@id":"https:\/\/www.leternoassente.com\/?page_id=4757#primaryimage"},"thumbnailUrl":"https:\/\/www.leternoassente.com\/wp-content\/uploads\/2020\/04\/iosenzadio4.jpg","datePublished":"2021-12-14T06:43:37+00:00","dateModified":"2022-12-05T12:02:25+00:00","description":"Genni racconta la propria Storia per \u00abIo senza Dio\u00bb.","breadcrumb":{"@id":"https:\/\/www.leternoassente.com\/?page_id=4757#breadcrumb"},"inLanguage":"it-IT","potentialAction":[{"@type":"ReadAction","target":["https:\/\/www.leternoassente.com\/?page_id=4757"]}]},{"@type":"ImageObject","inLanguage":"it-IT","@id":"https:\/\/www.leternoassente.com\/?page_id=4757#primaryimage","url":"https:\/\/www.leternoassente.com\/wp-content\/uploads\/2020\/04\/iosenzadio4.jpg","contentUrl":"https:\/\/www.leternoassente.com\/wp-content\/uploads\/2020\/04\/iosenzadio4.jpg","width":1500,"height":434},{"@type":"BreadcrumbList","@id":"https:\/\/www.leternoassente.com\/?page_id=4757#breadcrumb","itemListElement":[{"@type":"ListItem","position":1,"name":"Home","item":"https:\/\/www.leternoassente.com\/"},{"@type":"ListItem","position":2,"name":"\u00abIo senza Dio\u00bb \u2013 Storie","item":"https:\/\/www.leternoassente.com\/?page_id=4502"},{"@type":"ListItem","position":3,"name":"\u00abBont\u00e0\u00bb divina"}]},{"@type":"WebSite","@id":"https:\/\/www.leternoassente.com\/#website","url":"https:\/\/www.leternoassente.com\/","name":"L&#039;Eterno Assente","description":"Dio, la vita, il senso e altre cazzate","publisher":{"@id":"https:\/\/www.leternoassente.com\/#\/schema\/person\/d2069751871fcdb89a30a0775f4170f9"},"potentialAction":[{"@type":"SearchAction","target":{"@type":"EntryPoint","urlTemplate":"https:\/\/www.leternoassente.com\/?s={search_term_string}"},"query-input":{"@type":"PropertyValueSpecification","valueRequired":true,"valueName":"search_term_string"}}],"inLanguage":"it-IT"},{"@type":["Person","Organization"],"@id":"https:\/\/www.leternoassente.com\/#\/schema\/person\/d2069751871fcdb89a30a0775f4170f9","name":"Choam Goldberg","image":{"@type":"ImageObject","inLanguage":"it-IT","@id":"https:\/\/www.leternoassente.com\/#\/schema\/person\/image\/","url":"https:\/\/secure.gravatar.com\/avatar\/63d2c9f25f05d3da5001f2898f6fc9cd?s=96&d=wavatar&r=g","contentUrl":"https:\/\/secure.gravatar.com\/avatar\/63d2c9f25f05d3da5001f2898f6fc9cd?s=96&d=wavatar&r=g","caption":"Choam Goldberg"},"logo":{"@id":"https:\/\/www.leternoassente.com\/#\/schema\/person\/image\/"},"description":"Contemplata la vastit\u00e0 del cazzo che gliene frega e raggiunta l\u2019atarass\u00eca, Choam Goldberg pratica nondimeno l'antica, dilettevole e nobile arte di demolire le credenze dei\u00a0beoti e degli insipienti.","sameAs":["http:\/\/www.leternoassente.com"]}]}},"_links":{"self":[{"href":"https:\/\/www.leternoassente.com\/index.php?rest_route=\/wp\/v2\/pages\/4757"}],"collection":[{"href":"https:\/\/www.leternoassente.com\/index.php?rest_route=\/wp\/v2\/pages"}],"about":[{"href":"https:\/\/www.leternoassente.com\/index.php?rest_route=\/wp\/v2\/types\/page"}],"author":[{"embeddable":true,"href":"https:\/\/www.leternoassente.com\/index.php?rest_route=\/wp\/v2\/users\/1"}],"replies":[{"embeddable":true,"href":"https:\/\/www.leternoassente.com\/index.php?rest_route=%2Fwp%2Fv2%2Fcomments&post=4757"}],"version-history":[{"count":1,"href":"https:\/\/www.leternoassente.com\/index.php?rest_route=\/wp\/v2\/pages\/4757\/revisions"}],"predecessor-version":[{"id":4758,"href":"https:\/\/www.leternoassente.com\/index.php?rest_route=\/wp\/v2\/pages\/4757\/revisions\/4758"}],"up":[{"embeddable":true,"href":"https:\/\/www.leternoassente.com\/index.php?rest_route=\/wp\/v2\/pages\/4502"}],"wp:featuredmedia":[{"embeddable":true,"href":"https:\/\/www.leternoassente.com\/index.php?rest_route=\/wp\/v2\/media\/3299"}],"wp:attachment":[{"href":"https:\/\/www.leternoassente.com\/index.php?rest_route=%2Fwp%2Fv2%2Fmedia&parent=4757"}],"curies":[{"name":"wp","href":"https:\/\/api.w.org\/{rel}","templated":true}]}}