{"id":6714,"date":"2024-09-09T13:39:12","date_gmt":"2024-09-09T11:39:12","guid":{"rendered":"https:\/\/www.leternoassente.com\/?page_id=6714"},"modified":"2024-09-09T21:53:40","modified_gmt":"2024-09-09T19:53:40","slug":"la-valanga","status":"publish","type":"page","link":"https:\/\/www.leternoassente.com\/?page_id=6714","title":{"rendered":"La valanga"},"content":{"rendered":"<p><strong>Patta racconta la propria Storia per \u00abIo senza Dio\u00bb.<\/strong><\/p>\n<hr>\n<p>Questa \u00e8 la storia di come mi sono emancipato dalla religione, di come ho sconfitto la dissonanza cognitiva e di come mi sono liberato di quella vocina che, da tempo, urlava che il re \u00e8 nudo.<\/p>\n<p>Mi sono fatto l&#8217;idea che per alcune persone questo sia un percorso sofferto, perch\u00e9 costringe a rimettere in discussione il proprio credo, mentre per altre sia una liberazione da tante ansie irrazionali, che porta infine a una maggiore serenit\u00e0. Io appartengo al secondo gruppo.<\/p>\n<p>La mia \u00e8 stata un&#8217;infanzia felice, priva di particolari eventi traumatici. Come tanti italiani della mia generazione, ho ricevuto un&#8217;educazione religiosa in una fase della vita in cui non ci si pongono grosse domande. Non sono mai stato un super religioso, n\u00e9 il tipo di personaggio che canta canzoni imbarazzanti in chiesa, va a vedere il Papa o frequenta assiduamente la parrocchia. Tuttavia posso dire di essere pi\u00f9 ferrato del credente medio sulla dottrina cattolica. Ad esempio sapevo il significato di \u00abtransustanziazione\u00bb ben prima di divenire ateo.<\/p>\n<p>Posso dire di essere mai stato credente?<\/p>\n<p>Dal punto di vista religioso, la figura materna \u00e8 stata molto influente. A un certo punto mia madre abbocc\u00f2 all&#8217;amo delle apparizioni mariane e da quel momento mi trasmise un senso di inquietudine legato alla religiosit\u00e0. Un essere soprannaturale viene ad avvisare l&#8217;umanit\u00e0 di terribili catastrofi e punizioni divine. Il tempo dei segreti \u00e8 vicino. Conversione e preghiera per scongiurare le terribili cose che devono accadere. Se non lo fai, finirai un giorno per pentirti di non aver fatto qualcosa finch\u00e9 si poteva.<\/p>\n<p>Sicuramente ho avuto dei periodi in cui questo mi ha portato a un certo fervore. Eppure, se mi avessero chiesto se credessi in Dio, avrei dovuto sforzarmi per rispondere di s\u00ec. Credevo come un bambino che si fida di quel che crede la mamma, ma con una sfumatura di timore. La mia adolescenza non \u00e8 stata caratterizzata da una forte ribellione, e non ho mai messo in discussione un granch\u00e9 di quello che avevo accettato passivamente nell&#8217;infanzia.<\/p>\n<p>Ho un ricordo ben definito, risalente alla mia tarda adolescenza: stavo leggendo \u00abIl Signore degli Anelli\u00bb, inquieto all&#8217;idea che qualcosa di terribile stesse per succedere. Ricordo di aver pregato di riuscire a terminare il libro prima che&#8230; gi\u00e0, prima che cosa?<\/p>\n<p>Al di fuori di questa situazione di disagio, la mia vita era quella di uno studente promettente. Finite le scuole Superiori, frequentai un&#8217;universit\u00e0 scientifica, lontano dallo sbraitare di Padre Livio alla radio e dai continui discorsi di politica fascistoide, per i quali provavo un certo fastidio. Mescolando scienza e buonumore, non pensavo certo all&#8217;apocalisse, ma purtroppo non posso neanche dire di aver acquisito l&#8217;attitudine al pensiero critico. A posteriori ritengo che sarebbe stato utile un corso sul metodo scientifico: forse mi avrebbe aiutato a uscirne prima.<\/p>\n<p>Fresco di laurea, decisi di trasferirmi all&#8217;estero per lavoro, allontanandomi ulteriormente dalle influenze materne. Trovai supporto nella comunit\u00e0 cattolica italiana, dunque continuai a frequentare la Chiesa, sia come forma di socializzazione sia come attivit\u00e0 che \u00e8 giusto svolgere, ma sempre senza pormi grandi domande sul senso di quello che facevo.<\/p>\n<p>Un giorno mi fu proposto di fare il catechista, ruolo che accettai con riluttanza, considerandolo una responsabilit\u00e0. Paradossalmente \u2013 ma forse non tanto \u2013 da quel momento iniziarono i miei primi dubbi. Nel prepararmi adottai il rigore che riservo all&#8217;ambito professionale, cos\u00ec mi accorsi di inconsistenze, definizioni circolari e altri papocchi che affliggono la dottrina. Dottrina su cui peraltro il materiale didattico glissa clamorosamente. Alle mie domande per email, volte a capire il significato di certe cose \u2013 ad esempio, che cosa significa che lo Spirito Santo procede dal Padre? \u2013, il sacerdote rispondeva con elaborati giri di parole che mi lasciavano insoddisfatto. Oggi li definirei supercazzole.<\/p>\n<p>Nel contempo sentivo la necessit\u00e0 di coerenza con quanto insegnavo. Tentai di avere una vita pi\u00f9 casta, finendo per chiedermi perch\u00e9 Dio mi avesse creato con delle pulsioni sessuali che poi non mi era permesso esprimere. Da l\u00ec per estensione tante altre domande scomode. In tutto ci\u00f2 per\u00f2 non avevo ancora mangiato la foglia.<\/p>\n<p>Poi per\u00f2 arriv\u00f2 il covid-19. Dall&#8217;estero non vissi l&#8217;isteria di massa che ha colpito l&#8217;Italia, ma potei constatare il disagio del complottismo. Le iniezioni di ansiogeni materni, che nella mia lontananza non erano cessate ma avevano preso la forma di messaggi WhatsApp, raggiunsero un nuovo livello di follia.<\/p>\n<p>A quel punto avvertivo un fastidio acceso nei confronti dei copia&amp;incolla di stampo religioso\/politico\/complottista. Provo imbarazzo e rabbia nell&#8217;ammettere che ero ancora sotto l&#8217;influsso di quella ridicola paura di fantomatici ammonimenti celesti, cos\u00ec convenientemente generici, e mi sforzavo di trovare argomenti razionali contro le ovvie fanfaluche.<\/p>\n<p>Quando fu di nuovo possibile rientrare in Italia, mi resi conto che la situazione era degenerata. In casa si parlava solo di vaccini, microchip satanici, complotti per sabotare il cristianesimo, naturalmente tutto avallato da presunte apparizioni che avrebbero previsto questo e quello. Ma ormai ero molto incline allo scetticismo e, deciso ad andare a fondo della questione, mi imbattei nel blog di Marco Corvaglia.<\/p>\n<p>Da l\u00ec part\u00ec la valanga. Infatti, quando si inizia a trovare il coraggio per mettere in discussione ci\u00f2 che \u00e8 ammantato di sacralit\u00e0, in un batter d&#8217;occhio nulla sta pi\u00f9 in piedi.<\/p>\n<p>La mia decostruzione dell&#8217;indottrinamento inizi\u00f2 nella primavera del 2022. Sulle prime la vivevo come se qualcosa si fosse rotto in me e provavo il desiderio di confrontarmi con chi mi stava accanto. Credo di aver avuto un assaggio del dramma che vive chi vorrebbe fare coming out.<br \/>\nQualche tempo dopo \u2013 non ricordo attraverso quali dinamiche \u2013 conobbi il canale YouTube di Padre Kayn, che mi aiut\u00f2 molto a prendere la religione con la dovuta seriet\u00e0: nessuna. Iniziai ad ascoltare avidamente vari contenuti sul tema. L&#8217;Eterno Assente mi forn\u00ec innumerevoli spunti di riflessione, che mi sarebbero stati utili in seguito per difendere la mia posizione: una fase ingiustamente necessaria di questo percorso.<\/p>\n<p>Come forse sar\u00e0 chiaro dal contesto, io non sono mai stato una persona particolarmente incline alla spiritualit\u00e0 n\u00e9 all&#8217;interrogazione sul senso della vita, ma ho ricevuto un&#8217;educazione religiosa piuttosto robusta, sebbene distorta dalla lente confessionale. Ho trovato estremamente interessanti i contenuti proposti da Bart Ehrman, che mi hanno consentito di capire l&#8217;origine delle narrative alla base del cristianesimo.<\/p>\n<p>Con il tempo \u00e8 diventato palese anche per chi mi circonda che qualcosa in me \u00e8 cambiato. Naturalmente ho dovuto sostenere alcune scaramucce in famiglia, anche recenti, visto che \u00e8 impossibile per mia madre non ficcarci il naso. Pur mantenendo la mia posizione \u2013 non che io possa o voglia tornare indietro \u2013, cerco di tenere presente che per una madre credente l&#8217;idea che il figlio possa finire tra i dannati \u00e8 a sua volta una dannazione. Per inciso, mi fa davvero schifo come il cristianesimo giochi pesantemente sul tenere all&#8217;amo i credenti con la minaccia della dannazione eterna. Poco conta che oggi si indori la pillola con la supercazzola della \u00ablontananza da Dio\u00bb.<\/p>\n<p>Invece apprezzo infinitamente il rispetto che mia moglie mi porta, in quella che probabilmente lei reputa una semplice crisi di fede. Vorrei poterle parlare del mio percorso, non con il fine di deconvertirla ma per onest\u00e0 e trasparenza. Tastando il terreno trovo per\u00f2 una certa resistenza, per cui dovr\u00f2 aspettare, pur senza compromettere la mia coerenza.<\/p>\n<p>In conclusione, eccomi qui. Non sono certo un ateo militante, ma sicuramente un ateo convinto. Agnostico (non so se c&#8217;\u00e8 un essere superiore), ateo (non credo in alcuna divinit\u00e0) e largamente scettico verso ogni presunta manifestazione di sovrannaturale. Non mi interrogo sul senso della vita, temo la sofferenza ma non la morte, esercito empatia. E sorrido.<\/p>\n<p>Ramen.<\/p>\n<p><strong>Patta<\/strong><\/p>\n<p>Vuoi raccontare anche tu la tua Storia per \u00abIo senza Dio\u00bb? Spediscila a L&#8217;Eterno Assente, ma prima consulta il <a href=\"https:\/\/www.leternoassente.com\/?page_id=4429\" target=\"_blank\" rel=\"noopener noreferrer\">Regolamento<\/a><\/p>\n<p><a href=\"https:\/\/www.leternoassente.com\/?page_id=4502\" target=\"_blank\" rel=\"noopener noreferrer\">Tutte le Storie di \u00abIo senza Dio\u00bb<\/a><\/p>\n<hr>\n<p><em>Qui sotto trovi la possibilit\u00e0 di commentare quest&#8217;articolo. Per farlo, devi<br \/>\n1. confermare che sei ateo\/a,<br \/>\n2. essere consapevole che, se menti, stai commettendo il gravissimo peccato di apostasia,<br \/>\n3. aspettare che il commento sia approvato dall&#8217;admin.<br \/>\nL&#8217;approvazione dei commenti dipende dall&#8217;insindacabile e inappellabile giudizio dell&#8217;admin. Se vuoi saperne di pi\u00f9 a proposito dei commenti, puoi consultare le <a href=\"http:\/\/www.leternoassente.com\/?page_id=957#nocomment\" target=\"_blank\" rel=\"noopener noreferrer\">FAQ<\/a>.<br \/>\nInoltre puoi commentare gli articoli e i post nel <a href=\"https:\/\/www.facebook.com\/groups\/eternoassente\/\" target=\"_blank\" rel=\"noopener noreferrer\">Gruppo Facebook de L&#8217;Eterno Assente<\/a>, se ti iscrivi al Gruppo dopo aver risposto a una semplice domanda.<\/em><\/p>\n","protected":false},"excerpt":{"rendered":"<p>Patta racconta la propria Storia per \u00abIo senza Dio\u00bb. Questa \u00e8 la storia di come mi sono emancipato dalla religione, di come ho sconfitto la dissonanza cognitiva e di come mi sono liberato di quella vocina che, da tempo, urlava &hellip; <a href=\"https:\/\/www.leternoassente.com\/?page_id=6714\">Continua a leggere<span class=\"meta-nav\">&rarr;<\/span><\/a><\/p>\n","protected":false},"author":1,"featured_media":3299,"parent":4502,"menu_order":0,"comment_status":"open","ping_status":"closed","template":"","meta":{"footnotes":""},"class_list":["post-6714","page","type-page","status-publish","has-post-thumbnail","hentry"],"yoast_head":"<!-- This site is optimized with the Yoast SEO plugin v25.6 - https:\/\/yoast.com\/wordpress\/plugins\/seo\/ -->\n<title>La valanga - L&#039;Eterno Assente<\/title>\n<meta name=\"description\" content=\"Patta racconta la propria Storia per \u00abIo senza Dio\u00bb.\" \/>\n<meta name=\"robots\" content=\"index, follow, max-snippet:-1, max-image-preview:large, max-video-preview:-1\" \/>\n<link rel=\"canonical\" href=\"https:\/\/www.leternoassente.com\/?page_id=6714\" \/>\n<meta property=\"og:locale\" content=\"it_IT\" \/>\n<meta property=\"og:type\" content=\"article\" \/>\n<meta property=\"og:title\" content=\"La valanga - L&#039;Eterno Assente\" \/>\n<meta property=\"og:description\" content=\"Patta racconta la propria Storia per \u00abIo senza Dio\u00bb.\" \/>\n<meta property=\"og:url\" content=\"https:\/\/www.leternoassente.com\/?page_id=6714\" \/>\n<meta property=\"og:site_name\" content=\"L&#039;Eterno Assente\" \/>\n<meta property=\"article:modified_time\" content=\"2024-09-09T19:53:40+00:00\" \/>\n<meta property=\"og:image\" content=\"https:\/\/www.leternoassente.com\/wp-content\/uploads\/2020\/04\/iosenzadio4seo.jpg\" \/>\n\t<meta property=\"og:image:width\" content=\"1200\" \/>\n\t<meta property=\"og:image:height\" content=\"630\" \/>\n\t<meta property=\"og:image:type\" content=\"image\/jpeg\" \/>\n<meta name=\"twitter:card\" content=\"summary_large_image\" \/>\n<meta name=\"twitter:site\" content=\"@leternoassente\" \/>\n<meta name=\"twitter:label1\" content=\"Tempo di lettura stimato\" \/>\n\t<meta name=\"twitter:data1\" content=\"8 minuti\" \/>\n<script type=\"application\/ld+json\" class=\"yoast-schema-graph\">{\"@context\":\"https:\/\/schema.org\",\"@graph\":[{\"@type\":\"WebPage\",\"@id\":\"https:\/\/www.leternoassente.com\/?page_id=6714\",\"url\":\"https:\/\/www.leternoassente.com\/?page_id=6714\",\"name\":\"La valanga - L&#039;Eterno Assente\",\"isPartOf\":{\"@id\":\"https:\/\/www.leternoassente.com\/#website\"},\"primaryImageOfPage\":{\"@id\":\"https:\/\/www.leternoassente.com\/?page_id=6714#primaryimage\"},\"image\":{\"@id\":\"https:\/\/www.leternoassente.com\/?page_id=6714#primaryimage\"},\"thumbnailUrl\":\"https:\/\/www.leternoassente.com\/wp-content\/uploads\/2020\/04\/iosenzadio4.jpg\",\"datePublished\":\"2024-09-09T11:39:12+00:00\",\"dateModified\":\"2024-09-09T19:53:40+00:00\",\"description\":\"Patta racconta la propria Storia per \u00abIo senza Dio\u00bb.\",\"breadcrumb\":{\"@id\":\"https:\/\/www.leternoassente.com\/?page_id=6714#breadcrumb\"},\"inLanguage\":\"it-IT\",\"potentialAction\":[{\"@type\":\"ReadAction\",\"target\":[\"https:\/\/www.leternoassente.com\/?page_id=6714\"]}]},{\"@type\":\"ImageObject\",\"inLanguage\":\"it-IT\",\"@id\":\"https:\/\/www.leternoassente.com\/?page_id=6714#primaryimage\",\"url\":\"https:\/\/www.leternoassente.com\/wp-content\/uploads\/2020\/04\/iosenzadio4.jpg\",\"contentUrl\":\"https:\/\/www.leternoassente.com\/wp-content\/uploads\/2020\/04\/iosenzadio4.jpg\",\"width\":1500,\"height\":434},{\"@type\":\"BreadcrumbList\",\"@id\":\"https:\/\/www.leternoassente.com\/?page_id=6714#breadcrumb\",\"itemListElement\":[{\"@type\":\"ListItem\",\"position\":1,\"name\":\"Home\",\"item\":\"https:\/\/www.leternoassente.com\/\"},{\"@type\":\"ListItem\",\"position\":2,\"name\":\"\u00abIo senza Dio\u00bb \u2013 Storie\",\"item\":\"https:\/\/www.leternoassente.com\/?page_id=4502\"},{\"@type\":\"ListItem\",\"position\":3,\"name\":\"La valanga\"}]},{\"@type\":\"WebSite\",\"@id\":\"https:\/\/www.leternoassente.com\/#website\",\"url\":\"https:\/\/www.leternoassente.com\/\",\"name\":\"L&#039;Eterno Assente\",\"description\":\"Dio, la vita, il senso e altre cazzate\",\"publisher\":{\"@id\":\"https:\/\/www.leternoassente.com\/#\/schema\/person\/d2069751871fcdb89a30a0775f4170f9\"},\"potentialAction\":[{\"@type\":\"SearchAction\",\"target\":{\"@type\":\"EntryPoint\",\"urlTemplate\":\"https:\/\/www.leternoassente.com\/?s={search_term_string}\"},\"query-input\":{\"@type\":\"PropertyValueSpecification\",\"valueRequired\":true,\"valueName\":\"search_term_string\"}}],\"inLanguage\":\"it-IT\"},{\"@type\":[\"Person\",\"Organization\"],\"@id\":\"https:\/\/www.leternoassente.com\/#\/schema\/person\/d2069751871fcdb89a30a0775f4170f9\",\"name\":\"Choam Goldberg\",\"image\":{\"@type\":\"ImageObject\",\"inLanguage\":\"it-IT\",\"@id\":\"https:\/\/www.leternoassente.com\/#\/schema\/person\/image\/\",\"url\":\"https:\/\/secure.gravatar.com\/avatar\/63d2c9f25f05d3da5001f2898f6fc9cd?s=96&d=wavatar&r=g\",\"contentUrl\":\"https:\/\/secure.gravatar.com\/avatar\/63d2c9f25f05d3da5001f2898f6fc9cd?s=96&d=wavatar&r=g\",\"caption\":\"Choam Goldberg\"},\"logo\":{\"@id\":\"https:\/\/www.leternoassente.com\/#\/schema\/person\/image\/\"},\"description\":\"Contemplata la vastit\u00e0 del cazzo che gliene frega e raggiunta l\u2019atarass\u00eca, Choam Goldberg pratica nondimeno l'antica, dilettevole e nobile arte di demolire le credenze dei\u00a0beoti e degli insipienti.\",\"sameAs\":[\"http:\/\/www.leternoassente.com\"]}]}<\/script>\n<!-- \/ Yoast SEO plugin. -->","yoast_head_json":{"title":"La valanga - L&#039;Eterno Assente","description":"Patta racconta la propria Storia per \u00abIo senza Dio\u00bb.","robots":{"index":"index","follow":"follow","max-snippet":"max-snippet:-1","max-image-preview":"max-image-preview:large","max-video-preview":"max-video-preview:-1"},"canonical":"https:\/\/www.leternoassente.com\/?page_id=6714","og_locale":"it_IT","og_type":"article","og_title":"La valanga - L&#039;Eterno Assente","og_description":"Patta racconta la propria Storia per \u00abIo senza Dio\u00bb.","og_url":"https:\/\/www.leternoassente.com\/?page_id=6714","og_site_name":"L&#039;Eterno Assente","article_modified_time":"2024-09-09T19:53:40+00:00","og_image":[{"width":1200,"height":630,"url":"https:\/\/www.leternoassente.com\/wp-content\/uploads\/2020\/04\/iosenzadio4seo.jpg","type":"image\/jpeg"}],"twitter_card":"summary_large_image","twitter_site":"@leternoassente","twitter_misc":{"Tempo di lettura stimato":"8 minuti"},"schema":{"@context":"https:\/\/schema.org","@graph":[{"@type":"WebPage","@id":"https:\/\/www.leternoassente.com\/?page_id=6714","url":"https:\/\/www.leternoassente.com\/?page_id=6714","name":"La valanga - L&#039;Eterno Assente","isPartOf":{"@id":"https:\/\/www.leternoassente.com\/#website"},"primaryImageOfPage":{"@id":"https:\/\/www.leternoassente.com\/?page_id=6714#primaryimage"},"image":{"@id":"https:\/\/www.leternoassente.com\/?page_id=6714#primaryimage"},"thumbnailUrl":"https:\/\/www.leternoassente.com\/wp-content\/uploads\/2020\/04\/iosenzadio4.jpg","datePublished":"2024-09-09T11:39:12+00:00","dateModified":"2024-09-09T19:53:40+00:00","description":"Patta racconta la propria Storia per \u00abIo senza Dio\u00bb.","breadcrumb":{"@id":"https:\/\/www.leternoassente.com\/?page_id=6714#breadcrumb"},"inLanguage":"it-IT","potentialAction":[{"@type":"ReadAction","target":["https:\/\/www.leternoassente.com\/?page_id=6714"]}]},{"@type":"ImageObject","inLanguage":"it-IT","@id":"https:\/\/www.leternoassente.com\/?page_id=6714#primaryimage","url":"https:\/\/www.leternoassente.com\/wp-content\/uploads\/2020\/04\/iosenzadio4.jpg","contentUrl":"https:\/\/www.leternoassente.com\/wp-content\/uploads\/2020\/04\/iosenzadio4.jpg","width":1500,"height":434},{"@type":"BreadcrumbList","@id":"https:\/\/www.leternoassente.com\/?page_id=6714#breadcrumb","itemListElement":[{"@type":"ListItem","position":1,"name":"Home","item":"https:\/\/www.leternoassente.com\/"},{"@type":"ListItem","position":2,"name":"\u00abIo senza Dio\u00bb \u2013 Storie","item":"https:\/\/www.leternoassente.com\/?page_id=4502"},{"@type":"ListItem","position":3,"name":"La valanga"}]},{"@type":"WebSite","@id":"https:\/\/www.leternoassente.com\/#website","url":"https:\/\/www.leternoassente.com\/","name":"L&#039;Eterno Assente","description":"Dio, la vita, il senso e altre cazzate","publisher":{"@id":"https:\/\/www.leternoassente.com\/#\/schema\/person\/d2069751871fcdb89a30a0775f4170f9"},"potentialAction":[{"@type":"SearchAction","target":{"@type":"EntryPoint","urlTemplate":"https:\/\/www.leternoassente.com\/?s={search_term_string}"},"query-input":{"@type":"PropertyValueSpecification","valueRequired":true,"valueName":"search_term_string"}}],"inLanguage":"it-IT"},{"@type":["Person","Organization"],"@id":"https:\/\/www.leternoassente.com\/#\/schema\/person\/d2069751871fcdb89a30a0775f4170f9","name":"Choam Goldberg","image":{"@type":"ImageObject","inLanguage":"it-IT","@id":"https:\/\/www.leternoassente.com\/#\/schema\/person\/image\/","url":"https:\/\/secure.gravatar.com\/avatar\/63d2c9f25f05d3da5001f2898f6fc9cd?s=96&d=wavatar&r=g","contentUrl":"https:\/\/secure.gravatar.com\/avatar\/63d2c9f25f05d3da5001f2898f6fc9cd?s=96&d=wavatar&r=g","caption":"Choam Goldberg"},"logo":{"@id":"https:\/\/www.leternoassente.com\/#\/schema\/person\/image\/"},"description":"Contemplata la vastit\u00e0 del cazzo che gliene frega e raggiunta l\u2019atarass\u00eca, Choam Goldberg pratica nondimeno l'antica, dilettevole e nobile arte di demolire le credenze dei\u00a0beoti e degli insipienti.","sameAs":["http:\/\/www.leternoassente.com"]}]}},"_links":{"self":[{"href":"https:\/\/www.leternoassente.com\/index.php?rest_route=\/wp\/v2\/pages\/6714"}],"collection":[{"href":"https:\/\/www.leternoassente.com\/index.php?rest_route=\/wp\/v2\/pages"}],"about":[{"href":"https:\/\/www.leternoassente.com\/index.php?rest_route=\/wp\/v2\/types\/page"}],"author":[{"embeddable":true,"href":"https:\/\/www.leternoassente.com\/index.php?rest_route=\/wp\/v2\/users\/1"}],"replies":[{"embeddable":true,"href":"https:\/\/www.leternoassente.com\/index.php?rest_route=%2Fwp%2Fv2%2Fcomments&post=6714"}],"version-history":[{"count":4,"href":"https:\/\/www.leternoassente.com\/index.php?rest_route=\/wp\/v2\/pages\/6714\/revisions"}],"predecessor-version":[{"id":6724,"href":"https:\/\/www.leternoassente.com\/index.php?rest_route=\/wp\/v2\/pages\/6714\/revisions\/6724"}],"up":[{"embeddable":true,"href":"https:\/\/www.leternoassente.com\/index.php?rest_route=\/wp\/v2\/pages\/4502"}],"wp:featuredmedia":[{"embeddable":true,"href":"https:\/\/www.leternoassente.com\/index.php?rest_route=\/wp\/v2\/media\/3299"}],"wp:attachment":[{"href":"https:\/\/www.leternoassente.com\/index.php?rest_route=%2Fwp%2Fv2%2Fmedia&parent=6714"}],"curies":[{"name":"wp","href":"https:\/\/api.w.org\/{rel}","templated":true}]}}