{"id":6811,"date":"2024-11-19T09:32:23","date_gmt":"2024-11-19T08:32:23","guid":{"rendered":"https:\/\/www.leternoassente.com\/?page_id=6811"},"modified":"2025-03-14T07:49:35","modified_gmt":"2025-03-14T06:49:35","slug":"natale-2009-la-liberta","status":"publish","type":"page","link":"https:\/\/www.leternoassente.com\/?page_id=6811","title":{"rendered":"Natale 2009: la libert\u00e0"},"content":{"rendered":"<p><strong>Mora racconta la propria Storia per \u00abIo senza Dio\u00bb<\/strong><\/p>\n<hr>\n<p>La mia deconversione avvenne all&#8217;et\u00e0 di 49 anni, quasi 50, a pochi mesi dalla morte dei miei genitori. Eravamo nel 2009. Babbo morto a luglio, mamma morta ad agosto, io diventata agnostica a Natale.<\/p>\n<p>Per arrivare al momento in cui ho realizzato di non credere pi\u00f9 in nessuna religione n\u00e9 in un qualche dio, al quale segue un lungo periodo di ricerca e di riflessione che dall&#8217;iniziale agnosticismo conduce a un quasi ateismo, bisogna che dica che tipo di credente ero e poi perch\u00e9 proprio la morte non prematura dei miei cari abbia dato il colpo di grazia al castello di sabbia.<\/p>\n<p>Sono cresciuta in una famiglia non praticante e con babbo che lasciava intuire di essere ateo. Ma non saprei, perch\u00e9 in realt\u00e0 non lo ha mai detto, era solo fortemente anticlericale, questo s\u00ec. Quanto vorrei poterglielo chiedere! Ma non c&#8217;\u00e8 pi\u00f9. Comunque lui prendeva bonariamente un po&#8217; in giro la nonna (per lui suocera) bacchettona e, quando gli capitava di trovarsi in chiesa per questioni di circostanza, si metteva in disparte, magari in fondo, non pregava, non si segnava n\u00e9 faceva alcun gesto di appartenenza fideistica. Anche il nonno materno \u2013 dunque il marito della suocera di cui sopra \u2013 era ateo, in questo caso ateo dichiarato. Un uomo che si dilettava di studi scientifici, in modo particolare astronomici, pur essendo un disegnatore delle ferrovie dello Stato. Mamma non andava mai in chiesa. Quando casualmente capitava, anche lei non pregava. In casa nessuno ci ha mai parlato di divinit\u00e0 o ci ha catechizzate (siamo due sorelle). Per\u00f2 ci battezzarono e poi ci fecero frequentare una scuola salesiana, per motivi di famiglia. Infatti portavamo il cognome materno, i miei non erano sposati e babbo aveva una ex moglie con altri figli. La cosa, negli anni &#8217;60, andava nascosta, e le suore ci facevano la doppia pagella, quella ufficiale, accuratamente occultata dai miei, e quella ufficiosa, con il cognome paterno. Ecco, l\u00ec ricevetti la mia educazione religiosa, che attecch\u00ec bene in una personalit\u00e0 predisposta, forse a causa di una forte emotivit\u00e0 di base. <\/p>\n<p>Da bambina per me era facile aderire alla fede cristiana. Feci Comunione e Cresima convinta. Poi verso i 12 o 13 anni mi allontanai, ma pi\u00f9 per pigrizia che altro. Nel tempo elaborai un mio modo di credere: \u00abCredo, ma non nella Chiesa\u00bb. Tra l&#8217;altro rimasi inorridita, durante gli anni scolastici, dalle storie dell&#8217;Inquisizione, e ci\u00f2 influ\u00ec enormemente sul lungo percorso verso l&#8217;apostasia (ufficializzata nel 2017). Arrivata poi verso i 25\/26 anni, sentivo il desiderio di una comunit\u00e0 e anche di uniformarmi. Mi dissi: \u00abBeh, in fondo questo dio si sar\u00e0 rivelato nel tempo e nello spazio in millemila modi diversi, con differenti linguaggi e narrazioni, io sono in Italia, qui ci sono i cattolici, mi unisco a loro, tanto una religione vale l&#8217;altra\u00bb. Tutto comunque sempre a mio uso e consumo: Per esempio non credevo nel libero arbitrio \u2013 senza avere ancora letto nulla di neuroscienze \u2013, nell&#8217;inferno&#8230;<\/p>\n<p>Io la fede la \u00abusavo\u00bb come uno strumento qualsiasi per rispondere ai miei bisogni emotivi. La Bibbia? La lessi e mi accorsi dei passi controversi, soprattutto nell&#8217;Antico testamento, ma anche nel Nuovo (vedi Paolo e la misoginia). Senza ragionamenti particolarmente elaborati, comunque dubitai su tante cosucce che non stanno n\u00e9 in cielo n\u00e9 in terra, tipo la verginit\u00e0 di Maria o la resurrezione (s\u00ec, pure quella!). Ma continuavo ad autoilludermi, dandomi risposte simili a quelle che ogni tanto sento dagli apologeti. Le vie del Signore sono infinite, insomma. E quelle della fantasia anche di pi\u00f9.<\/p>\n<p>Le regole? Non rispettate perch\u00e9 non comprese. Parlo della sessualit\u00e0, soprattutto. Il mio secondo matrimonio fu in Chiesa, da credente, cos\u00ec credente che non volli regali: tutto devoluto ad aiuto per immigrati e a un&#8217;associazione locale che si occupa di affidi. Al prete lo dissi, che avevo rapporti sessuali prematrimoniali, perch\u00e9 mi pareva assurdo non averne. E niente, bastava confessarsi dopo pippone di rito e tornavi come nuova. Ricordo che lui insistette in modo morboso su una questione: se fossi mai ricorsa alla IVG. Forse quello sarebbe stato un peccato proprio mortale? Dopo qualche anno, nel 2000, mi separai di nuovo e nel 2005 conobbi il mio attuale marito.<\/p>\n<p>Chicca: il coniuge uscente era ateo, infatti quando ci sposammo non fece la Cresima, dopo aver frequentato il corso ed essersi accertato che non poteva credere in quella roba l\u00ec. Si ebbe quindi la dispensa del vescovo. Lui non fece la Comunione durante la cerimonia nuziale, e qualche parente critic\u00f2 la scelta \u00abperch\u00e9 le foto venivano male\u00bb: io inginocchiata in meditazione e lui in piedi, orrore! Personalmente questo gesto di rispetto lo apprezzai assai, rimanendo per\u00f2 scandalizzata da chi dimostr\u00f2, al contrario, quell&#8217;ipocrisia e quella superficialit\u00e0 che il popolo dei cattolici non manca di palesare.<\/p>\n<p>La mia nuova fiamma invece, pur essendo astronomo e del CICAP, era cattolico, ma davvero a modo suo, visto che non credeva nella vita dopo la morte, per esempio, o nella preghiera per chiedere (e ottenere). Adesso \u00e8 ateo pure lui. Non antireligioso come me, ma questa \u00e8 un&#8217;altra storia e se un giorno vorr\u00e0 ce la racconter\u00e0 lui stesso. Comunque insieme frequentavamo a Firenze una parrocchia alternativa. Mi viene da dire \u00abradical chic\u00bb, perch\u00e9 alla fin fine, se il Magistero della Chiesa dice delle robe, tu non puoi far finta di essere \u00abaccogliente\u00bb ad esempio dando la Comunione a noi che, separati o omosessuali, non rinunciamo a una sana (ma peccaminosa) vita sessuale.<\/p>\n<p>Nel 2009 morirono i miei genitori. Il fatto di poter credere che un giorno li rivedrai potrebbe anche farti rimanere attaccata alla religione. Poi c&#8217;\u00e8 anche il discorso \u00abpreghiera\u00bb, una sorta di meditazione che fa scatenare stati psichici particolari, che ti danno l&#8217;illusione di rimanere in contatto con chi non c&#8217;\u00e8 pi\u00f9. Tutto bello, se non fosse che per me l&#8217;incredulit\u00e0 nei confronti dell&#8217;intero baraccone era sempre stata latente e che le sole cose che la bloccavano erano la mia emotivit\u00e0, quella parte in me irrazionale fuori controllo, e una razionalit\u00e0 per niente coltivata. Sembra banale \u2013 e probabilmente lo \u00e8 \u2013 come ho \u00abperso\u00bb la fede. \u00abPerso\u00bb \u00e8 virgolettato perch\u00e9 secondo me non si perde proprio nulla, ma si acquista: si acquista lucidit\u00e0, senza rinunciare a quella sfera emotiva che semmai impari a conoscere, riconoscere e controllare.<\/p>\n<p>Era il periodo di Natale e non avendo pi\u00f9 i genitori pensai che sarebbe stato meglio trascorrere le feste laddove invece c&#8217;erano, cio\u00e8 in Friuli, dove entrambi i miei suoceri erano ancora vivi e vegeti (ora \u00e8 rimasta solo la mamma quasi 94enne). Grande famiglia, nel senso che mio marito ha cinque tra fratelli e sorelle, in pi\u00f9 c&#8217;erano i suoi genitori, le cognate e i cognati, i nipoti. Niente&#8230; ero un po&#8217; depressa. Tutta questa gente mi faceva sentire anche pi\u00f9 sola. Non stavo bene per nulla.<\/p>\n<p>Alla Messa di Natale all&#8217;improvviso sentii solo un gran vuoto, il vuoto di una religione che non ha da raccontarti n\u00e9 da offrirti nulla. Il vuoto lasciato dai genitori ormai morti e che non si trovano da nessuna parte: inutile girarci intorno. Solo un vuoto riempito di orpelli e falsit\u00e0 di cui non solo non avevo bisogno, ma che si rivelavano anche un disturbo, un sovrappi\u00f9 inutile, triste e fastidioso. Sentii un impulso irrefrenabile di uscire dalla chiesa. E uscii.<\/p>\n<p>Da l\u00ec un nuovo percorso, un altro capitolo della mia vita. La rielaborazione del lutto per un dio morto (e non risorto), ma che non era mai stato vivo perch\u00e9 inesistente, a differenza dei miei genitori: loro s\u00ec che erano esistiti! E come gi\u00e0 avevo fatto fin dall&#8217;inizio, a genitori appena sepolti, mi sono dedicata ai vivi, era quello che mi aiutava davvero: occuparmi dei bambini a scuola \u2013 avevo una prima elementare \u2013, ecco ci\u00f2 che mi serviva, non certo la preghiera, fin dal primo istante rivelatasi inutile.<\/p>\n<p>E comunque la prima persona viva di cui occuparsi ero io. Io senza dio. Libera.<\/p>\n<p><strong>Mora<\/strong><\/p>\n<p>Vuoi raccontare anche tu la tua Storia per \u00abIo senza Dio\u00bb? Spediscila a L&#8217;Eterno Assente, ma prima consulta il <a href=\"https:\/\/www.leternoassente.com\/?page_id=4429\" target=\"_blank\" rel=\"noopener noreferrer\">Regolamento<\/a><\/p>\n<p><a href=\"https:\/\/www.leternoassente.com\/?page_id=4502\" target=\"_blank\" rel=\"noopener noreferrer\">Tutte le Storie di \u00abIo senza Dio\u00bb<\/a><\/p>\n<hr>\n<p><em>Qui sotto trovi la possibilit\u00e0 di commentare quest&#8217;articolo. Per farlo, devi<br \/>\n1. confermare che sei ateo\/a,<br \/>\n2. essere consapevole che, se menti, stai commettendo il gravissimo peccato di apostasia,<br \/>\n3. aspettare che il commento sia approvato dall&#8217;admin.<br \/>\nL&#8217;approvazione dei commenti dipende dall&#8217;insindacabile e inappellabile giudizio dell&#8217;admin. Se vuoi saperne di pi\u00f9 a proposito dei commenti, puoi consultare le <a href=\"http:\/\/www.leternoassente.com\/?page_id=957#nocomment\" rel=\"noopener\" target=\"_blank\">FAQ<\/a>.<br \/>\nInoltre puoi commentare gli articoli e i post nel <a href=\"https:\/\/www.facebook.com\/groups\/eternoassente\/\" rel=\"noopener\" target=\"_blank\">Gruppo Facebook de L&#8217;Eterno Assente<\/a>, se ti iscrivi al Gruppo dopo aver risposto a una semplice domanda.<\/em><\/p>\n","protected":false},"excerpt":{"rendered":"<p>Mora racconta la propria Storia per \u00abIo senza Dio\u00bb La mia deconversione avvenne all&#8217;et\u00e0 di 49 anni, quasi 50, a pochi mesi dalla morte dei miei genitori. Eravamo nel 2009. Babbo morto a luglio, mamma morta ad agosto, io diventata &hellip; <a href=\"https:\/\/www.leternoassente.com\/?page_id=6811\">Continua a leggere<span class=\"meta-nav\">&rarr;<\/span><\/a><\/p>\n","protected":false},"author":1,"featured_media":3299,"parent":4502,"menu_order":0,"comment_status":"open","ping_status":"closed","template":"","meta":{"footnotes":""},"class_list":["post-6811","page","type-page","status-publish","has-post-thumbnail","hentry"],"yoast_head":"<!-- This site is optimized with the Yoast SEO plugin v25.6 - https:\/\/yoast.com\/wordpress\/plugins\/seo\/ -->\n<title>Natale 2009: la libert\u00e0 - L&#039;Eterno Assente<\/title>\n<meta name=\"description\" content=\"Mora racconta la propria Storia per \u00abIo senza Dio\u00bb\" \/>\n<meta name=\"robots\" content=\"index, follow, max-snippet:-1, max-image-preview:large, max-video-preview:-1\" \/>\n<link rel=\"canonical\" href=\"https:\/\/www.leternoassente.com\/?page_id=6811\" \/>\n<meta property=\"og:locale\" content=\"it_IT\" \/>\n<meta property=\"og:type\" content=\"article\" \/>\n<meta property=\"og:title\" content=\"Natale 2009: la libert\u00e0 - L&#039;Eterno Assente\" \/>\n<meta property=\"og:description\" content=\"Mora racconta la propria Storia per \u00abIo senza Dio\u00bb\" \/>\n<meta property=\"og:url\" content=\"https:\/\/www.leternoassente.com\/?page_id=6811\" \/>\n<meta property=\"og:site_name\" content=\"L&#039;Eterno Assente\" \/>\n<meta property=\"article:modified_time\" content=\"2025-03-14T06:49:35+00:00\" \/>\n<meta property=\"og:image\" content=\"https:\/\/www.leternoassente.com\/wp-content\/uploads\/2020\/04\/iosenzadio4seo.jpg\" \/>\n\t<meta property=\"og:image:width\" content=\"1200\" \/>\n\t<meta property=\"og:image:height\" content=\"630\" \/>\n\t<meta property=\"og:image:type\" content=\"image\/jpeg\" \/>\n<meta name=\"twitter:card\" content=\"summary_large_image\" \/>\n<meta name=\"twitter:site\" content=\"@leternoassente\" \/>\n<meta name=\"twitter:label1\" content=\"Tempo di lettura stimato\" \/>\n\t<meta name=\"twitter:data1\" content=\"8 minuti\" \/>\n<script type=\"application\/ld+json\" class=\"yoast-schema-graph\">{\"@context\":\"https:\/\/schema.org\",\"@graph\":[{\"@type\":\"WebPage\",\"@id\":\"https:\/\/www.leternoassente.com\/?page_id=6811\",\"url\":\"https:\/\/www.leternoassente.com\/?page_id=6811\",\"name\":\"Natale 2009: la libert\u00e0 - L&#039;Eterno Assente\",\"isPartOf\":{\"@id\":\"https:\/\/www.leternoassente.com\/#website\"},\"primaryImageOfPage\":{\"@id\":\"https:\/\/www.leternoassente.com\/?page_id=6811#primaryimage\"},\"image\":{\"@id\":\"https:\/\/www.leternoassente.com\/?page_id=6811#primaryimage\"},\"thumbnailUrl\":\"https:\/\/www.leternoassente.com\/wp-content\/uploads\/2020\/04\/iosenzadio4.jpg\",\"datePublished\":\"2024-11-19T08:32:23+00:00\",\"dateModified\":\"2025-03-14T06:49:35+00:00\",\"description\":\"Mora racconta la propria Storia per \u00abIo senza Dio\u00bb\",\"breadcrumb\":{\"@id\":\"https:\/\/www.leternoassente.com\/?page_id=6811#breadcrumb\"},\"inLanguage\":\"it-IT\",\"potentialAction\":[{\"@type\":\"ReadAction\",\"target\":[\"https:\/\/www.leternoassente.com\/?page_id=6811\"]}]},{\"@type\":\"ImageObject\",\"inLanguage\":\"it-IT\",\"@id\":\"https:\/\/www.leternoassente.com\/?page_id=6811#primaryimage\",\"url\":\"https:\/\/www.leternoassente.com\/wp-content\/uploads\/2020\/04\/iosenzadio4.jpg\",\"contentUrl\":\"https:\/\/www.leternoassente.com\/wp-content\/uploads\/2020\/04\/iosenzadio4.jpg\",\"width\":1500,\"height\":434},{\"@type\":\"BreadcrumbList\",\"@id\":\"https:\/\/www.leternoassente.com\/?page_id=6811#breadcrumb\",\"itemListElement\":[{\"@type\":\"ListItem\",\"position\":1,\"name\":\"Home\",\"item\":\"https:\/\/www.leternoassente.com\/\"},{\"@type\":\"ListItem\",\"position\":2,\"name\":\"\u00abIo senza Dio\u00bb \u2013 Storie\",\"item\":\"https:\/\/www.leternoassente.com\/?page_id=4502\"},{\"@type\":\"ListItem\",\"position\":3,\"name\":\"Natale 2009: la libert\u00e0\"}]},{\"@type\":\"WebSite\",\"@id\":\"https:\/\/www.leternoassente.com\/#website\",\"url\":\"https:\/\/www.leternoassente.com\/\",\"name\":\"L&#039;Eterno Assente\",\"description\":\"Dio, la vita, il senso e altre cazzate\",\"publisher\":{\"@id\":\"https:\/\/www.leternoassente.com\/#\/schema\/person\/d2069751871fcdb89a30a0775f4170f9\"},\"potentialAction\":[{\"@type\":\"SearchAction\",\"target\":{\"@type\":\"EntryPoint\",\"urlTemplate\":\"https:\/\/www.leternoassente.com\/?s={search_term_string}\"},\"query-input\":{\"@type\":\"PropertyValueSpecification\",\"valueRequired\":true,\"valueName\":\"search_term_string\"}}],\"inLanguage\":\"it-IT\"},{\"@type\":[\"Person\",\"Organization\"],\"@id\":\"https:\/\/www.leternoassente.com\/#\/schema\/person\/d2069751871fcdb89a30a0775f4170f9\",\"name\":\"Choam Goldberg\",\"image\":{\"@type\":\"ImageObject\",\"inLanguage\":\"it-IT\",\"@id\":\"https:\/\/www.leternoassente.com\/#\/schema\/person\/image\/\",\"url\":\"https:\/\/secure.gravatar.com\/avatar\/63d2c9f25f05d3da5001f2898f6fc9cd?s=96&d=wavatar&r=g\",\"contentUrl\":\"https:\/\/secure.gravatar.com\/avatar\/63d2c9f25f05d3da5001f2898f6fc9cd?s=96&d=wavatar&r=g\",\"caption\":\"Choam Goldberg\"},\"logo\":{\"@id\":\"https:\/\/www.leternoassente.com\/#\/schema\/person\/image\/\"},\"description\":\"Contemplata la vastit\u00e0 del cazzo che gliene frega e raggiunta l\u2019atarass\u00eca, Choam Goldberg pratica nondimeno l'antica, dilettevole e nobile arte di demolire le credenze dei\u00a0beoti e degli insipienti.\",\"sameAs\":[\"http:\/\/www.leternoassente.com\"]}]}<\/script>\n<!-- \/ Yoast SEO plugin. -->","yoast_head_json":{"title":"Natale 2009: la libert\u00e0 - L&#039;Eterno Assente","description":"Mora racconta la propria Storia per \u00abIo senza Dio\u00bb","robots":{"index":"index","follow":"follow","max-snippet":"max-snippet:-1","max-image-preview":"max-image-preview:large","max-video-preview":"max-video-preview:-1"},"canonical":"https:\/\/www.leternoassente.com\/?page_id=6811","og_locale":"it_IT","og_type":"article","og_title":"Natale 2009: la libert\u00e0 - L&#039;Eterno Assente","og_description":"Mora racconta la propria Storia per \u00abIo senza Dio\u00bb","og_url":"https:\/\/www.leternoassente.com\/?page_id=6811","og_site_name":"L&#039;Eterno Assente","article_modified_time":"2025-03-14T06:49:35+00:00","og_image":[{"width":1200,"height":630,"url":"https:\/\/www.leternoassente.com\/wp-content\/uploads\/2020\/04\/iosenzadio4seo.jpg","type":"image\/jpeg"}],"twitter_card":"summary_large_image","twitter_site":"@leternoassente","twitter_misc":{"Tempo di lettura stimato":"8 minuti"},"schema":{"@context":"https:\/\/schema.org","@graph":[{"@type":"WebPage","@id":"https:\/\/www.leternoassente.com\/?page_id=6811","url":"https:\/\/www.leternoassente.com\/?page_id=6811","name":"Natale 2009: la libert\u00e0 - L&#039;Eterno Assente","isPartOf":{"@id":"https:\/\/www.leternoassente.com\/#website"},"primaryImageOfPage":{"@id":"https:\/\/www.leternoassente.com\/?page_id=6811#primaryimage"},"image":{"@id":"https:\/\/www.leternoassente.com\/?page_id=6811#primaryimage"},"thumbnailUrl":"https:\/\/www.leternoassente.com\/wp-content\/uploads\/2020\/04\/iosenzadio4.jpg","datePublished":"2024-11-19T08:32:23+00:00","dateModified":"2025-03-14T06:49:35+00:00","description":"Mora racconta la propria Storia per \u00abIo senza Dio\u00bb","breadcrumb":{"@id":"https:\/\/www.leternoassente.com\/?page_id=6811#breadcrumb"},"inLanguage":"it-IT","potentialAction":[{"@type":"ReadAction","target":["https:\/\/www.leternoassente.com\/?page_id=6811"]}]},{"@type":"ImageObject","inLanguage":"it-IT","@id":"https:\/\/www.leternoassente.com\/?page_id=6811#primaryimage","url":"https:\/\/www.leternoassente.com\/wp-content\/uploads\/2020\/04\/iosenzadio4.jpg","contentUrl":"https:\/\/www.leternoassente.com\/wp-content\/uploads\/2020\/04\/iosenzadio4.jpg","width":1500,"height":434},{"@type":"BreadcrumbList","@id":"https:\/\/www.leternoassente.com\/?page_id=6811#breadcrumb","itemListElement":[{"@type":"ListItem","position":1,"name":"Home","item":"https:\/\/www.leternoassente.com\/"},{"@type":"ListItem","position":2,"name":"\u00abIo senza Dio\u00bb \u2013 Storie","item":"https:\/\/www.leternoassente.com\/?page_id=4502"},{"@type":"ListItem","position":3,"name":"Natale 2009: la libert\u00e0"}]},{"@type":"WebSite","@id":"https:\/\/www.leternoassente.com\/#website","url":"https:\/\/www.leternoassente.com\/","name":"L&#039;Eterno Assente","description":"Dio, la vita, il senso e altre cazzate","publisher":{"@id":"https:\/\/www.leternoassente.com\/#\/schema\/person\/d2069751871fcdb89a30a0775f4170f9"},"potentialAction":[{"@type":"SearchAction","target":{"@type":"EntryPoint","urlTemplate":"https:\/\/www.leternoassente.com\/?s={search_term_string}"},"query-input":{"@type":"PropertyValueSpecification","valueRequired":true,"valueName":"search_term_string"}}],"inLanguage":"it-IT"},{"@type":["Person","Organization"],"@id":"https:\/\/www.leternoassente.com\/#\/schema\/person\/d2069751871fcdb89a30a0775f4170f9","name":"Choam Goldberg","image":{"@type":"ImageObject","inLanguage":"it-IT","@id":"https:\/\/www.leternoassente.com\/#\/schema\/person\/image\/","url":"https:\/\/secure.gravatar.com\/avatar\/63d2c9f25f05d3da5001f2898f6fc9cd?s=96&d=wavatar&r=g","contentUrl":"https:\/\/secure.gravatar.com\/avatar\/63d2c9f25f05d3da5001f2898f6fc9cd?s=96&d=wavatar&r=g","caption":"Choam Goldberg"},"logo":{"@id":"https:\/\/www.leternoassente.com\/#\/schema\/person\/image\/"},"description":"Contemplata la vastit\u00e0 del cazzo che gliene frega e raggiunta l\u2019atarass\u00eca, Choam Goldberg pratica nondimeno l'antica, dilettevole e nobile arte di demolire le credenze dei\u00a0beoti e degli insipienti.","sameAs":["http:\/\/www.leternoassente.com"]}]}},"_links":{"self":[{"href":"https:\/\/www.leternoassente.com\/index.php?rest_route=\/wp\/v2\/pages\/6811"}],"collection":[{"href":"https:\/\/www.leternoassente.com\/index.php?rest_route=\/wp\/v2\/pages"}],"about":[{"href":"https:\/\/www.leternoassente.com\/index.php?rest_route=\/wp\/v2\/types\/page"}],"author":[{"embeddable":true,"href":"https:\/\/www.leternoassente.com\/index.php?rest_route=\/wp\/v2\/users\/1"}],"replies":[{"embeddable":true,"href":"https:\/\/www.leternoassente.com\/index.php?rest_route=%2Fwp%2Fv2%2Fcomments&post=6811"}],"version-history":[{"count":5,"href":"https:\/\/www.leternoassente.com\/index.php?rest_route=\/wp\/v2\/pages\/6811\/revisions"}],"predecessor-version":[{"id":7034,"href":"https:\/\/www.leternoassente.com\/index.php?rest_route=\/wp\/v2\/pages\/6811\/revisions\/7034"}],"up":[{"embeddable":true,"href":"https:\/\/www.leternoassente.com\/index.php?rest_route=\/wp\/v2\/pages\/4502"}],"wp:featuredmedia":[{"embeddable":true,"href":"https:\/\/www.leternoassente.com\/index.php?rest_route=\/wp\/v2\/media\/3299"}],"wp:attachment":[{"href":"https:\/\/www.leternoassente.com\/index.php?rest_route=%2Fwp%2Fv2%2Fmedia&parent=6811"}],"curies":[{"name":"wp","href":"https:\/\/api.w.org\/{rel}","templated":true}]}}