{"id":7013,"date":"2025-03-26T07:37:45","date_gmt":"2025-03-26T06:37:45","guid":{"rendered":"https:\/\/www.leternoassente.com\/?page_id=7013"},"modified":"2025-03-26T11:04:41","modified_gmt":"2025-03-26T10:04:41","slug":"linformazione-serva-mi-ha-reso-ateo","status":"publish","type":"page","link":"https:\/\/www.leternoassente.com\/?page_id=7013","title":{"rendered":"\u00abL&#8217;informazione serva mi ha reso ateo\u00bb"},"content":{"rendered":"<p><strong>Andrea racconta la propria Storia per \u00abIo senza Dio\u00bb<\/strong><\/p>\n<hr>\n<p>La ragione per la quale mi sono avvicinato all&#8217;ateismo anni fa, dopo aver fermamente creduto in Dio fino a 25 anni circa \u2013 anche da praticante, avendo avuto una famiglia molto credente \u2013, credo sia molto poco comune se non rarissima.<\/p>\n<p>Il La all&#8217;ateismo non me lo hanno dato le contraddizioni della Bibbia e del Catechismo, l&#8217;antiscientificit\u00e0, l&#8217;inoculazione del senso di colpa, le cose aberranti e violente in essi contenute, anche perch\u00e9 ho sempre conosciuto solo quei pochi episodi della Bibbia che insegnanti, preti e catechisti spiegano e non l&#8217;avevo mai letta tutta. Neanche gli scandali che hanno coinvolto la Chiesa, le cose orribili che ha fatto in passato come le Crociate, l&#8217;Inquisizione, la caccia alle streghe, le automutilazioni per soffrire come Cristo e cos\u00ec via, che consideravo passate e quindi non pi\u00f9 importanti oppure frutto solo di poche \u00abmele marce\u00bb. Neppure la guerra contro certi orientamenti sessuali, l&#8217;eutanasia, l&#8217;aborto, la masturbazione, il divorzio: cose che appoggiavo anch&#8217;io almeno fino all&#8217;adolescenza e che ritenevo giusto imporre anche ai non credenti. Nemmeno quando vedevo o subivo ingiustizie \u2013 \u00abPorgi l&#8217;altra guancia. I buoni verranno premiati dopo e i cattivi puniti dopo, in un&#8217;altra vita. Non spetta a noi farci giustizia da soli ma a Lui. Dio non pu\u00f2 imporsi sul libero arbitrio\u00bb, mi dicevano \u2013 e mi domandavo \u00abPerch\u00e9 Dio non interviene a salvare questo o quello?\u00bb, perch\u00e9 mi rispondevo come mi avevano indottrinato fin da quando ero all&#8217;asilo: \u00abDio interviene, ma non come pensiamo noi. \u00c8 colpa degli uomini se ci sono l&#8217;inquinamento, l&#8217;ingiustizia, le risorse mal distribuite eccetera\u00bb. Solo una volta chiesi: \u00abMa gli uomini che colpa hanno se esistono le malattie?\u00bb. Il prete mi rispose: \u00abNon siamo in grado di capire tutto il disegno di Dio\u00bb.<\/p>\n<p>Un giorno per\u00f2, facendo la tesi sulla libert\u00e0 d&#8217;informazione, mi accorsi di una cosa che inizialmente mi sembrava insignificante: seguendo la politica pi\u00f9 o meno dai 16 anni in poi e guardando molti telegiornali, giornali, notizie on line e cos\u00ec via, non vedevo n\u00e9 sentivo mai nessun giornalista, politico, opinionista che criticava la Chiesa su nessun mass media esistente. Persino su YouTube non vedevo alcun content creator critico verso la Chiesa \u2013 salvo poi trovare Illuminismo 3.0 e di conseguenza i video di Faber, Padre Kayn eccetera, che per\u00f2 scoprii dopo anni, essendo poco suggeriti dall&#8217;algoritmo \u2013, ma in compenso trovavo un sacco di \u00ablecca-tonaca\u00bb \u2013 i quali credo lo facciano pi\u00f9 per monetizzazione che per credo personale, ma \u00e8 una mia idea \u2013 su YouTube tanto quanto sugli altri mass media. Nelle trasmissioni clericali o anche quando c&#8217;era un prete o una suora ospite in un programma o in un telegiornale a parlare \u2013 anche di qualsiasi argomento pur non essendo esperti \u2013 nessun giornalista faceva mai una domanda scomoda.<\/p>\n<p>Mi sono sempre irritato e schifato nel sentire il qualunquismo tipico da italiano medio: \u00abTutti i politici sono uguali\u00bb, \u00abTutta l&#8217;informazione \u00e8 uno schifo\u00bb e cos\u00ec via. Ma nel trovare il 99,99% dell&#8217;informazione e della politica azzerbinato alla Chiesa e di conseguenza al Papa \u2013 tranne qualche articolo negli archivi dei giornali degli anni &#8217;80 di qualche militante radicale o comunista \u2013 mi sono chiesto, persino da credente: \u00abMa perch\u00e9 non esiste mai un contraddittorio?\u00bb. Ovviamente a tutta la politica \u2013 che mai mi sogner\u00f2 di dire che \u00e8 tutta uguale \u2013 interessano i voti dei credenti e a tutta l&#8217;informazione interessa l&#8217;audience dei credenti. Risposta scontata, ma che inizi\u00f2 a farmi pensare.<\/p>\n<p>In una trasmissione sentii una bambina fare domande a raffica a una suora: \u00abPerch\u00e9 \u00e8 anche colpa mia se Adamo ed Eva hanno mangiato la mela?\u00bb, \u00abPer soffrire come Ges\u00f9 devo farmi male con le forbici?\u00bb, \u00abPerch\u00e9 non basta pregare per guarire?\u00bb, \u00abPerch\u00e9 Dio ha creato il diavolo?\u00bb, \u00abPerch\u00e9 la mamma era triste ai funerali di nonna se tanto ci troveremo tutti in Paradiso?\u00bb, \u00abPerch\u00e9 Dio ha creato l&#8217;inferno? Non dovrebbe perdonare tutti?\u00bb, \u00abPerch\u00e9 la gente prega per salvare un caro che sta morendo? Non dovrebbe pregare perch\u00e9 vada in Paradiso anzich\u00e9 stare qui a soffrire?\u00bb, \u00abPerch\u00e9 Dio ha ucciso quasi tutti sulla Terra col diluvio, anche i neonati innocenti e gli animali che non possono peccare? Non poteva distruggere solo i cattivi?\u00bb, \u00abPerch\u00e9 far soffrire Suo Figlio Ges\u00f9 sulla croce e farlo risorgere se poi non \u00e8 cambiato niente e il peccato originale \u00e8 rimasto e non siamo tutti di nuovo nell&#8217;Eden?\u00bb. La suora continuava a sorridere e a dare risposte \u00abad minchiam\u00bb. Mi ricordai che anch&#8217;io da bambino facevo domande del tipo \u00abMa se Adamo ed Eva avevano avuto solo figli maschi come ha fatto la specie umana a continuare? Se Dio \u00e8 intervenuto nel far galleggiare l&#8217;arca di No\u00e8, con le piaghe d&#8217;Egitto, dividendo le acque eccetera, perch\u00e9 non pu\u00f2 intervenire anche adesso?\u00bb, e mi si rispondeva \u00ab \u00c8 tutto un simbolo, una metafora\u00bb. \u00abMa allora che cosa nella Bibbia \u00e8 una metafora e che cosa no?\u00bb e ripartiva il loop \u00abNon siamo in grado di capire tutto il disegno di Dio\u00bb.<\/p>\n<p>Decisi di abbandonare definitivamente la fede quando mi accorsi che i giornali e le televisioni mettevano in prima pagina e lodavano qualsiasi cosa vagamente condivisibile che diceva il Papa e minimizzando \u2013 non potendo evitare di pubblicarlo \u2013 le cazzate (\u00abi medici che lo praticano [l&#8217;aborto] sono dei sicari\u00bb, per esempio). Il fatto che l&#8217;informazione e la politica abbiano sempre commentato paraculamente fatti indecenti dicendo ad esempio \u00abLe dichiarazioni del Papa riguardo all&#8217;uso del preservativo sono controverse\u00bb persino in piena pandemia di AIDS o \u00abIl fatto che il Papa sia andato a stringere la mano al dittatore Pinochet rimane un fatto controverso\u00bb mi fecero ulteriormente avvicinare all&#8217;ateismo. Mi accorsi che l&#8217;informazione femminista non diceva una parola sulle suore che non potevano celebrare la Messa, diventare vescovo n\u00e9 Papa, confessare. Nessuno contestava mai i costi della Chiesa per lo Stato Italiano, tutti si indignavano per un crocifisso tolto dalle aule, mai una critica che fosse una. Da nessuno. I giornali celebrano il santo del giorno senza dire che molti erano fuori di testa (mangiavano le feci dei malati, vivevano sulle colonne, parlavano con gli animali, si autotorturavano).<\/p>\n<p>La non-intervista di Fazio al Papa conferm\u00f2 parecchio la mia scelta dell&#8217;ateismo. Se Fazio gli avesse chiesto a sorpresa \u00abCome giustifica tutta la violenza sadica presente nella Bibbia?\u00bb, \u00e8 ovvio che sarebbe stato licenziato in tronco. Ma nemmeno domande \u00abda puntura di zanzara\u00bb del genere \u00abPerch\u00e9 Dio ha creato l&#8217;uomo dopo 4 miliardi e mezzo di anni? Cosa ha fatto i dinosauri a fare? Cosa dovrebbe pensare uno studente che sente la teoria dell&#8217;evoluzione nell&#8217;ora di scienze e quella creazionista nell&#8217;ora di religione? Perch\u00e9 esiste l&#8217;ora di religione pagata dallo Stato se c&#8217;\u00e8 un catechismo gratuito in tutte le parrocchie?\u00bb. Bastava dare la lista delle domande a una persona delle pulizie affinch\u00e9 le leggesse e basta. Vedendo poi ad esempio don Alberto Ravagnani dopo anni di attivit\u00e0 su YouTube non accettare confronti con atei preparati in materia e l&#8217;altra non-intervista iperaccondiscendente di Rick DuFer al convertito Simone Santoro mi sono ulteriormente convinto dell&#8217;ateismo.<\/p>\n<p>Quando sento poi gli agnostici dire \u00abPer decidere se credere o no devi studiare, scavare, indagare, approfondire&#8230;\u00bb o \u00abNon c&#8217;\u00e8 prova che Dio esista ma nemmeno che non esista\u00bb, mi rispondo \u00abNemmeno di fate, fantasmi, vampiri, draghi e folletti c&#8217;\u00e8 la prova che non esistano. E non devo studiare libri su libri di antropologia per arrivare alla conclusione che non esistono\u00bb.<\/p>\n<p>Ho inviato questa lettera a qualche giornale ma ovviamente nessuno l&#8217;ha mai pubblicata, per le ragioni citate sopra \u2013 credo \u2013 che riguardano tutta l&#8217;informazione e la politica italiana, nell&#8217;unica cosa in cui ritengo che siano \u00abtutti uguali\u00bb. Le chiese sono sempre pi\u00f9 vuote, gli ingressi in seminario sempre pi\u00f9 rari, i consensi alla Chiesa sempre meno. Ma la strada verso l&#8217;ateismo generalizzato \u00e8 ancora molto lunga.<\/p>\n<p><strong>Andrea<\/strong><\/p>\n<p>Vuoi raccontare anche tu la tua Storia per \u00abIo senza Dio\u00bb? Spediscila a L&#8217;Eterno Assente, ma prima consulta il <a href=\"https:\/\/www.leternoassente.com\/?page_id=4429\" target=\"_blank\" rel=\"noopener noreferrer\">Regolamento<\/a><\/p>\n<p><a href=\"https:\/\/www.leternoassente.com\/?page_id=4502\" target=\"_blank\" rel=\"noopener noreferrer\">Tutte le Storie di \u00abIo senza Dio\u00bb<\/a><\/p>\n<hr>\n<p><em>Qui sotto trovi la possibilit\u00e0 di commentare quest&#8217;articolo. Per farlo, devi<br \/>\n1. confermare che sei ateo\/a,<br \/>\n2. essere consapevole che, se menti, stai commettendo il gravissimo peccato di apostasia,<br \/>\n3. aspettare che il commento sia approvato dall&#8217;admin.<br \/>\nL&#8217;approvazione dei commenti dipende dall&#8217;insindacabile e inappellabile giudizio dell&#8217;admin. Se vuoi saperne di pi\u00f9 a proposito dei commenti, puoi consultare le <a href=\"http:\/\/www.leternoassente.com\/?page_id=957#nocomment\" rel=\"noopener\" target=\"_blank\">FAQ<\/a>.<br \/>\nInoltre puoi commentare gli articoli e i post nel <a href=\"https:\/\/www.facebook.com\/groups\/eternoassente\/\" rel=\"noopener\" target=\"_blank\">Gruppo Facebook de L&#8217;Eterno Assente<\/a>, se ti iscrivi al Gruppo dopo aver risposto a una semplice domanda.<\/em><\/p>\n","protected":false},"excerpt":{"rendered":"<p>Andrea racconta la propria Storia per \u00abIo senza Dio\u00bb La ragione per la quale mi sono avvicinato all&#8217;ateismo anni fa, dopo aver fermamente creduto in Dio fino a 25 anni circa \u2013 anche da praticante, avendo avuto una famiglia molto &hellip; <a href=\"https:\/\/www.leternoassente.com\/?page_id=7013\">Continua a leggere<span class=\"meta-nav\">&rarr;<\/span><\/a><\/p>\n","protected":false},"author":1,"featured_media":3299,"parent":4502,"menu_order":0,"comment_status":"open","ping_status":"closed","template":"","meta":{"footnotes":""},"class_list":["post-7013","page","type-page","status-publish","has-post-thumbnail","hentry"],"yoast_head":"<!-- This site is optimized with the Yoast SEO plugin v25.6 - https:\/\/yoast.com\/wordpress\/plugins\/seo\/ -->\n<title>\u00abL&#039;informazione serva mi ha reso ateo\u00bb - L&#039;Eterno Assente<\/title>\n<meta name=\"description\" content=\"Andrea racconta la propria Storia per \u00abIo senza Dio\u00bb\" \/>\n<meta name=\"robots\" content=\"index, follow, max-snippet:-1, max-image-preview:large, max-video-preview:-1\" \/>\n<link rel=\"canonical\" href=\"https:\/\/www.leternoassente.com\/?page_id=7013\" \/>\n<meta property=\"og:locale\" content=\"it_IT\" \/>\n<meta property=\"og:type\" content=\"article\" \/>\n<meta property=\"og:title\" content=\"\u00abL&#039;informazione serva mi ha reso ateo\u00bb - L&#039;Eterno Assente\" \/>\n<meta property=\"og:description\" content=\"Andrea racconta la propria Storia per \u00abIo senza Dio\u00bb\" \/>\n<meta property=\"og:url\" content=\"https:\/\/www.leternoassente.com\/?page_id=7013\" \/>\n<meta property=\"og:site_name\" content=\"L&#039;Eterno Assente\" \/>\n<meta property=\"article:modified_time\" content=\"2025-03-26T10:04:41+00:00\" \/>\n<meta property=\"og:image\" content=\"https:\/\/www.leternoassente.com\/wp-content\/uploads\/2020\/04\/iosenzadio4seo.jpg\" \/>\n\t<meta property=\"og:image:width\" content=\"1200\" \/>\n\t<meta property=\"og:image:height\" content=\"630\" \/>\n\t<meta property=\"og:image:type\" content=\"image\/jpeg\" \/>\n<meta name=\"twitter:card\" content=\"summary_large_image\" \/>\n<meta name=\"twitter:site\" content=\"@leternoassente\" \/>\n<meta name=\"twitter:label1\" content=\"Tempo di lettura stimato\" \/>\n\t<meta name=\"twitter:data1\" content=\"8 minuti\" \/>\n<script type=\"application\/ld+json\" class=\"yoast-schema-graph\">{\"@context\":\"https:\/\/schema.org\",\"@graph\":[{\"@type\":\"WebPage\",\"@id\":\"https:\/\/www.leternoassente.com\/?page_id=7013\",\"url\":\"https:\/\/www.leternoassente.com\/?page_id=7013\",\"name\":\"\u00abL'informazione serva mi ha reso ateo\u00bb - L&#039;Eterno Assente\",\"isPartOf\":{\"@id\":\"https:\/\/www.leternoassente.com\/#website\"},\"primaryImageOfPage\":{\"@id\":\"https:\/\/www.leternoassente.com\/?page_id=7013#primaryimage\"},\"image\":{\"@id\":\"https:\/\/www.leternoassente.com\/?page_id=7013#primaryimage\"},\"thumbnailUrl\":\"https:\/\/www.leternoassente.com\/wp-content\/uploads\/2020\/04\/iosenzadio4.jpg\",\"datePublished\":\"2025-03-26T06:37:45+00:00\",\"dateModified\":\"2025-03-26T10:04:41+00:00\",\"description\":\"Andrea racconta la propria Storia per \u00abIo senza Dio\u00bb\",\"breadcrumb\":{\"@id\":\"https:\/\/www.leternoassente.com\/?page_id=7013#breadcrumb\"},\"inLanguage\":\"it-IT\",\"potentialAction\":[{\"@type\":\"ReadAction\",\"target\":[\"https:\/\/www.leternoassente.com\/?page_id=7013\"]}]},{\"@type\":\"ImageObject\",\"inLanguage\":\"it-IT\",\"@id\":\"https:\/\/www.leternoassente.com\/?page_id=7013#primaryimage\",\"url\":\"https:\/\/www.leternoassente.com\/wp-content\/uploads\/2020\/04\/iosenzadio4.jpg\",\"contentUrl\":\"https:\/\/www.leternoassente.com\/wp-content\/uploads\/2020\/04\/iosenzadio4.jpg\",\"width\":1500,\"height\":434},{\"@type\":\"BreadcrumbList\",\"@id\":\"https:\/\/www.leternoassente.com\/?page_id=7013#breadcrumb\",\"itemListElement\":[{\"@type\":\"ListItem\",\"position\":1,\"name\":\"Home\",\"item\":\"https:\/\/www.leternoassente.com\/\"},{\"@type\":\"ListItem\",\"position\":2,\"name\":\"\u00abIo senza Dio\u00bb \u2013 Storie\",\"item\":\"https:\/\/www.leternoassente.com\/?page_id=4502\"},{\"@type\":\"ListItem\",\"position\":3,\"name\":\"\u00abL&#8217;informazione serva mi ha reso ateo\u00bb\"}]},{\"@type\":\"WebSite\",\"@id\":\"https:\/\/www.leternoassente.com\/#website\",\"url\":\"https:\/\/www.leternoassente.com\/\",\"name\":\"L&#039;Eterno Assente\",\"description\":\"Dio, la vita, il senso e altre cazzate\",\"publisher\":{\"@id\":\"https:\/\/www.leternoassente.com\/#\/schema\/person\/d2069751871fcdb89a30a0775f4170f9\"},\"potentialAction\":[{\"@type\":\"SearchAction\",\"target\":{\"@type\":\"EntryPoint\",\"urlTemplate\":\"https:\/\/www.leternoassente.com\/?s={search_term_string}\"},\"query-input\":{\"@type\":\"PropertyValueSpecification\",\"valueRequired\":true,\"valueName\":\"search_term_string\"}}],\"inLanguage\":\"it-IT\"},{\"@type\":[\"Person\",\"Organization\"],\"@id\":\"https:\/\/www.leternoassente.com\/#\/schema\/person\/d2069751871fcdb89a30a0775f4170f9\",\"name\":\"Choam Goldberg\",\"image\":{\"@type\":\"ImageObject\",\"inLanguage\":\"it-IT\",\"@id\":\"https:\/\/www.leternoassente.com\/#\/schema\/person\/image\/\",\"url\":\"https:\/\/secure.gravatar.com\/avatar\/63d2c9f25f05d3da5001f2898f6fc9cd?s=96&d=wavatar&r=g\",\"contentUrl\":\"https:\/\/secure.gravatar.com\/avatar\/63d2c9f25f05d3da5001f2898f6fc9cd?s=96&d=wavatar&r=g\",\"caption\":\"Choam Goldberg\"},\"logo\":{\"@id\":\"https:\/\/www.leternoassente.com\/#\/schema\/person\/image\/\"},\"description\":\"Contemplata la vastit\u00e0 del cazzo che gliene frega e raggiunta l\u2019atarass\u00eca, Choam Goldberg pratica nondimeno l'antica, dilettevole e nobile arte di demolire le credenze dei\u00a0beoti e degli insipienti.\",\"sameAs\":[\"http:\/\/www.leternoassente.com\"]}]}<\/script>\n<!-- \/ Yoast SEO plugin. -->","yoast_head_json":{"title":"\u00abL'informazione serva mi ha reso ateo\u00bb - L&#039;Eterno Assente","description":"Andrea racconta la propria Storia per \u00abIo senza Dio\u00bb","robots":{"index":"index","follow":"follow","max-snippet":"max-snippet:-1","max-image-preview":"max-image-preview:large","max-video-preview":"max-video-preview:-1"},"canonical":"https:\/\/www.leternoassente.com\/?page_id=7013","og_locale":"it_IT","og_type":"article","og_title":"\u00abL'informazione serva mi ha reso ateo\u00bb - L&#039;Eterno Assente","og_description":"Andrea racconta la propria Storia per \u00abIo senza Dio\u00bb","og_url":"https:\/\/www.leternoassente.com\/?page_id=7013","og_site_name":"L&#039;Eterno Assente","article_modified_time":"2025-03-26T10:04:41+00:00","og_image":[{"width":1200,"height":630,"url":"https:\/\/www.leternoassente.com\/wp-content\/uploads\/2020\/04\/iosenzadio4seo.jpg","type":"image\/jpeg"}],"twitter_card":"summary_large_image","twitter_site":"@leternoassente","twitter_misc":{"Tempo di lettura stimato":"8 minuti"},"schema":{"@context":"https:\/\/schema.org","@graph":[{"@type":"WebPage","@id":"https:\/\/www.leternoassente.com\/?page_id=7013","url":"https:\/\/www.leternoassente.com\/?page_id=7013","name":"\u00abL'informazione serva mi ha reso ateo\u00bb - L&#039;Eterno Assente","isPartOf":{"@id":"https:\/\/www.leternoassente.com\/#website"},"primaryImageOfPage":{"@id":"https:\/\/www.leternoassente.com\/?page_id=7013#primaryimage"},"image":{"@id":"https:\/\/www.leternoassente.com\/?page_id=7013#primaryimage"},"thumbnailUrl":"https:\/\/www.leternoassente.com\/wp-content\/uploads\/2020\/04\/iosenzadio4.jpg","datePublished":"2025-03-26T06:37:45+00:00","dateModified":"2025-03-26T10:04:41+00:00","description":"Andrea racconta la propria Storia per \u00abIo senza Dio\u00bb","breadcrumb":{"@id":"https:\/\/www.leternoassente.com\/?page_id=7013#breadcrumb"},"inLanguage":"it-IT","potentialAction":[{"@type":"ReadAction","target":["https:\/\/www.leternoassente.com\/?page_id=7013"]}]},{"@type":"ImageObject","inLanguage":"it-IT","@id":"https:\/\/www.leternoassente.com\/?page_id=7013#primaryimage","url":"https:\/\/www.leternoassente.com\/wp-content\/uploads\/2020\/04\/iosenzadio4.jpg","contentUrl":"https:\/\/www.leternoassente.com\/wp-content\/uploads\/2020\/04\/iosenzadio4.jpg","width":1500,"height":434},{"@type":"BreadcrumbList","@id":"https:\/\/www.leternoassente.com\/?page_id=7013#breadcrumb","itemListElement":[{"@type":"ListItem","position":1,"name":"Home","item":"https:\/\/www.leternoassente.com\/"},{"@type":"ListItem","position":2,"name":"\u00abIo senza Dio\u00bb \u2013 Storie","item":"https:\/\/www.leternoassente.com\/?page_id=4502"},{"@type":"ListItem","position":3,"name":"\u00abL&#8217;informazione serva mi ha reso ateo\u00bb"}]},{"@type":"WebSite","@id":"https:\/\/www.leternoassente.com\/#website","url":"https:\/\/www.leternoassente.com\/","name":"L&#039;Eterno Assente","description":"Dio, la vita, il senso e altre cazzate","publisher":{"@id":"https:\/\/www.leternoassente.com\/#\/schema\/person\/d2069751871fcdb89a30a0775f4170f9"},"potentialAction":[{"@type":"SearchAction","target":{"@type":"EntryPoint","urlTemplate":"https:\/\/www.leternoassente.com\/?s={search_term_string}"},"query-input":{"@type":"PropertyValueSpecification","valueRequired":true,"valueName":"search_term_string"}}],"inLanguage":"it-IT"},{"@type":["Person","Organization"],"@id":"https:\/\/www.leternoassente.com\/#\/schema\/person\/d2069751871fcdb89a30a0775f4170f9","name":"Choam Goldberg","image":{"@type":"ImageObject","inLanguage":"it-IT","@id":"https:\/\/www.leternoassente.com\/#\/schema\/person\/image\/","url":"https:\/\/secure.gravatar.com\/avatar\/63d2c9f25f05d3da5001f2898f6fc9cd?s=96&d=wavatar&r=g","contentUrl":"https:\/\/secure.gravatar.com\/avatar\/63d2c9f25f05d3da5001f2898f6fc9cd?s=96&d=wavatar&r=g","caption":"Choam Goldberg"},"logo":{"@id":"https:\/\/www.leternoassente.com\/#\/schema\/person\/image\/"},"description":"Contemplata la vastit\u00e0 del cazzo che gliene frega e raggiunta l\u2019atarass\u00eca, Choam Goldberg pratica nondimeno l'antica, dilettevole e nobile arte di demolire le credenze dei\u00a0beoti e degli insipienti.","sameAs":["http:\/\/www.leternoassente.com"]}]}},"_links":{"self":[{"href":"https:\/\/www.leternoassente.com\/index.php?rest_route=\/wp\/v2\/pages\/7013"}],"collection":[{"href":"https:\/\/www.leternoassente.com\/index.php?rest_route=\/wp\/v2\/pages"}],"about":[{"href":"https:\/\/www.leternoassente.com\/index.php?rest_route=\/wp\/v2\/types\/page"}],"author":[{"embeddable":true,"href":"https:\/\/www.leternoassente.com\/index.php?rest_route=\/wp\/v2\/users\/1"}],"replies":[{"embeddable":true,"href":"https:\/\/www.leternoassente.com\/index.php?rest_route=%2Fwp%2Fv2%2Fcomments&post=7013"}],"version-history":[{"count":5,"href":"https:\/\/www.leternoassente.com\/index.php?rest_route=\/wp\/v2\/pages\/7013\/revisions"}],"predecessor-version":[{"id":7048,"href":"https:\/\/www.leternoassente.com\/index.php?rest_route=\/wp\/v2\/pages\/7013\/revisions\/7048"}],"up":[{"embeddable":true,"href":"https:\/\/www.leternoassente.com\/index.php?rest_route=\/wp\/v2\/pages\/4502"}],"wp:featuredmedia":[{"embeddable":true,"href":"https:\/\/www.leternoassente.com\/index.php?rest_route=\/wp\/v2\/media\/3299"}],"wp:attachment":[{"href":"https:\/\/www.leternoassente.com\/index.php?rest_route=%2Fwp%2Fv2%2Fmedia&parent=7013"}],"curies":[{"name":"wp","href":"https:\/\/api.w.org\/{rel}","templated":true}]}}