{"id":7025,"date":"2025-03-25T07:13:47","date_gmt":"2025-03-25T06:13:47","guid":{"rendered":"https:\/\/www.leternoassente.com\/?page_id=7025"},"modified":"2025-03-25T07:13:49","modified_gmt":"2025-03-25T06:13:49","slug":"il-panno-di-cristo","status":"publish","type":"page","link":"https:\/\/www.leternoassente.com\/?page_id=7025","title":{"rendered":"Il panno di Cristo"},"content":{"rendered":"<p><strong>Nicola racconta la propria Storia per \u00abIo senza Dio\u00bb<\/strong><\/p>\n<hr>\n<p>Il primo dubbio riguardo alla religione cattolica lo ebbi quando avevo forse 8 anni.<\/p>\n<p>Premessa: al tempo andavo al catechismo come quasi tutti negli anni &#8217;80, e in pi\u00f9 i miei genitori erano stati fondatori del primo gruppo scout della mia cittadina, gruppo che, come tutti quelli nella zona, era un gruppo cattolico. Tuttavia l&#8217;impostazione che i miei genitori e gli altri fondatori avevano dato al gruppo era molto laica. Infatti, essendo in una regione molto di Sinistra e quindi in parte atea, i capi avevano deciso che non potevano obbligare i ragazzi ad andare a messa, che il prete che accompagnava il gruppo aveva lo stesso ruolo degli altri capi (n\u00e9 pi\u00f9 n\u00e9 meno) e che anche il Vangelo andava analizzato sentendo l&#8217;opinione di tutti e non solo della Chiesa. Non voglio dire che ci fosse una vera impostazione atea, ma si prediligeva un approccio razionale, per cui nel gruppo c&#8217;erano persone che andavano a messa, atei e persino qualcuno che aveva cominciato a interessarsi di altre religioni e si diceva buddhista. Per questi fatti gli scontri con il vescovo erano frequenti, ma l&#8217;attivit\u00e0 andava avanti senza intoppi. Questa impostazione per\u00f2 mi aveva fatto crescere con l&#8217;idea che la religione fosse una cosa libera, impossibile da imporre.<\/p>\n<p>La mia famiglia, come attivit\u00e0, era legata a una fonderia artistica, e le sculture per le istituzioni ecclesiastiche erano abbastanza frequenti. Mi ritrovai per le mani il modello di gesso di un Cristo. Presi dei colori e lo pitturai, ma gli feci il panno che lo copriva di colore blu e non bianco. Lo portai al catechismo tutto fiero per far vedere quello che avevo fatto e la reazione non fu quella che mi aspettavo. Orrore! Il panno del Cristo doveva essere bianco, non poteva essere blu! Avevo assolutamente sbagliato.<\/p>\n<p>Questa fu la prima crepa. Non tra me e dio, ma tra me e la Chiesa. Perch\u00e9, anche se ero piccolo, avevo letto il Vangelo grazie alle riunioni che si facevano agli scout, e non c&#8217;era scritto che il panno era bianco, da nessuna parte. Quindi, nel mio pensiero, la Chiesa mi stava imponendo qualche cosa che non poteva imporre. E io, da sempre, reagisco molto male alle imposizioni.<\/p>\n<p>Da l\u00ec in poi farmi fare i sacramenti fino alla Cresima fu una tortura per i miei genitori e soprattutto per i catechisti. Io non studiavo la Bibbia per trovare ispirazione, ma per trovare errori. E ne trovavo molti. Miracoli che non erano miracoli, affermazioni pseudoscientifiche, ma quella che mi fece cadere di pi\u00f9 le braccia \u2013 per non dire altro \u2013 fu la profezia di Ges\u00f9, che diceva che lui sarebbe tornato entro quella generazione. Ovviamente non era tornato, quindi aveva mentito. E, se aveva mentito su quello, poteva aver mentito su tutto.<\/p>\n<p>La discussione con il catechista su quel punto si svolse davanti agli occhi stralunati dei miei compagni, alcuni dei quali si resero conto benissimo che quella roba non stava in piedi. I catechisti dissero a mia madre che non sapevano se avrebbero potuto farmi fare la Cresima, al che mia madre risolse la questione con un secco \u00abVuol dire che la far\u00e0 prima di sposarsi, se si sposer\u00e0 in chiesa\u00bb. I catechisti tornarono sulle loro posizioni e io, che avevo festeggiato, fui costretto a fare la Cresima.<\/p>\n<p>Ancora non ero arrivato a una conclusione sull&#8217;esistenza di dio, ma ero arrivato alla conclusione che il cristianesimo era basato su una Chiesa che voleva imporre il suo pensiero per una questione di potere \u2013 negli anni &#8217;80 e &#8217;90 la Chiesa era molto pi\u00f9 influente di adesso e non ne faceva neanche mistero \u2013 e su una mitologia contraddittoria e quindi probabilmente falsa.<\/p>\n<p>La teodicea per me non era un problema, perch\u00e9 a quel punto per me dio poteva essere semplicemente indifferente al mondo, completamente distaccato. L&#8217;idea del dio d&#8217;amore l&#8217;avevo abbandonata quando due amici di famiglia appena sposati e con lei incinta di nove mesi erano morti in un incidente stradale. \u00c8 vero che l&#8217;aneddotica non d\u00e0 regole generali, ma nel caso di dio le d\u00e0 eccome. Ami tutti, ma non dei bravi ragazzi che lavorano e si danno da fare per mettere su famiglia e il loro figlio non ancora nato?<\/p>\n<p>Durante gli anni mi diedi da fare a studiare altre religioni, altre idee, persino l&#8217;esoterismo e l&#8217;occultismo, insomma accumulai un sacco di esperienza in fuffa. Quello che c&#8217;era di buono \u00e8 che mi divertivo \u2013 e mi diverto \u2013 un mondo a leggere le biografie dei vari capi religiosi e in un certo senso a capire il pensiero degli altri.<\/p>\n<p>Continuai per molto tempo sulla via dell&#8217;esoterismo, principalmente perch\u00e9 era un gioco di ruolo divertente, e poi era scoppiato internet, e su internet potevi conoscere gente di tutti i tipi. Forse le generazioni che sono nate con il web non si rendono bene conto di che rivoluzione \u00e8 stato per noi della generazione X. Comunque quelli che si occupavano di esoterismo erano persone interessanti, perch\u00e9 erano tutti un po&#8217; nerd, un po&#8217; isolati come me, all&#8217;apparenza meno superficiali degli altri. All&#8217;apparenza, perch\u00e9 poi cercavano le stesse cose che cercano tutti: soldi, potere e sesso. Anche l\u00ec infatti trovai i soliti problemi che riscontravo negli ambienti religiosi: incoerenza, ipocrisia, logiche non logiche, manipolazioni. Quindi smisi anche di occuparmi di esoterismo.<\/p>\n<p>Finch\u00e9 un giorno, se non sbaglio dopo una solenne ubriacatura, capii che, se dio era indifferente verso il mondo, si poteva tranquillamente essere indifferenti verso di lui. Fine della questione. Che fosse reale o meno, lui non si occupava degli affari nostri e noi non ci dovevamo occupare dei suoi.<\/p>\n<p>Con il tempo poi, studiando un po&#8217; di astrofisica \u2013 grazie, dottor Hawking! \u2013 capii che l&#8217;idea di dio \u00e8 come l&#8217;idea che i bambini hanno di Babbo Natale: non si spiegano da dove vengono i regali la mattina di Natale e per questo credono a un essere magico che li porta. Alla stessa maniera gli antichi Greci non sapevano come si producevano i fulmini, per cui la spiegazione era Zeus. Oggi non capiamo ancora bene come e se sia stato creato l&#8217;universo, per cui per alcune persone ci deve essere per forza qualcuno che lo ha creato. Babbo Natale non esiste, Zeus non sta sulle nuvole, per cui per estrapolazione anche dio probabilmente non esiste.<\/p>\n<p>E qua veniamo alla conclusione. La conclusione \u00e8 che molte persone non si occupano del problema di dio per convenienza o semplicemente perch\u00e9 non sono interessate. Ma quelle che se ne occupano e dopo tutti i ragionamenti sono convinte sinceramente che dio esista nel 2025 \u2013 questa \u00e8 la mia opinione \u2013 potrebbero soffrire di una lieve malattia, ritardo o condizione mentale di cui la fede \u00e8 un sintomo. Anche qua sfrutto l&#8217;aneddotica, in quanto i sinceri credenti che ho conosciuto in vita mia avevano e hanno tutti qualche problema cognitivo. Non sono uno psicologo n\u00e9 uno studioso, ma spero che qualcuno un giorno possa fugare sperimentalmente questo mio dubbio.<\/p>\n<p><strong>Nicola<\/strong><\/p>\n<p>Vuoi raccontare anche tu la tua Storia per \u00abIo senza Dio\u00bb? Spediscila a L&#8217;Eterno Assente, ma prima consulta il <a href=\"https:\/\/www.leternoassente.com\/?page_id=4429\" target=\"_blank\" rel=\"noopener noreferrer\">Regolamento<\/a><\/p>\n<p><a href=\"https:\/\/www.leternoassente.com\/?page_id=4502\" target=\"_blank\" rel=\"noopener noreferrer\">Tutte le Storie di \u00abIo senza Dio\u00bb<\/a><\/p>\n<hr>\n<p><em>Qui sotto trovi la possibilit\u00e0 di commentare quest&#8217;articolo. Per farlo, devi<br \/>\n1. confermare che sei ateo\/a,<br \/>\n2. essere consapevole che, se menti, stai commettendo il gravissimo peccato di apostasia,<br \/>\n3. aspettare che il commento sia approvato dall&#8217;admin.<br \/>\nL&#8217;approvazione dei commenti dipende dall&#8217;insindacabile e inappellabile giudizio dell&#8217;admin. Se vuoi saperne di pi\u00f9 a proposito dei commenti, puoi consultare le <a href=\"http:\/\/www.leternoassente.com\/?page_id=957#nocomment\" rel=\"noopener\" target=\"_blank\">FAQ<\/a>.<br \/>\nInoltre puoi commentare gli articoli e i post nel <a href=\"https:\/\/www.facebook.com\/groups\/eternoassente\/\" rel=\"noopener\" target=\"_blank\">Gruppo Facebook de L&#8217;Eterno Assente<\/a>, se ti iscrivi al Gruppo dopo aver risposto a una semplice domanda.<\/em><\/p>\n","protected":false},"excerpt":{"rendered":"<p>Nicola racconta la propria Storia per \u00abIo senza Dio\u00bb Il primo dubbio riguardo alla religione cattolica lo ebbi quando avevo forse 8 anni. Premessa: al tempo andavo al catechismo come quasi tutti negli anni &#8217;80, e in pi\u00f9 i miei &hellip; <a href=\"https:\/\/www.leternoassente.com\/?page_id=7025\">Continua a leggere<span class=\"meta-nav\">&rarr;<\/span><\/a><\/p>\n","protected":false},"author":1,"featured_media":3299,"parent":4502,"menu_order":0,"comment_status":"open","ping_status":"closed","template":"","meta":{"footnotes":""},"class_list":["post-7025","page","type-page","status-publish","has-post-thumbnail","hentry"],"yoast_head":"<!-- This site is optimized with the Yoast SEO plugin v25.6 - https:\/\/yoast.com\/wordpress\/plugins\/seo\/ -->\n<title>Il panno di Cristo - L&#039;Eterno Assente<\/title>\n<meta name=\"description\" content=\"Nicola racconta la propria Storia per \u00abIo senza Dio\u00bb\" \/>\n<meta name=\"robots\" content=\"index, follow, max-snippet:-1, max-image-preview:large, max-video-preview:-1\" \/>\n<link rel=\"canonical\" href=\"https:\/\/www.leternoassente.com\/?page_id=7025\" \/>\n<meta property=\"og:locale\" content=\"it_IT\" \/>\n<meta property=\"og:type\" content=\"article\" \/>\n<meta property=\"og:title\" content=\"Il panno di Cristo - L&#039;Eterno Assente\" \/>\n<meta property=\"og:description\" content=\"Nicola racconta la propria Storia per \u00abIo senza Dio\u00bb\" \/>\n<meta property=\"og:url\" content=\"https:\/\/www.leternoassente.com\/?page_id=7025\" \/>\n<meta property=\"og:site_name\" content=\"L&#039;Eterno Assente\" \/>\n<meta property=\"article:modified_time\" content=\"2025-03-25T06:13:49+00:00\" \/>\n<meta property=\"og:image\" content=\"https:\/\/www.leternoassente.com\/wp-content\/uploads\/2020\/04\/iosenzadio4seo.jpg\" \/>\n\t<meta property=\"og:image:width\" content=\"1200\" \/>\n\t<meta property=\"og:image:height\" content=\"630\" \/>\n\t<meta property=\"og:image:type\" content=\"image\/jpeg\" \/>\n<meta name=\"twitter:card\" content=\"summary_large_image\" \/>\n<meta name=\"twitter:site\" content=\"@leternoassente\" \/>\n<meta name=\"twitter:label1\" content=\"Tempo di lettura stimato\" \/>\n\t<meta name=\"twitter:data1\" content=\"7 minuti\" \/>\n<script type=\"application\/ld+json\" class=\"yoast-schema-graph\">{\"@context\":\"https:\/\/schema.org\",\"@graph\":[{\"@type\":\"WebPage\",\"@id\":\"https:\/\/www.leternoassente.com\/?page_id=7025\",\"url\":\"https:\/\/www.leternoassente.com\/?page_id=7025\",\"name\":\"Il panno di Cristo - L&#039;Eterno Assente\",\"isPartOf\":{\"@id\":\"https:\/\/www.leternoassente.com\/#website\"},\"primaryImageOfPage\":{\"@id\":\"https:\/\/www.leternoassente.com\/?page_id=7025#primaryimage\"},\"image\":{\"@id\":\"https:\/\/www.leternoassente.com\/?page_id=7025#primaryimage\"},\"thumbnailUrl\":\"https:\/\/www.leternoassente.com\/wp-content\/uploads\/2020\/04\/iosenzadio4.jpg\",\"datePublished\":\"2025-03-25T06:13:47+00:00\",\"dateModified\":\"2025-03-25T06:13:49+00:00\",\"description\":\"Nicola racconta la propria Storia per \u00abIo senza Dio\u00bb\",\"breadcrumb\":{\"@id\":\"https:\/\/www.leternoassente.com\/?page_id=7025#breadcrumb\"},\"inLanguage\":\"it-IT\",\"potentialAction\":[{\"@type\":\"ReadAction\",\"target\":[\"https:\/\/www.leternoassente.com\/?page_id=7025\"]}]},{\"@type\":\"ImageObject\",\"inLanguage\":\"it-IT\",\"@id\":\"https:\/\/www.leternoassente.com\/?page_id=7025#primaryimage\",\"url\":\"https:\/\/www.leternoassente.com\/wp-content\/uploads\/2020\/04\/iosenzadio4.jpg\",\"contentUrl\":\"https:\/\/www.leternoassente.com\/wp-content\/uploads\/2020\/04\/iosenzadio4.jpg\",\"width\":1500,\"height\":434},{\"@type\":\"BreadcrumbList\",\"@id\":\"https:\/\/www.leternoassente.com\/?page_id=7025#breadcrumb\",\"itemListElement\":[{\"@type\":\"ListItem\",\"position\":1,\"name\":\"Home\",\"item\":\"https:\/\/www.leternoassente.com\/\"},{\"@type\":\"ListItem\",\"position\":2,\"name\":\"\u00abIo senza Dio\u00bb \u2013 Storie\",\"item\":\"https:\/\/www.leternoassente.com\/?page_id=4502\"},{\"@type\":\"ListItem\",\"position\":3,\"name\":\"Il panno di Cristo\"}]},{\"@type\":\"WebSite\",\"@id\":\"https:\/\/www.leternoassente.com\/#website\",\"url\":\"https:\/\/www.leternoassente.com\/\",\"name\":\"L&#039;Eterno Assente\",\"description\":\"Dio, la vita, il senso e altre cazzate\",\"publisher\":{\"@id\":\"https:\/\/www.leternoassente.com\/#\/schema\/person\/d2069751871fcdb89a30a0775f4170f9\"},\"potentialAction\":[{\"@type\":\"SearchAction\",\"target\":{\"@type\":\"EntryPoint\",\"urlTemplate\":\"https:\/\/www.leternoassente.com\/?s={search_term_string}\"},\"query-input\":{\"@type\":\"PropertyValueSpecification\",\"valueRequired\":true,\"valueName\":\"search_term_string\"}}],\"inLanguage\":\"it-IT\"},{\"@type\":[\"Person\",\"Organization\"],\"@id\":\"https:\/\/www.leternoassente.com\/#\/schema\/person\/d2069751871fcdb89a30a0775f4170f9\",\"name\":\"Choam Goldberg\",\"image\":{\"@type\":\"ImageObject\",\"inLanguage\":\"it-IT\",\"@id\":\"https:\/\/www.leternoassente.com\/#\/schema\/person\/image\/\",\"url\":\"https:\/\/secure.gravatar.com\/avatar\/63d2c9f25f05d3da5001f2898f6fc9cd?s=96&d=wavatar&r=g\",\"contentUrl\":\"https:\/\/secure.gravatar.com\/avatar\/63d2c9f25f05d3da5001f2898f6fc9cd?s=96&d=wavatar&r=g\",\"caption\":\"Choam Goldberg\"},\"logo\":{\"@id\":\"https:\/\/www.leternoassente.com\/#\/schema\/person\/image\/\"},\"description\":\"Contemplata la vastit\u00e0 del cazzo che gliene frega e raggiunta l\u2019atarass\u00eca, Choam Goldberg pratica nondimeno l'antica, dilettevole e nobile arte di demolire le credenze dei\u00a0beoti e degli insipienti.\",\"sameAs\":[\"http:\/\/www.leternoassente.com\"]}]}<\/script>\n<!-- \/ Yoast SEO plugin. -->","yoast_head_json":{"title":"Il panno di Cristo - L&#039;Eterno Assente","description":"Nicola racconta la propria Storia per \u00abIo senza Dio\u00bb","robots":{"index":"index","follow":"follow","max-snippet":"max-snippet:-1","max-image-preview":"max-image-preview:large","max-video-preview":"max-video-preview:-1"},"canonical":"https:\/\/www.leternoassente.com\/?page_id=7025","og_locale":"it_IT","og_type":"article","og_title":"Il panno di Cristo - L&#039;Eterno Assente","og_description":"Nicola racconta la propria Storia per \u00abIo senza Dio\u00bb","og_url":"https:\/\/www.leternoassente.com\/?page_id=7025","og_site_name":"L&#039;Eterno Assente","article_modified_time":"2025-03-25T06:13:49+00:00","og_image":[{"width":1200,"height":630,"url":"https:\/\/www.leternoassente.com\/wp-content\/uploads\/2020\/04\/iosenzadio4seo.jpg","type":"image\/jpeg"}],"twitter_card":"summary_large_image","twitter_site":"@leternoassente","twitter_misc":{"Tempo di lettura stimato":"7 minuti"},"schema":{"@context":"https:\/\/schema.org","@graph":[{"@type":"WebPage","@id":"https:\/\/www.leternoassente.com\/?page_id=7025","url":"https:\/\/www.leternoassente.com\/?page_id=7025","name":"Il panno di Cristo - L&#039;Eterno Assente","isPartOf":{"@id":"https:\/\/www.leternoassente.com\/#website"},"primaryImageOfPage":{"@id":"https:\/\/www.leternoassente.com\/?page_id=7025#primaryimage"},"image":{"@id":"https:\/\/www.leternoassente.com\/?page_id=7025#primaryimage"},"thumbnailUrl":"https:\/\/www.leternoassente.com\/wp-content\/uploads\/2020\/04\/iosenzadio4.jpg","datePublished":"2025-03-25T06:13:47+00:00","dateModified":"2025-03-25T06:13:49+00:00","description":"Nicola racconta la propria Storia per \u00abIo senza Dio\u00bb","breadcrumb":{"@id":"https:\/\/www.leternoassente.com\/?page_id=7025#breadcrumb"},"inLanguage":"it-IT","potentialAction":[{"@type":"ReadAction","target":["https:\/\/www.leternoassente.com\/?page_id=7025"]}]},{"@type":"ImageObject","inLanguage":"it-IT","@id":"https:\/\/www.leternoassente.com\/?page_id=7025#primaryimage","url":"https:\/\/www.leternoassente.com\/wp-content\/uploads\/2020\/04\/iosenzadio4.jpg","contentUrl":"https:\/\/www.leternoassente.com\/wp-content\/uploads\/2020\/04\/iosenzadio4.jpg","width":1500,"height":434},{"@type":"BreadcrumbList","@id":"https:\/\/www.leternoassente.com\/?page_id=7025#breadcrumb","itemListElement":[{"@type":"ListItem","position":1,"name":"Home","item":"https:\/\/www.leternoassente.com\/"},{"@type":"ListItem","position":2,"name":"\u00abIo senza Dio\u00bb \u2013 Storie","item":"https:\/\/www.leternoassente.com\/?page_id=4502"},{"@type":"ListItem","position":3,"name":"Il panno di Cristo"}]},{"@type":"WebSite","@id":"https:\/\/www.leternoassente.com\/#website","url":"https:\/\/www.leternoassente.com\/","name":"L&#039;Eterno Assente","description":"Dio, la vita, il senso e altre cazzate","publisher":{"@id":"https:\/\/www.leternoassente.com\/#\/schema\/person\/d2069751871fcdb89a30a0775f4170f9"},"potentialAction":[{"@type":"SearchAction","target":{"@type":"EntryPoint","urlTemplate":"https:\/\/www.leternoassente.com\/?s={search_term_string}"},"query-input":{"@type":"PropertyValueSpecification","valueRequired":true,"valueName":"search_term_string"}}],"inLanguage":"it-IT"},{"@type":["Person","Organization"],"@id":"https:\/\/www.leternoassente.com\/#\/schema\/person\/d2069751871fcdb89a30a0775f4170f9","name":"Choam Goldberg","image":{"@type":"ImageObject","inLanguage":"it-IT","@id":"https:\/\/www.leternoassente.com\/#\/schema\/person\/image\/","url":"https:\/\/secure.gravatar.com\/avatar\/63d2c9f25f05d3da5001f2898f6fc9cd?s=96&d=wavatar&r=g","contentUrl":"https:\/\/secure.gravatar.com\/avatar\/63d2c9f25f05d3da5001f2898f6fc9cd?s=96&d=wavatar&r=g","caption":"Choam Goldberg"},"logo":{"@id":"https:\/\/www.leternoassente.com\/#\/schema\/person\/image\/"},"description":"Contemplata la vastit\u00e0 del cazzo che gliene frega e raggiunta l\u2019atarass\u00eca, Choam Goldberg pratica nondimeno l'antica, dilettevole e nobile arte di demolire le credenze dei\u00a0beoti e degli insipienti.","sameAs":["http:\/\/www.leternoassente.com"]}]}},"_links":{"self":[{"href":"https:\/\/www.leternoassente.com\/index.php?rest_route=\/wp\/v2\/pages\/7025"}],"collection":[{"href":"https:\/\/www.leternoassente.com\/index.php?rest_route=\/wp\/v2\/pages"}],"about":[{"href":"https:\/\/www.leternoassente.com\/index.php?rest_route=\/wp\/v2\/types\/page"}],"author":[{"embeddable":true,"href":"https:\/\/www.leternoassente.com\/index.php?rest_route=\/wp\/v2\/users\/1"}],"replies":[{"embeddable":true,"href":"https:\/\/www.leternoassente.com\/index.php?rest_route=%2Fwp%2Fv2%2Fcomments&post=7025"}],"version-history":[{"count":2,"href":"https:\/\/www.leternoassente.com\/index.php?rest_route=\/wp\/v2\/pages\/7025\/revisions"}],"predecessor-version":[{"id":7044,"href":"https:\/\/www.leternoassente.com\/index.php?rest_route=\/wp\/v2\/pages\/7025\/revisions\/7044"}],"up":[{"embeddable":true,"href":"https:\/\/www.leternoassente.com\/index.php?rest_route=\/wp\/v2\/pages\/4502"}],"wp:featuredmedia":[{"embeddable":true,"href":"https:\/\/www.leternoassente.com\/index.php?rest_route=\/wp\/v2\/media\/3299"}],"wp:attachment":[{"href":"https:\/\/www.leternoassente.com\/index.php?rest_route=%2Fwp%2Fv2%2Fmedia&parent=7025"}],"curies":[{"name":"wp","href":"https:\/\/api.w.org\/{rel}","templated":true}]}}