{"id":7035,"date":"2025-04-04T07:43:06","date_gmt":"2025-04-04T05:43:06","guid":{"rendered":"https:\/\/www.leternoassente.com\/?page_id=7035"},"modified":"2025-04-04T19:04:28","modified_gmt":"2025-04-04T17:04:28","slug":"la-salvezza-non-in-dio-ma-da-dio","status":"publish","type":"page","link":"https:\/\/www.leternoassente.com\/?page_id=7035","title":{"rendered":"La salvezza non in dio ma da dio"},"content":{"rendered":"<p><strong>Alessandro racconta la propria Storia per \u00abIo senza Dio\u00bb<\/strong><\/p>\n<hr>\n<p>Mi chiamo Alessandro, ho quasi 50 anni, sono ateo da 35 anni. Prima ero un fervente cattolico. Molti potrebbero pensare che questa mia ortodossia cattolica infantile e adolescenziale sia da attribuire a un ambiente familiare bigotto. Nulla di pi\u00f9 falso: madre indifferente alla Chiesa, padre ateo.\u00a0<\/p>\n<p>Fui per\u00f2 battezzato: negli anni &#8217;70 la quasi totalit\u00e0 dei bambini veniva bagnato dall&#8217;acqua santa e si frequentava la religione cattolica a scuola e il catechismo in chiesa, era la prassi. Inoltre per questioni logistiche mi fecero frequentare l&#8217;asilo dalle suore.<\/p>\n<p>Fu molto probabilmente il mix tra il mio carattere e il contesto sociale e culturale extra-familiare che bast\u00f2 per instillare nel me bambino una forte fede, tanta fede da fare il chierichetto, suonare le campane, cercare l&#8217;amicizia del prete e avere anche desideri di sacerdozio. Frequentai catechismo, a.c.r e infine a.g.c.<\/p>\n<p>Ma, mentre la mia fede si radicava nel corso della crescita, i rapporti con i coetanei sia a scuola sia fuori peggioravano fino alla totale assenza di amicizie, e spesso e volentieri passavo molto tempo in solitudine. Alle Medie e alle Superiori iniziarono anche atti di bullismo ed emarginazione. Il motivo? Non lo so. \u00c8 un pensiero che mi assilla ancora oggi. Non sono riuscito a capire perch\u00e9. Se per colpa mia, del mio carattere, o a causa dell&#8217;ambiente circostante che non era dei pi\u00f9 idilliaci \u2013 era la via pi\u00f9 malfamata della citt\u00e0 e i ragazzi che vi abitavano spesso erano delinquenti o aspiranti tali, teppisti, prepotenti \u2013, se perch\u00e9 ero solo nel mio quartiere senza parenti o amici di famiglia, visto che i miei genitori non si erano mai integrati e neanche loro avevano amici. Oppure un mix di questi fattori.<\/p>\n<p>Era inevitabile che prima o poi queste due parti della mia vita arrivassero allo scontro interiore.\u00a0<br \/>\nDa una parte il me cristiano, devoto, fedele e ligio ai precetti della religione cattolica. Porgi l&#8217;altra guancia. L&#8217;amore per il prossimo, il perdono, la fratellanza, la comunione, l&#8217;accoglienza per l&#8217;ultimo eccetera. Dall&#8217;altra il disagio, il pensiero di non essere \u00abnormale\u00bb, lo sconforto, l&#8217;angoscia di una vita sociale assente o, quando presente, di scarsa qualit\u00e0.<\/p>\n<p>Nell&#8217;arco della mia adolescenza ci furono alcuni step importanti che mi spinsero a pensare alla realt\u00e0 con un metodo pi\u00f9 razionale e logico e non edulcorato sotto la caleidoscopica lente spirituale.<\/p>\n<p>Il primo di questi momenti si verific\u00f2 alle Medie, quando chiesi ai miei genitori di poter cambiare non solo sezione ma anche edificio scolastico per via delle violenze subite, ma i miei genitori me lo negarono suscitando in me una rabbia repressa, una delusione totale e latente verso i miei genitori che anzich\u00e9 aiutarmi permettevano la mia discesa nella solitudine.<\/p>\n<p>Il secondo momento fu quando anche all&#8217;interno del contesto cattolico, nei gruppi a.c.r. e a.c.g., venni escluso ed emarginato. A un certo punto si forma una specie di spirale negativa che ti porta a essere emarginato anche in contesti in cui normalmente non dovrebbe succedere, anche se non credo che la Chiesa si possa definire un contesto normale n\u00e9 salutare (ma questo lo capii un po&#8217; di tempo dopo): meno piaci a te stesso e meno piaci agli altri, meno piaci agli altri e meno piaci a te stesso. \u00c8 una cosa che ho capito in et\u00e0 troppo adulta. Da adolescenti non si ha il libretto delle istruzioni e se chi \u00e8 incaricato di educarti (docenti, genitori, educatori) non lo capisce, non ti sostiene, non ti guida pu\u00f2 procurare danni incalcolabili, specialmente se sei un soggetto fragile.<\/p>\n<p>Il terzo momento fu quando percepii che dovevo cavarmela da solo, e non avevo gli strumenti n\u00e9 una psiche abbastanza forte e formata per uscirne indenne. Ebbi tanti problemi di natura psicofisica, iniziai ad avere tic, repulsione per lo studio, complessi vari. Un esempio: al laboratorio di teatro ci chiesero di inventare un personaggio per la recita, e io non trovai niente di meglio che inventare Odioman, la persona pi\u00f9 odiata e che si far\u00e0 odiare di pi\u00f9.<\/p>\n<p>In quegli anni pensai anche a soluzioni estreme e pregai tanto. Eh s\u00ec, perch\u00e9 pregai dio, lo pregai tantissimo e ci parlavo pure, e gli chiedevo sempre tutti giorni il perch\u00e9 di questa situazione, della sofferenza di un ragazzo che non sembrava aver fatto nulla di male e non essere n\u00e9 meglio n\u00e9 peggio di tantissimi altri ragazzi della sua et\u00e0, con gli stessi desideri e interessi, le prime cotte, la ragazza che ti fa un sorriso e che ti dice \u00abMi piaci\u00bb anche se la settimana dopo non le piaci pi\u00f9, e invece veniva quasi quotidianamente deriso e vessato o escluso. E speravo, ero convinto che prima o poi dio mi rispondesse. E indovinate un po&#8217;? Non rispose. Devo comunque ringraziarlo, perch\u00e9 grazie a dio iniziai a capire che non dovevo ringraziare lui, ma il mio spirito di conservazione che non mi ha permesso di mettere in pratica quelle soluzioni estreme. Ho iniziato finalmente a intuire che forse stavo parlando con un muro, non con dio.<\/p>\n<p>Contestualmente, mentre con una domanda dopo l&#8217;altra, un dogma dopo l&#8217;altro, mese dopo mese, anno dopo anno, tra le Medie e le Superiori, la mia fede in dio andava scemando, mio padre, spinto e circu\u00ecto da me \u2013 spinto a mia volta dal clero \u2013, si convinse a frequentare la Messa. Perci\u00f2 il quarto momento fu quando si verific\u00f2 una \u00abinversione mistica\u00bb: mentre, Messa dopo Messa, la mia posizione in chiesa passava dalla prima panca fino a chilometri dalla chiesa, mio padre, Messa dopo Messa, dal fondo della chiesa giunse alla destra dell&#8217;altare.<\/p>\n<p>Il quinto momento, con la mia liberazione totale dalla fede \u2013 la mia pillola rossa, quella che ti fa vedere quanto \u00e8 profonda la tana del Bianconiglio \u2013, capit\u00f2 tra i 16 e i 17 anni, dopo l&#8217;ennesima, comprovata violazione di tutti i precetti\u00a0di morale cristiana da parte di tutti. Compresi i miei genitori e il mio divenuto ipercattolico padre. Un&#8217;estate mi feci il buco nell&#8217;orecchio sinistro. E quando mio padre lo scopr\u00ec non mi parl\u00f2 per pi\u00f9 di un anno. Io non so se per lui quella cosa fu la goccia che fece traboccare il vaso. Il mio carattere non era certo facile, non andavo bene a scuola, ero nervoso, scontroso, scorbutico, specialmente in casa, e anche un discreto fancazzista, lo devo ammettere. Fumavo sigarette, uscivo di casa e mi facevo vedere solo per cena, di studiare proprio non avevo voglia \u2013 anche se sostanzialmente non fui mai n\u00e9 bocciato n\u00e9 rimandato \u2013 e decisamente ero scazzato, ero frustrato, ero nauseato dalla vita, dal finto buonismo cattolico, da tutto. Insomma ai suoi occhi probabilmente ero un fallimento totale.<\/p>\n<p>Capii definitivamente che dio non esisteva costruendomi progressivamente, anno dopo anno, una filosofia e una visione personale sulla fede e sulla vita, sul motivo per cui dio esiste. Ovvero: non esiste, ma esiste in quanto invenzione umana e, siccome l&#8217;occasione fa l&#8217;uomo ladro, gli esseri umani l&#8217;hanno subito utilizzata come strumento di controllo e mezzo coercitivo per mantenere l&#8217;ordine e amministrare il potere spesso abusandone.\u00a0<\/p>\n<p>Una filosofia personale sulla religione e sulla vita che ho coltivato e continuo a coltivare. Una costante crescita personale che coinvolse anche quella parte pi\u00f9 profonda di me: l&#8217;io, l&#8217;ego che finalmente, privo di dogmatismi, precetti e legacci religiosi, sarebbe da l\u00ec a poco sbocciato, cresciuto e maturato e che comprese che in fondo bisogna stare bene con s\u00e9 stessi, da soli, che bisogna volersi bene per come si \u00e8 e, se agli altri non piaci, pazienza. Non devi piacere per forza. E gli altri non devono piacere a te, in special modo se ti trattano male.<\/p>\n<p>Cos\u00ec piano piano riuscii con difficolt\u00e0 a ricostruirmi una vita sociale e un equilibrio psichico stabile e sano, e anche un rapporto stabile, sebbene non quello che mi sarebbe piaciuto avere, con i miei genitori.<\/p>\n<p>E quindi? Qual \u00e8 la morale della mia storia, ammesso e non concesso che ce ne sia una o solo una? Una la propongo: alla fine, nel dolore e nell&#8217;oscurit\u00e0 della mente, ho trovato la salvezza non in dio ma da dio.<\/p>\n<p><strong>Alessandro<\/strong><\/p>\n<p>Vuoi raccontare anche tu la tua Storia per \u00abIo senza Dio\u00bb? Spediscila a L&#8217;Eterno Assente, ma prima consulta il <a href=\"https:\/\/www.leternoassente.com\/?page_id=4429\" target=\"_blank\" rel=\"noopener noreferrer\">Regolamento<\/a><\/p>\n<p><a href=\"https:\/\/www.leternoassente.com\/?page_id=4502\" target=\"_blank\" rel=\"noopener noreferrer\">Tutte le Storie di \u00abIo senza Dio\u00bb<\/a><\/p>\n<hr>\n<p><em>Qui sotto trovi la possibilit\u00e0 di commentare quest&#8217;articolo. Per farlo, devi<br \/>\n1. confermare che sei ateo\/a,<br \/>\n2. essere consapevole che, se menti, stai commettendo il gravissimo peccato di apostasia,<br \/>\n3. aspettare che il commento sia approvato dall&#8217;admin.<br \/>\nL&#8217;approvazione dei commenti dipende dall&#8217;insindacabile e inappellabile giudizio dell&#8217;admin. Se vuoi saperne di pi\u00f9 a proposito dei commenti, puoi consultare le <a href=\"http:\/\/www.leternoassente.com\/?page_id=957#nocomment\" rel=\"noopener\" target=\"_blank\">FAQ<\/a>.<br \/>\nInoltre puoi commentare gli articoli e i post nel <a href=\"https:\/\/www.facebook.com\/groups\/eternoassente\/\" rel=\"noopener\" target=\"_blank\">Gruppo Facebook de L&#8217;Eterno Assente<\/a>, se ti iscrivi al Gruppo dopo aver risposto a una semplice domanda.<\/em><\/p>\n","protected":false},"excerpt":{"rendered":"<p>Alessandro racconta la propria Storia per \u00abIo senza Dio\u00bb Mi chiamo Alessandro, ho quasi 50 anni, sono ateo da 35 anni. Prima ero un fervente cattolico. Molti potrebbero pensare che questa mia ortodossia cattolica infantile e adolescenziale sia da attribuire &hellip; <a href=\"https:\/\/www.leternoassente.com\/?page_id=7035\">Continua a leggere<span class=\"meta-nav\">&rarr;<\/span><\/a><\/p>\n","protected":false},"author":1,"featured_media":3299,"parent":4502,"menu_order":0,"comment_status":"open","ping_status":"closed","template":"","meta":{"footnotes":""},"class_list":["post-7035","page","type-page","status-publish","has-post-thumbnail","hentry"],"yoast_head":"<!-- This site is optimized with the Yoast SEO plugin v25.6 - https:\/\/yoast.com\/wordpress\/plugins\/seo\/ -->\n<title>La salvezza non in dio ma da dio - L&#039;Eterno Assente<\/title>\n<meta name=\"description\" content=\"Alessandro racconta la propria Storia per \u00abIo senza Dio\u00bb\" \/>\n<meta name=\"robots\" content=\"index, follow, max-snippet:-1, max-image-preview:large, max-video-preview:-1\" \/>\n<link rel=\"canonical\" href=\"https:\/\/www.leternoassente.com\/?page_id=7035\" \/>\n<meta property=\"og:locale\" content=\"it_IT\" \/>\n<meta property=\"og:type\" content=\"article\" \/>\n<meta property=\"og:title\" content=\"La salvezza non in dio ma da dio - L&#039;Eterno Assente\" \/>\n<meta property=\"og:description\" content=\"Alessandro racconta la propria Storia per \u00abIo senza Dio\u00bb\" \/>\n<meta property=\"og:url\" content=\"https:\/\/www.leternoassente.com\/?page_id=7035\" \/>\n<meta property=\"og:site_name\" content=\"L&#039;Eterno Assente\" \/>\n<meta property=\"article:modified_time\" content=\"2025-04-04T17:04:28+00:00\" \/>\n<meta property=\"og:image\" content=\"https:\/\/www.leternoassente.com\/wp-content\/uploads\/2020\/04\/iosenzadio4seo.jpg\" \/>\n\t<meta property=\"og:image:width\" content=\"1200\" \/>\n\t<meta property=\"og:image:height\" content=\"630\" \/>\n\t<meta property=\"og:image:type\" content=\"image\/jpeg\" \/>\n<meta name=\"twitter:card\" content=\"summary_large_image\" \/>\n<meta name=\"twitter:site\" content=\"@leternoassente\" \/>\n<meta name=\"twitter:label1\" content=\"Tempo di lettura stimato\" \/>\n\t<meta name=\"twitter:data1\" content=\"8 minuti\" \/>\n<script type=\"application\/ld+json\" class=\"yoast-schema-graph\">{\"@context\":\"https:\/\/schema.org\",\"@graph\":[{\"@type\":\"WebPage\",\"@id\":\"https:\/\/www.leternoassente.com\/?page_id=7035\",\"url\":\"https:\/\/www.leternoassente.com\/?page_id=7035\",\"name\":\"La salvezza non in dio ma da dio - L&#039;Eterno Assente\",\"isPartOf\":{\"@id\":\"https:\/\/www.leternoassente.com\/#website\"},\"primaryImageOfPage\":{\"@id\":\"https:\/\/www.leternoassente.com\/?page_id=7035#primaryimage\"},\"image\":{\"@id\":\"https:\/\/www.leternoassente.com\/?page_id=7035#primaryimage\"},\"thumbnailUrl\":\"https:\/\/www.leternoassente.com\/wp-content\/uploads\/2020\/04\/iosenzadio4.jpg\",\"datePublished\":\"2025-04-04T05:43:06+00:00\",\"dateModified\":\"2025-04-04T17:04:28+00:00\",\"description\":\"Alessandro racconta la propria Storia per \u00abIo senza Dio\u00bb\",\"breadcrumb\":{\"@id\":\"https:\/\/www.leternoassente.com\/?page_id=7035#breadcrumb\"},\"inLanguage\":\"it-IT\",\"potentialAction\":[{\"@type\":\"ReadAction\",\"target\":[\"https:\/\/www.leternoassente.com\/?page_id=7035\"]}]},{\"@type\":\"ImageObject\",\"inLanguage\":\"it-IT\",\"@id\":\"https:\/\/www.leternoassente.com\/?page_id=7035#primaryimage\",\"url\":\"https:\/\/www.leternoassente.com\/wp-content\/uploads\/2020\/04\/iosenzadio4.jpg\",\"contentUrl\":\"https:\/\/www.leternoassente.com\/wp-content\/uploads\/2020\/04\/iosenzadio4.jpg\",\"width\":1500,\"height\":434},{\"@type\":\"BreadcrumbList\",\"@id\":\"https:\/\/www.leternoassente.com\/?page_id=7035#breadcrumb\",\"itemListElement\":[{\"@type\":\"ListItem\",\"position\":1,\"name\":\"Home\",\"item\":\"https:\/\/www.leternoassente.com\/\"},{\"@type\":\"ListItem\",\"position\":2,\"name\":\"\u00abIo senza Dio\u00bb \u2013 Storie\",\"item\":\"https:\/\/www.leternoassente.com\/?page_id=4502\"},{\"@type\":\"ListItem\",\"position\":3,\"name\":\"La salvezza non in dio ma da dio\"}]},{\"@type\":\"WebSite\",\"@id\":\"https:\/\/www.leternoassente.com\/#website\",\"url\":\"https:\/\/www.leternoassente.com\/\",\"name\":\"L&#039;Eterno Assente\",\"description\":\"Dio, la vita, il senso e altre cazzate\",\"publisher\":{\"@id\":\"https:\/\/www.leternoassente.com\/#\/schema\/person\/d2069751871fcdb89a30a0775f4170f9\"},\"potentialAction\":[{\"@type\":\"SearchAction\",\"target\":{\"@type\":\"EntryPoint\",\"urlTemplate\":\"https:\/\/www.leternoassente.com\/?s={search_term_string}\"},\"query-input\":{\"@type\":\"PropertyValueSpecification\",\"valueRequired\":true,\"valueName\":\"search_term_string\"}}],\"inLanguage\":\"it-IT\"},{\"@type\":[\"Person\",\"Organization\"],\"@id\":\"https:\/\/www.leternoassente.com\/#\/schema\/person\/d2069751871fcdb89a30a0775f4170f9\",\"name\":\"Choam Goldberg\",\"image\":{\"@type\":\"ImageObject\",\"inLanguage\":\"it-IT\",\"@id\":\"https:\/\/www.leternoassente.com\/#\/schema\/person\/image\/\",\"url\":\"https:\/\/secure.gravatar.com\/avatar\/63d2c9f25f05d3da5001f2898f6fc9cd?s=96&d=wavatar&r=g\",\"contentUrl\":\"https:\/\/secure.gravatar.com\/avatar\/63d2c9f25f05d3da5001f2898f6fc9cd?s=96&d=wavatar&r=g\",\"caption\":\"Choam Goldberg\"},\"logo\":{\"@id\":\"https:\/\/www.leternoassente.com\/#\/schema\/person\/image\/\"},\"description\":\"Contemplata la vastit\u00e0 del cazzo che gliene frega e raggiunta l\u2019atarass\u00eca, Choam Goldberg pratica nondimeno l'antica, dilettevole e nobile arte di demolire le credenze dei\u00a0beoti e degli insipienti.\",\"sameAs\":[\"http:\/\/www.leternoassente.com\"]}]}<\/script>\n<!-- \/ Yoast SEO plugin. -->","yoast_head_json":{"title":"La salvezza non in dio ma da dio - L&#039;Eterno Assente","description":"Alessandro racconta la propria Storia per \u00abIo senza Dio\u00bb","robots":{"index":"index","follow":"follow","max-snippet":"max-snippet:-1","max-image-preview":"max-image-preview:large","max-video-preview":"max-video-preview:-1"},"canonical":"https:\/\/www.leternoassente.com\/?page_id=7035","og_locale":"it_IT","og_type":"article","og_title":"La salvezza non in dio ma da dio - L&#039;Eterno Assente","og_description":"Alessandro racconta la propria Storia per \u00abIo senza Dio\u00bb","og_url":"https:\/\/www.leternoassente.com\/?page_id=7035","og_site_name":"L&#039;Eterno Assente","article_modified_time":"2025-04-04T17:04:28+00:00","og_image":[{"width":1200,"height":630,"url":"https:\/\/www.leternoassente.com\/wp-content\/uploads\/2020\/04\/iosenzadio4seo.jpg","type":"image\/jpeg"}],"twitter_card":"summary_large_image","twitter_site":"@leternoassente","twitter_misc":{"Tempo di lettura stimato":"8 minuti"},"schema":{"@context":"https:\/\/schema.org","@graph":[{"@type":"WebPage","@id":"https:\/\/www.leternoassente.com\/?page_id=7035","url":"https:\/\/www.leternoassente.com\/?page_id=7035","name":"La salvezza non in dio ma da dio - L&#039;Eterno Assente","isPartOf":{"@id":"https:\/\/www.leternoassente.com\/#website"},"primaryImageOfPage":{"@id":"https:\/\/www.leternoassente.com\/?page_id=7035#primaryimage"},"image":{"@id":"https:\/\/www.leternoassente.com\/?page_id=7035#primaryimage"},"thumbnailUrl":"https:\/\/www.leternoassente.com\/wp-content\/uploads\/2020\/04\/iosenzadio4.jpg","datePublished":"2025-04-04T05:43:06+00:00","dateModified":"2025-04-04T17:04:28+00:00","description":"Alessandro racconta la propria Storia per \u00abIo senza Dio\u00bb","breadcrumb":{"@id":"https:\/\/www.leternoassente.com\/?page_id=7035#breadcrumb"},"inLanguage":"it-IT","potentialAction":[{"@type":"ReadAction","target":["https:\/\/www.leternoassente.com\/?page_id=7035"]}]},{"@type":"ImageObject","inLanguage":"it-IT","@id":"https:\/\/www.leternoassente.com\/?page_id=7035#primaryimage","url":"https:\/\/www.leternoassente.com\/wp-content\/uploads\/2020\/04\/iosenzadio4.jpg","contentUrl":"https:\/\/www.leternoassente.com\/wp-content\/uploads\/2020\/04\/iosenzadio4.jpg","width":1500,"height":434},{"@type":"BreadcrumbList","@id":"https:\/\/www.leternoassente.com\/?page_id=7035#breadcrumb","itemListElement":[{"@type":"ListItem","position":1,"name":"Home","item":"https:\/\/www.leternoassente.com\/"},{"@type":"ListItem","position":2,"name":"\u00abIo senza Dio\u00bb \u2013 Storie","item":"https:\/\/www.leternoassente.com\/?page_id=4502"},{"@type":"ListItem","position":3,"name":"La salvezza non in dio ma da dio"}]},{"@type":"WebSite","@id":"https:\/\/www.leternoassente.com\/#website","url":"https:\/\/www.leternoassente.com\/","name":"L&#039;Eterno Assente","description":"Dio, la vita, il senso e altre cazzate","publisher":{"@id":"https:\/\/www.leternoassente.com\/#\/schema\/person\/d2069751871fcdb89a30a0775f4170f9"},"potentialAction":[{"@type":"SearchAction","target":{"@type":"EntryPoint","urlTemplate":"https:\/\/www.leternoassente.com\/?s={search_term_string}"},"query-input":{"@type":"PropertyValueSpecification","valueRequired":true,"valueName":"search_term_string"}}],"inLanguage":"it-IT"},{"@type":["Person","Organization"],"@id":"https:\/\/www.leternoassente.com\/#\/schema\/person\/d2069751871fcdb89a30a0775f4170f9","name":"Choam Goldberg","image":{"@type":"ImageObject","inLanguage":"it-IT","@id":"https:\/\/www.leternoassente.com\/#\/schema\/person\/image\/","url":"https:\/\/secure.gravatar.com\/avatar\/63d2c9f25f05d3da5001f2898f6fc9cd?s=96&d=wavatar&r=g","contentUrl":"https:\/\/secure.gravatar.com\/avatar\/63d2c9f25f05d3da5001f2898f6fc9cd?s=96&d=wavatar&r=g","caption":"Choam Goldberg"},"logo":{"@id":"https:\/\/www.leternoassente.com\/#\/schema\/person\/image\/"},"description":"Contemplata la vastit\u00e0 del cazzo che gliene frega e raggiunta l\u2019atarass\u00eca, Choam Goldberg pratica nondimeno l'antica, dilettevole e nobile arte di demolire le credenze dei\u00a0beoti e degli insipienti.","sameAs":["http:\/\/www.leternoassente.com"]}]}},"_links":{"self":[{"href":"https:\/\/www.leternoassente.com\/index.php?rest_route=\/wp\/v2\/pages\/7035"}],"collection":[{"href":"https:\/\/www.leternoassente.com\/index.php?rest_route=\/wp\/v2\/pages"}],"about":[{"href":"https:\/\/www.leternoassente.com\/index.php?rest_route=\/wp\/v2\/types\/page"}],"author":[{"embeddable":true,"href":"https:\/\/www.leternoassente.com\/index.php?rest_route=\/wp\/v2\/users\/1"}],"replies":[{"embeddable":true,"href":"https:\/\/www.leternoassente.com\/index.php?rest_route=%2Fwp%2Fv2%2Fcomments&post=7035"}],"version-history":[{"count":3,"href":"https:\/\/www.leternoassente.com\/index.php?rest_route=\/wp\/v2\/pages\/7035\/revisions"}],"predecessor-version":[{"id":7062,"href":"https:\/\/www.leternoassente.com\/index.php?rest_route=\/wp\/v2\/pages\/7035\/revisions\/7062"}],"up":[{"embeddable":true,"href":"https:\/\/www.leternoassente.com\/index.php?rest_route=\/wp\/v2\/pages\/4502"}],"wp:featuredmedia":[{"embeddable":true,"href":"https:\/\/www.leternoassente.com\/index.php?rest_route=\/wp\/v2\/media\/3299"}],"wp:attachment":[{"href":"https:\/\/www.leternoassente.com\/index.php?rest_route=%2Fwp%2Fv2%2Fmedia&parent=7035"}],"curies":[{"name":"wp","href":"https:\/\/api.w.org\/{rel}","templated":true}]}}