{"id":7076,"date":"2025-05-02T15:21:46","date_gmt":"2025-05-02T13:21:46","guid":{"rendered":"https:\/\/www.leternoassente.com\/?page_id=7076"},"modified":"2025-05-02T15:29:09","modified_gmt":"2025-05-02T13:29:09","slug":"gutta-cavat-lapidem","status":"publish","type":"page","link":"https:\/\/www.leternoassente.com\/?page_id=7076","title":{"rendered":"Gutta cavat lapidem"},"content":{"rendered":"<p><strong>Francesco racconta la propria Storia per \u00abIo senza Dio\u00bb<\/strong><\/p>\n<hr \/>\n<p>I latini dicevano: \u00abGutta cavat lapidem\u00bb. A volte a fare la differenza sono i comportamenti e gli atteggiamenti dei singoli che magari, presi singolarmente, non hanno alcun peso, ma uno dopo l&#8217;altro creano un solco che non pu\u00f2 pi\u00f9 essere chiuso e attraverso il quale cominciano a fluire pensieri e riflessioni che portano a un profondo cambiamento.<\/p>\n<p>Andavo a una Scuola media cattolica non lontana da una parrocchia che frequentavo anche come ministrante (chierichetto, per dirlo in maniera pi\u00f9 comprensibile). Quando mor\u00ec il parroco precedente \u2013 con cui per la verit\u00e0 non avevo avuto grandi contatti e posso dire che non conoscevo quasi perch\u00e9 aveva cessato il proprio ministero l&#8217;anno prima che iniziassi a frequentare \u2013, il nuovo parroco mi chiese di servire Messa al funerale. Io riferii la richiesta alla scuola e mi fu concesso di uscire per il tempo necessario. Risultato? La professoressa di religione nel quadrimestre successivo mi abbass\u00f2 il voto accusandomi di essere un sepolcro imbiancato e di aver voluto mettermi in mostra andando a servire Messa. Quella fu una goccia che corse lungo la pietra senza lasciare segni, tanto che poi, compiuta la maggiore et\u00e0, divenni aiuto catechista e ministro straordinario dell&#8217;eucaristia in quella stessa parrocchia.<\/p>\n<p>Poich\u00e9 collaboravo con un giornale per la parte sportiva e seguivo partite di calcio giovanile e dilettantistico, capitava assai spesso che non potessi andare alla Messa principale delle 11. Per\u00f2, per evitare che i ragazzi pensassero che disertavo la funzione, conoscendo con anticipo i miei impegni del weekend avevo l&#8217;abitudine di indicare la Messa a cui sarei andato, dicendo loro che sarebbe stato meglio che loro frequentassero quella principale ma che, se volevano verificare che cosa facevo io, mi avrebbero trovato alla tale ora. Tutto bene, finch\u00e9 per tre volte di seguito dovetti indicare la Messa prefestiva del sabato perch\u00e9 la domenica ero totalmente occupato. A quel punto la catechista mi attacc\u00f2 davanti ai ragazzi affermando che la prefestiva non esisteva: una cosa che i cattolici sanno bene non essere vera. Non trovando il supporto del parroco contro la catechista, dovetti lasciare subito quella collaborazione. Guardando a quello e ripensando al precedente di anni prima, mi trovai a riflettere su un fatto che, sebbene ovvio, non avevo mai preso in seria considerazione: la Chiesa, per quanto istituzione divina, \u00e8 fatta di esseri umani. Una prima scalfittura sulla pietra della mia fede.<\/p>\n<p>L&#8217;avvento del papato di Ratzinger riport\u00f2 nel Messale la preghiera \u00abantigiudaica\u00bb del Venerd\u00ec santo. A quell&#8217;epoca avevo gi\u00e0 iniziato il Liceo classico e la conoscenza del latino mi dava la chiara e netta percezione che la reintroduzione di questa preghiera fosse accompagnata da una presa in giro: cancellare la parola \u00abperfidis\u00bb che agli orecchi degli italiani (e forse anche di altri) suonava male. Questo mi port\u00f2 ad allontanarmi ancora. A quel punto i miei dubbi nei confronti dell&#8217;istituzione Chiesa erano radicati, bench\u00e9 la fede non fosse ancora stata scalfita.<\/p>\n<p>Comunicai al parroco la mia intenzione di non rinnovare il mandato di ministro straordinario dell&#8217;eucaristia in scadenza, dicendogli chiaramente che, pur volendo continuare a praticare, non potevo avere un mandato formale dalla Chiesa, non essendo pi\u00f9 in linea con i suoi vertici. Il parroco si offese e la mia frequenza inizi\u00f2 a diradarsi molto, fino a interrompersi del tutto qualche anno dopo. La fessura nella pietra era ormai aperta, ma ancora non era molto larga.<\/p>\n<p>Arrivai a un&#8217;indifferenza sostanziale nei confronti della religione, della quale di fatto non mi occupai pi\u00f9. Ma, quando alla pioggia segue un prolungato periodo di siccit\u00e0, gli effetti delle nuove piogge possono produrre danni ancora pi\u00f9 devastanti. Proprio come avvenne alla mia fede quando arrivarono le modifiche della Conferenza episcopale italiana al Padre Nostro \u2013 e alla liturgia, dove trov\u00f2 cittadinanza il politicamente corretto \u00abfratelli e sorelle\u00bb \u2013 e mi ritrovai di nuovo a farmi domande. Come poteva cambiare il Padre Nostro apparentemente solo in Italia senza andare a ripensare neppure la Vulgata latina da cui la versione italiana deriva? Quella era la goccia che alla fine aveva scavato la pietra fino a squarciarla totalmente.<\/p>\n<p>Al netto della domanda pi\u00f9 ovvia: che credibilit\u00e0 pu\u00f2 avere un&#8217;istituzione che impiega 2000 anni per accorgersi di una bestemmia, che credibilit\u00e0 ha un testo che pu\u00f2 essere tradotto senza alcun problema o dubbio in maniera ambigua, contraddittoria o arbitraria? Approfondii, almeno sommariamente, l&#8217;origine dei testi, approdando alla conoscenza della teoria dell&#8217;esistenza dell&#8217;ipotesi di tre differenti Isaia e soprattutto alla conoscenza dei tempi di stesura dei Vangeli e dell&#8217;esistenza di diversi testi inconciliabili tra loro.<\/p>\n<p>Ovviamente iniziai a farmi domande anche sulla razionalit\u00e0 della fede. Paradossalmente, se volessi individuare un \u00absegno\u00bb vero di qualcosa nella mia vita, dovrei trovare un&#8217;indicazione che la strada giusta era quella che mi portava lontano dalla Chiesa. Un mistero (non della fede ma) dell&#8217;algoritmo mi port\u00f2 per qualche motivo a scoprire L&#8217;Eterno Assente quando io stesso iniziavo seriamente a riflettere sul mistero del Male. Un incontro virtuale che mi ha aiutato ulteriormente a pensare, riflettere, approfondire e giungere all&#8217;unica, ovvia conclusione di tutto questo percorso: il Dio abramitico non pu\u00f2 esistere.<\/p>\n<p><strong>Francesco<\/strong><\/p>\n<p>Vuoi raccontare anche tu la tua Storia per \u00abIo senza Dio\u00bb? Spediscila a L&#8217;Eterno Assente, ma prima consulta il <a href=\"https:\/\/www.leternoassente.com\/?page_id=4429\" target=\"_blank\" rel=\"noopener noreferrer\">Regolamento<\/a><\/p>\n<p><a href=\"https:\/\/www.leternoassente.com\/?page_id=4502\" target=\"_blank\" rel=\"noopener noreferrer\">Tutte le Storie di \u00abIo senza Dio\u00bb<\/a><\/p>\n<hr \/>\n<p><em>Qui sotto trovi la possibilit\u00e0 di commentare quest&#8217;articolo. Per farlo, devi<br \/>\n1. confermare che sei ateo\/a,<br \/>\n2. essere consapevole che, se menti, stai commettendo il gravissimo peccato di apostasia,<br \/>\n3. aspettare che il commento sia approvato dall&#8217;admin.<br \/>\nL&#8217;approvazione dei commenti dipende dall&#8217;insindacabile e inappellabile giudizio dell&#8217;admin. Se vuoi saperne di pi\u00f9 a proposito dei commenti, puoi consultare le <a href=\"http:\/\/www.leternoassente.com\/?page_id=957#nocomment\" target=\"_blank\" rel=\"noopener\">FAQ<\/a>.<br \/>\nInoltre puoi commentare gli articoli e i post nel <a href=\"https:\/\/www.facebook.com\/groups\/eternoassente\/\" target=\"_blank\" rel=\"noopener\">Gruppo Facebook de L&#8217;Eterno Assente<\/a>, se ti iscrivi al Gruppo dopo aver risposto a una semplice domanda.<\/em><\/p>\n","protected":false},"excerpt":{"rendered":"<p>Francesco racconta la propria Storia per \u00abIo senza Dio\u00bb I latini dicevano: \u00abGutta cavat lapidem\u00bb. A volte a fare la differenza sono i comportamenti e gli atteggiamenti dei singoli che magari, presi singolarmente, non hanno alcun peso, ma uno dopo &hellip; <a href=\"https:\/\/www.leternoassente.com\/?page_id=7076\">Continua a leggere<span class=\"meta-nav\">&rarr;<\/span><\/a><\/p>\n","protected":false},"author":1,"featured_media":3299,"parent":4502,"menu_order":0,"comment_status":"open","ping_status":"closed","template":"","meta":{"footnotes":""},"class_list":["post-7076","page","type-page","status-publish","has-post-thumbnail","hentry"],"yoast_head":"<!-- This site is optimized with the Yoast SEO plugin v25.6 - https:\/\/yoast.com\/wordpress\/plugins\/seo\/ -->\n<title>Gutta cavat lapidem - L&#039;Eterno Assente<\/title>\n<meta name=\"description\" content=\"Francesco racconta la propria Storia per \u00abIo senza Dio\u00bb\" \/>\n<meta name=\"robots\" content=\"index, follow, max-snippet:-1, max-image-preview:large, max-video-preview:-1\" \/>\n<link rel=\"canonical\" href=\"https:\/\/www.leternoassente.com\/?page_id=7076\" \/>\n<meta property=\"og:locale\" content=\"it_IT\" \/>\n<meta property=\"og:type\" content=\"article\" \/>\n<meta property=\"og:title\" content=\"Gutta cavat lapidem - L&#039;Eterno Assente\" \/>\n<meta property=\"og:description\" content=\"Francesco racconta la propria Storia per \u00abIo senza Dio\u00bb\" \/>\n<meta property=\"og:url\" content=\"https:\/\/www.leternoassente.com\/?page_id=7076\" \/>\n<meta property=\"og:site_name\" content=\"L&#039;Eterno Assente\" \/>\n<meta property=\"article:modified_time\" content=\"2025-05-02T13:29:09+00:00\" \/>\n<meta property=\"og:image\" content=\"https:\/\/www.leternoassente.com\/wp-content\/uploads\/2020\/04\/iosenzadio4seo.jpg\" \/>\n\t<meta property=\"og:image:width\" content=\"1200\" \/>\n\t<meta property=\"og:image:height\" content=\"630\" \/>\n\t<meta property=\"og:image:type\" content=\"image\/jpeg\" \/>\n<meta name=\"twitter:card\" content=\"summary_large_image\" \/>\n<meta name=\"twitter:site\" content=\"@leternoassente\" \/>\n<meta name=\"twitter:label1\" content=\"Tempo di lettura stimato\" \/>\n\t<meta name=\"twitter:data1\" content=\"6 minuti\" \/>\n<script type=\"application\/ld+json\" class=\"yoast-schema-graph\">{\"@context\":\"https:\/\/schema.org\",\"@graph\":[{\"@type\":\"WebPage\",\"@id\":\"https:\/\/www.leternoassente.com\/?page_id=7076\",\"url\":\"https:\/\/www.leternoassente.com\/?page_id=7076\",\"name\":\"Gutta cavat lapidem - L&#039;Eterno Assente\",\"isPartOf\":{\"@id\":\"https:\/\/www.leternoassente.com\/#website\"},\"primaryImageOfPage\":{\"@id\":\"https:\/\/www.leternoassente.com\/?page_id=7076#primaryimage\"},\"image\":{\"@id\":\"https:\/\/www.leternoassente.com\/?page_id=7076#primaryimage\"},\"thumbnailUrl\":\"https:\/\/www.leternoassente.com\/wp-content\/uploads\/2020\/04\/iosenzadio4.jpg\",\"datePublished\":\"2025-05-02T13:21:46+00:00\",\"dateModified\":\"2025-05-02T13:29:09+00:00\",\"description\":\"Francesco racconta la propria Storia per \u00abIo senza Dio\u00bb\",\"breadcrumb\":{\"@id\":\"https:\/\/www.leternoassente.com\/?page_id=7076#breadcrumb\"},\"inLanguage\":\"it-IT\",\"potentialAction\":[{\"@type\":\"ReadAction\",\"target\":[\"https:\/\/www.leternoassente.com\/?page_id=7076\"]}]},{\"@type\":\"ImageObject\",\"inLanguage\":\"it-IT\",\"@id\":\"https:\/\/www.leternoassente.com\/?page_id=7076#primaryimage\",\"url\":\"https:\/\/www.leternoassente.com\/wp-content\/uploads\/2020\/04\/iosenzadio4.jpg\",\"contentUrl\":\"https:\/\/www.leternoassente.com\/wp-content\/uploads\/2020\/04\/iosenzadio4.jpg\",\"width\":1500,\"height\":434},{\"@type\":\"BreadcrumbList\",\"@id\":\"https:\/\/www.leternoassente.com\/?page_id=7076#breadcrumb\",\"itemListElement\":[{\"@type\":\"ListItem\",\"position\":1,\"name\":\"Home\",\"item\":\"https:\/\/www.leternoassente.com\/\"},{\"@type\":\"ListItem\",\"position\":2,\"name\":\"\u00abIo senza Dio\u00bb \u2013 Storie\",\"item\":\"https:\/\/www.leternoassente.com\/?page_id=4502\"},{\"@type\":\"ListItem\",\"position\":3,\"name\":\"Gutta cavat lapidem\"}]},{\"@type\":\"WebSite\",\"@id\":\"https:\/\/www.leternoassente.com\/#website\",\"url\":\"https:\/\/www.leternoassente.com\/\",\"name\":\"L&#039;Eterno Assente\",\"description\":\"Dio, la vita, il senso e altre cazzate\",\"publisher\":{\"@id\":\"https:\/\/www.leternoassente.com\/#\/schema\/person\/d2069751871fcdb89a30a0775f4170f9\"},\"potentialAction\":[{\"@type\":\"SearchAction\",\"target\":{\"@type\":\"EntryPoint\",\"urlTemplate\":\"https:\/\/www.leternoassente.com\/?s={search_term_string}\"},\"query-input\":{\"@type\":\"PropertyValueSpecification\",\"valueRequired\":true,\"valueName\":\"search_term_string\"}}],\"inLanguage\":\"it-IT\"},{\"@type\":[\"Person\",\"Organization\"],\"@id\":\"https:\/\/www.leternoassente.com\/#\/schema\/person\/d2069751871fcdb89a30a0775f4170f9\",\"name\":\"Choam Goldberg\",\"image\":{\"@type\":\"ImageObject\",\"inLanguage\":\"it-IT\",\"@id\":\"https:\/\/www.leternoassente.com\/#\/schema\/person\/image\/\",\"url\":\"https:\/\/secure.gravatar.com\/avatar\/63d2c9f25f05d3da5001f2898f6fc9cd?s=96&d=wavatar&r=g\",\"contentUrl\":\"https:\/\/secure.gravatar.com\/avatar\/63d2c9f25f05d3da5001f2898f6fc9cd?s=96&d=wavatar&r=g\",\"caption\":\"Choam Goldberg\"},\"logo\":{\"@id\":\"https:\/\/www.leternoassente.com\/#\/schema\/person\/image\/\"},\"description\":\"Contemplata la vastit\u00e0 del cazzo che gliene frega e raggiunta l\u2019atarass\u00eca, Choam Goldberg pratica nondimeno l'antica, dilettevole e nobile arte di demolire le credenze dei\u00a0beoti e degli insipienti.\",\"sameAs\":[\"http:\/\/www.leternoassente.com\"]}]}<\/script>\n<!-- \/ Yoast SEO plugin. -->","yoast_head_json":{"title":"Gutta cavat lapidem - L&#039;Eterno Assente","description":"Francesco racconta la propria Storia per \u00abIo senza Dio\u00bb","robots":{"index":"index","follow":"follow","max-snippet":"max-snippet:-1","max-image-preview":"max-image-preview:large","max-video-preview":"max-video-preview:-1"},"canonical":"https:\/\/www.leternoassente.com\/?page_id=7076","og_locale":"it_IT","og_type":"article","og_title":"Gutta cavat lapidem - L&#039;Eterno Assente","og_description":"Francesco racconta la propria Storia per \u00abIo senza Dio\u00bb","og_url":"https:\/\/www.leternoassente.com\/?page_id=7076","og_site_name":"L&#039;Eterno Assente","article_modified_time":"2025-05-02T13:29:09+00:00","og_image":[{"width":1200,"height":630,"url":"https:\/\/www.leternoassente.com\/wp-content\/uploads\/2020\/04\/iosenzadio4seo.jpg","type":"image\/jpeg"}],"twitter_card":"summary_large_image","twitter_site":"@leternoassente","twitter_misc":{"Tempo di lettura stimato":"6 minuti"},"schema":{"@context":"https:\/\/schema.org","@graph":[{"@type":"WebPage","@id":"https:\/\/www.leternoassente.com\/?page_id=7076","url":"https:\/\/www.leternoassente.com\/?page_id=7076","name":"Gutta cavat lapidem - L&#039;Eterno Assente","isPartOf":{"@id":"https:\/\/www.leternoassente.com\/#website"},"primaryImageOfPage":{"@id":"https:\/\/www.leternoassente.com\/?page_id=7076#primaryimage"},"image":{"@id":"https:\/\/www.leternoassente.com\/?page_id=7076#primaryimage"},"thumbnailUrl":"https:\/\/www.leternoassente.com\/wp-content\/uploads\/2020\/04\/iosenzadio4.jpg","datePublished":"2025-05-02T13:21:46+00:00","dateModified":"2025-05-02T13:29:09+00:00","description":"Francesco racconta la propria Storia per \u00abIo senza Dio\u00bb","breadcrumb":{"@id":"https:\/\/www.leternoassente.com\/?page_id=7076#breadcrumb"},"inLanguage":"it-IT","potentialAction":[{"@type":"ReadAction","target":["https:\/\/www.leternoassente.com\/?page_id=7076"]}]},{"@type":"ImageObject","inLanguage":"it-IT","@id":"https:\/\/www.leternoassente.com\/?page_id=7076#primaryimage","url":"https:\/\/www.leternoassente.com\/wp-content\/uploads\/2020\/04\/iosenzadio4.jpg","contentUrl":"https:\/\/www.leternoassente.com\/wp-content\/uploads\/2020\/04\/iosenzadio4.jpg","width":1500,"height":434},{"@type":"BreadcrumbList","@id":"https:\/\/www.leternoassente.com\/?page_id=7076#breadcrumb","itemListElement":[{"@type":"ListItem","position":1,"name":"Home","item":"https:\/\/www.leternoassente.com\/"},{"@type":"ListItem","position":2,"name":"\u00abIo senza Dio\u00bb \u2013 Storie","item":"https:\/\/www.leternoassente.com\/?page_id=4502"},{"@type":"ListItem","position":3,"name":"Gutta cavat lapidem"}]},{"@type":"WebSite","@id":"https:\/\/www.leternoassente.com\/#website","url":"https:\/\/www.leternoassente.com\/","name":"L&#039;Eterno Assente","description":"Dio, la vita, il senso e altre cazzate","publisher":{"@id":"https:\/\/www.leternoassente.com\/#\/schema\/person\/d2069751871fcdb89a30a0775f4170f9"},"potentialAction":[{"@type":"SearchAction","target":{"@type":"EntryPoint","urlTemplate":"https:\/\/www.leternoassente.com\/?s={search_term_string}"},"query-input":{"@type":"PropertyValueSpecification","valueRequired":true,"valueName":"search_term_string"}}],"inLanguage":"it-IT"},{"@type":["Person","Organization"],"@id":"https:\/\/www.leternoassente.com\/#\/schema\/person\/d2069751871fcdb89a30a0775f4170f9","name":"Choam Goldberg","image":{"@type":"ImageObject","inLanguage":"it-IT","@id":"https:\/\/www.leternoassente.com\/#\/schema\/person\/image\/","url":"https:\/\/secure.gravatar.com\/avatar\/63d2c9f25f05d3da5001f2898f6fc9cd?s=96&d=wavatar&r=g","contentUrl":"https:\/\/secure.gravatar.com\/avatar\/63d2c9f25f05d3da5001f2898f6fc9cd?s=96&d=wavatar&r=g","caption":"Choam Goldberg"},"logo":{"@id":"https:\/\/www.leternoassente.com\/#\/schema\/person\/image\/"},"description":"Contemplata la vastit\u00e0 del cazzo che gliene frega e raggiunta l\u2019atarass\u00eca, Choam Goldberg pratica nondimeno l'antica, dilettevole e nobile arte di demolire le credenze dei\u00a0beoti e degli insipienti.","sameAs":["http:\/\/www.leternoassente.com"]}]}},"_links":{"self":[{"href":"https:\/\/www.leternoassente.com\/index.php?rest_route=\/wp\/v2\/pages\/7076"}],"collection":[{"href":"https:\/\/www.leternoassente.com\/index.php?rest_route=\/wp\/v2\/pages"}],"about":[{"href":"https:\/\/www.leternoassente.com\/index.php?rest_route=\/wp\/v2\/types\/page"}],"author":[{"embeddable":true,"href":"https:\/\/www.leternoassente.com\/index.php?rest_route=\/wp\/v2\/users\/1"}],"replies":[{"embeddable":true,"href":"https:\/\/www.leternoassente.com\/index.php?rest_route=%2Fwp%2Fv2%2Fcomments&post=7076"}],"version-history":[{"count":5,"href":"https:\/\/www.leternoassente.com\/index.php?rest_route=\/wp\/v2\/pages\/7076\/revisions"}],"predecessor-version":[{"id":7088,"href":"https:\/\/www.leternoassente.com\/index.php?rest_route=\/wp\/v2\/pages\/7076\/revisions\/7088"}],"up":[{"embeddable":true,"href":"https:\/\/www.leternoassente.com\/index.php?rest_route=\/wp\/v2\/pages\/4502"}],"wp:featuredmedia":[{"embeddable":true,"href":"https:\/\/www.leternoassente.com\/index.php?rest_route=\/wp\/v2\/media\/3299"}],"wp:attachment":[{"href":"https:\/\/www.leternoassente.com\/index.php?rest_route=%2Fwp%2Fv2%2Fmedia&parent=7076"}],"curies":[{"name":"wp","href":"https:\/\/api.w.org\/{rel}","templated":true}]}}