{"id":7340,"date":"2025-09-22T14:05:47","date_gmt":"2025-09-22T12:05:47","guid":{"rendered":"https:\/\/www.leternoassente.com\/?page_id=7340"},"modified":"2025-09-22T14:05:48","modified_gmt":"2025-09-22T12:05:48","slug":"dio-e-la-sindrome-di-stoccolma","status":"publish","type":"page","link":"https:\/\/www.leternoassente.com\/?page_id=7340","title":{"rendered":"Dio e la sindrome di Stoccolma"},"content":{"rendered":"<p><strong>Gianluca 77 racconta la propria Storia per \u00abIo senza Dio\u00bb.<\/strong><\/p>\n<hr>\n<p>Provengo dalla classica famiglia borghese democristiana \u00abcattolicista\u00bb: quei cattolici tiepidi che sono tali pi\u00f9 per tradizione e paura che non per studio o convinzione. Poco praticanti, fortemente superstiziosi e sempre pronti a non schierarsi apertamente. Da loro ho ereditato l&#8217;avere paura e il riscatto culturale.<\/p>\n<p>Quello che cerco sempre di spiegare \u00e8 che in realt\u00e0 ateo lo sono sempre stato. Inconsciamente. Pur cresciuto a pane e dottrina e alternando per tanti anni stati di coscienza pi\u00f9 o meno lontani dalla fede e dalla Chiesa. Il dubbio era sempre stato forte. Ma era forte anche la comfort zone della \u00abbolla di Santa Madre Chiesa\u00bb. <\/p>\n<p>\u00c8 successo che questa bolla si \u00e8 rotta definitivamente alla \u00abtenera\u00bb et\u00e0 di 45 anni. A un certo punto non ce l&#8217;ho fatta pi\u00f9 e, a seguito dell&#8217;ennesima preghiera non esaudita, dell&#8217;ennesimo trauma personale e dell&#8217;ennesima litigata con un apologeta \u2013 tra l&#8217;altro protestante, perch\u00e9 tanto il loro Dio \u00e8 sempre quello l\u00ec \u2013, il mio cervello ha deciso di dare un taglio netto alla continua dissonanza cognitiva. E, dopo aver esaminato ripetutamente la mia coscienza (citazione voluta), sono diventato \u00absinceramente e coscientemente ateo\u00bb. \u00c8 stato come un vaccino. Una liberazione. E sono fiero e felice di esserlo.<\/p>\n<p>Per\u00f2 perdere la fede a 45 anni ti spiazza con timore e tremore. E sapete perch\u00e9? Perch\u00e9, mentre realizzavo coscientemente che avevo fatto finalmente il passo giusto, d&#8217;altro canto mi sentivo solo, senza appiglio, in un universo buio pi\u00f9 o meno illuminato da lanternette qua e l\u00e0 (per dirla alla Pirandello). Perch\u00e9 \u2013 diciamocelo \u2013 in realt\u00e0 verso quell&#8217;ipotetico Dio padre-padrone, che ogni tanto faceva capolino nella mia vita, avevo sviluppato una sindrome di Stoccolma. In fondo a quell&#8217;idea di Dio \u00abpadrone assenteista\u00bb ci ero affezionato. In fondo avevo bisogno di pensare che forse quel Dio era comunque nascosto l\u00e0 da qualche parte e, magari di sfuggita, ogni tanto poteva essere capace di ascoltarmi. Magari intervenendo con i peggio danni!<\/p>\n<p>In fondo, dopo tutti quegli anni da finto credente e ateo non troppo convinto, trovavo un certo gusto nel cercare di estorcergli una piccola grazia umiliandomi con i peggio sacrifici, i digiuni, le notti in preghiera, le adorazioni, i rosari, i pellegrinaggi e ogni sorta di pia pratica. Ed era anche bello sfogarsi con quei \u00abfratelli\u00bb che, come me, cercavano (invano) di negoziare con quel Dio ovviamente meschino, sociopatico e paranoico qualche grazia in cambio di altrettante penose umiliazioni nella vana illusione che quel Dio, a un certo punto, avrebbe dato loro una risposta. Se poi non mi dava risposte, era perch\u00e9 magari non avevo pregato abbastanza, perch\u00e9 magari avevo peccato in purezza \u2013 che, a detta dei suoi rappresentanti cattolici, \u00e8 il peggiore dei peccati e ti fa rompere l&#8217;amicizia con Dio \u2013 oppure ancora \u2013 e qui alziamo l&#8217;asticella \u2013 perch\u00e9 Dio aveva il famosissimo \u00abpiano imperscrutabile su di te\u00bb.<\/p>\n<p>Ma a questo giro il giochino si \u00e8 rotto. E, quando i bambini scoprono che Babbo Natale non esiste ma sono mamma e pap\u00e0, \u00e8 la tragedia. Non perch\u00e9 hanno paura che non riceveranno pi\u00f9 regali, bens\u00ec perch\u00e9 si rompe quella magia che portava a far loro credere che un ciccione sconosciuto vestito di rosso ma molto famoso si faceva il culo proprio per loro, per venire proprio a casa loro con le renne ogni cazzo di notte di Natale. Quindi occorreva per me superare il lutto della \u00abmorte di Dio\u00bb.<\/p>\n<p>Allora l&#8217;ho rimpiazzato con il rafforzamento di quegli ideali, passioni e ogni sorta di ragione per cui vale la pena vivere. Ho ripreso a scrivere, a fare le mie ricerche per il mio piacere personale, come gli studi sullo gnosticismo, su Rudolf Steiner e sullle \u00abcose massoniche\u00bb: non ne faccio mistero, anzi per me \u00e8 un orgoglio, ma di questo argomento ne parler\u00f2 meglio in un&#8217;altra sede. Tutto bene, ma con la tranquilla e serena convinzione che, quando si parla di una qualunque forma di Dio \u2013 non solo di quello abramitico-cristiano \u2013, bisogna giocare a speculare e mai prendersi sul serio. Ha perfettamente ragione un giovane prete dall&#8217;accento romanesco che tiene un bel canale su YouTube: \u00abL&#8217;ateismo non \u00e8 una religione, perch\u00e9 l&#8217;ateismo non esiste. \u00c8 una risposta. Io posso essere ateo e credere nella fatina dei denti, nell&#8217;anima, nell&#8217;aldil\u00e0, nella reincarnazione. S\u00ec, anche in un aldil\u00e0, basta che me lo invento\u00bb.<\/p>\n<p>E volete sapere un&#8217;altra cosa? \u00c8 noto che la scienza stessa ha ammesso che dalla conformazione del nostro cervello noi esseri umani abbiamo una necessit\u00e0 fisiologica di crearci una metafisica. E che gli esseri umani sono proprio \u00abanimali addomesticati\u00bb (vedi l&#8217;ipotesi dell&#8217;auto-addomesticamento). Pertanto noi umani abbiamo la necessit\u00e0 di rispondere a un Ente Supremo e di fare cose per costui: praticamente l&#8217;unica cosa che accomuna Mauro Biglino e Mortebianca, ma non lo hanno scoperto loro. Grazie al ca\u2026volo. Ogni filosofo ce lo dice. Ricordiamoci della bellissima \u00abteoria delle illusioni\u00bb di Leopardi! Questa \u00e8 la meraviglia della nostra vita, e a essere atei si pu\u00f2 meglio gustare ci\u00f2 perch\u00e9 si \u00e8 pi\u00f9 liberi.<\/p>\n<p>Riguardo poi alla morte \u2013 e lo dico da ex-credente praticante \u2013, mi sono sempre trovato assai pi\u00f9 in sintonia con la celebre frase di Margherita Hack: \u00abNon mi fa assolutamente paura. Rester\u00e0 la mia materia, quella di cui sono fatta io, che servir\u00e0 a fare altre cose\u00bb. Quello che mi fa paura \u00e8 la sofferenza, la perdita della dignit\u00e0, l&#8217;essere un peso per gli altri o la stessa vecchiaia, come la vedo oggi nei miei genitori: un trascinarsi accanito trattenendo la vita coi denti. Io ho paura di abbandonare incombenze a met\u00e0, come lasciare ad altri la cura dei miei gatti. Ma che dopo vi sia un aldil\u00e0 pi\u00f9 o meno colorato, un sonno senza sogni o magari la reincarnazione in stile buddhismo o Steiner&#8230; beh, la cosa non mi riguarda. Anzi sar\u00f2 curioso di saperlo in quel momento. Semmai mi divertir\u00f2 a guardare spargere le mie ceneri mentre torner\u00f2 dagli Elohim. L&#8217;importante sar\u00e0 la pace che avr\u00f2 con la mia coscienza.<\/p>\n<p>Se poi anche fosse che in una remotissima ipotesi dovessi ritrovarmi faccia a faccia con il Dio dei cristiani, beh, allora saranno cavoli suoi. E \u2013 sappiate \u2013 gliene chieder\u00f2 conto fino all&#8217;ultimo centesimo.<\/p>\n<p><strong>Gianluca 77<\/strong><\/p>\n<p>Vuoi raccontare anche tu la tua Storia per \u00abIo senza Dio\u00bb? Spediscila a L&#8217;Eterno Assente, ma prima consulta il <a href=\"https:\/\/www.leternoassente.com\/?page_id=4429\" target=\"_blank\" rel=\"noopener noreferrer\">Regolamento<\/a><\/p>\n<p><a href=\"https:\/\/www.leternoassente.com\/?page_id=4502\" target=\"_blank\" rel=\"noopener noreferrer\">Tutte le Storie di \u00abIo senza Dio\u00bb<\/a><\/p>\n<hr>\n<p><em>Qui sotto trovi la possibilit\u00e0 di commentare quest&#8217;articolo. Per farlo, devi<br \/>\n1. confermare che sei ateo\/a,<br \/>\n2. essere consapevole che, se menti, stai commettendo il gravissimo peccato di apostasia,<br \/>\n3. aspettare che il commento sia approvato dall&#8217;admin.<br \/>\nL&#8217;approvazione dei commenti dipende dall&#8217;insindacabile e inappellabile giudizio dell&#8217;admin. Se vuoi saperne di pi\u00f9 a proposito dei commenti, puoi consultare le <a href=\"http:\/\/www.leternoassente.com\/?page_id=957#nocomment\" target=\"_blank\" rel=\"noopener noreferrer\">FAQ<\/a>.<br \/>\nInoltre puoi commentare gli articoli e i post nel <a href=\"https:\/\/www.facebook.com\/groups\/eternoassente\/\" target=\"_blank\" rel=\"noopener noreferrer\">Gruppo Facebook de L&#8217;Eterno Assente<\/a>, se ti iscrivi al Gruppo dopo aver risposto a una semplice domanda.<\/em><\/p>\n","protected":false},"excerpt":{"rendered":"<p>Gianluca 77 racconta la propria Storia per \u00abIo senza Dio\u00bb. Provengo dalla classica famiglia borghese democristiana \u00abcattolicista\u00bb: quei cattolici tiepidi che sono tali pi\u00f9 per tradizione e paura che non per studio o convinzione. Poco praticanti, fortemente superstiziosi e sempre &hellip; <a href=\"https:\/\/www.leternoassente.com\/?page_id=7340\">Continua a leggere<span class=\"meta-nav\">&rarr;<\/span><\/a><\/p>\n","protected":false},"author":1,"featured_media":3299,"parent":4502,"menu_order":0,"comment_status":"open","ping_status":"closed","template":"","meta":{"footnotes":""},"class_list":["post-7340","page","type-page","status-publish","has-post-thumbnail","hentry"],"yoast_head":"<!-- This site is optimized with the Yoast SEO plugin v25.6 - https:\/\/yoast.com\/wordpress\/plugins\/seo\/ -->\n<title>Dio e la sindrome di Stoccolma - L&#039;Eterno Assente<\/title>\n<meta name=\"description\" content=\"Gianluca 77 racconta la propria Storia per \u00abIo senza Dio\u00bb.\" \/>\n<meta name=\"robots\" content=\"index, follow, max-snippet:-1, max-image-preview:large, max-video-preview:-1\" \/>\n<link rel=\"canonical\" href=\"https:\/\/www.leternoassente.com\/?page_id=7340\" \/>\n<meta property=\"og:locale\" content=\"it_IT\" \/>\n<meta property=\"og:type\" content=\"article\" \/>\n<meta property=\"og:title\" content=\"Dio e la sindrome di Stoccolma - L&#039;Eterno Assente\" \/>\n<meta property=\"og:description\" content=\"Gianluca 77 racconta la propria Storia per \u00abIo senza Dio\u00bb.\" \/>\n<meta property=\"og:url\" content=\"https:\/\/www.leternoassente.com\/?page_id=7340\" \/>\n<meta property=\"og:site_name\" content=\"L&#039;Eterno Assente\" \/>\n<meta property=\"article:modified_time\" content=\"2025-09-22T12:05:48+00:00\" \/>\n<meta property=\"og:image\" content=\"https:\/\/www.leternoassente.com\/wp-content\/uploads\/2020\/04\/iosenzadio4seo.jpg\" \/>\n\t<meta property=\"og:image:width\" content=\"1200\" \/>\n\t<meta property=\"og:image:height\" content=\"630\" \/>\n\t<meta property=\"og:image:type\" content=\"image\/jpeg\" \/>\n<meta name=\"twitter:card\" content=\"summary_large_image\" \/>\n<meta name=\"twitter:site\" content=\"@leternoassente\" \/>\n<meta name=\"twitter:label1\" content=\"Tempo di lettura stimato\" \/>\n\t<meta name=\"twitter:data1\" content=\"7 minuti\" \/>\n<script type=\"application\/ld+json\" class=\"yoast-schema-graph\">{\"@context\":\"https:\/\/schema.org\",\"@graph\":[{\"@type\":\"WebPage\",\"@id\":\"https:\/\/www.leternoassente.com\/?page_id=7340\",\"url\":\"https:\/\/www.leternoassente.com\/?page_id=7340\",\"name\":\"Dio e la sindrome di Stoccolma - L&#039;Eterno Assente\",\"isPartOf\":{\"@id\":\"https:\/\/www.leternoassente.com\/#website\"},\"primaryImageOfPage\":{\"@id\":\"https:\/\/www.leternoassente.com\/?page_id=7340#primaryimage\"},\"image\":{\"@id\":\"https:\/\/www.leternoassente.com\/?page_id=7340#primaryimage\"},\"thumbnailUrl\":\"https:\/\/www.leternoassente.com\/wp-content\/uploads\/2020\/04\/iosenzadio4.jpg\",\"datePublished\":\"2025-09-22T12:05:47+00:00\",\"dateModified\":\"2025-09-22T12:05:48+00:00\",\"description\":\"Gianluca 77 racconta la propria Storia per \u00abIo senza Dio\u00bb.\",\"breadcrumb\":{\"@id\":\"https:\/\/www.leternoassente.com\/?page_id=7340#breadcrumb\"},\"inLanguage\":\"it-IT\",\"potentialAction\":[{\"@type\":\"ReadAction\",\"target\":[\"https:\/\/www.leternoassente.com\/?page_id=7340\"]}]},{\"@type\":\"ImageObject\",\"inLanguage\":\"it-IT\",\"@id\":\"https:\/\/www.leternoassente.com\/?page_id=7340#primaryimage\",\"url\":\"https:\/\/www.leternoassente.com\/wp-content\/uploads\/2020\/04\/iosenzadio4.jpg\",\"contentUrl\":\"https:\/\/www.leternoassente.com\/wp-content\/uploads\/2020\/04\/iosenzadio4.jpg\",\"width\":1500,\"height\":434},{\"@type\":\"BreadcrumbList\",\"@id\":\"https:\/\/www.leternoassente.com\/?page_id=7340#breadcrumb\",\"itemListElement\":[{\"@type\":\"ListItem\",\"position\":1,\"name\":\"Home\",\"item\":\"https:\/\/www.leternoassente.com\/\"},{\"@type\":\"ListItem\",\"position\":2,\"name\":\"\u00abIo senza Dio\u00bb \u2013 Storie\",\"item\":\"https:\/\/www.leternoassente.com\/?page_id=4502\"},{\"@type\":\"ListItem\",\"position\":3,\"name\":\"Dio e la sindrome di Stoccolma\"}]},{\"@type\":\"WebSite\",\"@id\":\"https:\/\/www.leternoassente.com\/#website\",\"url\":\"https:\/\/www.leternoassente.com\/\",\"name\":\"L&#039;Eterno Assente\",\"description\":\"Dio, la vita, il senso e altre cazzate\",\"publisher\":{\"@id\":\"https:\/\/www.leternoassente.com\/#\/schema\/person\/d2069751871fcdb89a30a0775f4170f9\"},\"potentialAction\":[{\"@type\":\"SearchAction\",\"target\":{\"@type\":\"EntryPoint\",\"urlTemplate\":\"https:\/\/www.leternoassente.com\/?s={search_term_string}\"},\"query-input\":{\"@type\":\"PropertyValueSpecification\",\"valueRequired\":true,\"valueName\":\"search_term_string\"}}],\"inLanguage\":\"it-IT\"},{\"@type\":[\"Person\",\"Organization\"],\"@id\":\"https:\/\/www.leternoassente.com\/#\/schema\/person\/d2069751871fcdb89a30a0775f4170f9\",\"name\":\"Choam Goldberg\",\"image\":{\"@type\":\"ImageObject\",\"inLanguage\":\"it-IT\",\"@id\":\"https:\/\/www.leternoassente.com\/#\/schema\/person\/image\/\",\"url\":\"https:\/\/secure.gravatar.com\/avatar\/63d2c9f25f05d3da5001f2898f6fc9cd?s=96&d=wavatar&r=g\",\"contentUrl\":\"https:\/\/secure.gravatar.com\/avatar\/63d2c9f25f05d3da5001f2898f6fc9cd?s=96&d=wavatar&r=g\",\"caption\":\"Choam Goldberg\"},\"logo\":{\"@id\":\"https:\/\/www.leternoassente.com\/#\/schema\/person\/image\/\"},\"description\":\"Contemplata la vastit\u00e0 del cazzo che gliene frega e raggiunta l\u2019atarass\u00eca, Choam Goldberg pratica nondimeno l'antica, dilettevole e nobile arte di demolire le credenze dei\u00a0beoti e degli insipienti.\",\"sameAs\":[\"http:\/\/www.leternoassente.com\"]}]}<\/script>\n<!-- \/ Yoast SEO plugin. -->","yoast_head_json":{"title":"Dio e la sindrome di Stoccolma - L&#039;Eterno Assente","description":"Gianluca 77 racconta la propria Storia per \u00abIo senza Dio\u00bb.","robots":{"index":"index","follow":"follow","max-snippet":"max-snippet:-1","max-image-preview":"max-image-preview:large","max-video-preview":"max-video-preview:-1"},"canonical":"https:\/\/www.leternoassente.com\/?page_id=7340","og_locale":"it_IT","og_type":"article","og_title":"Dio e la sindrome di Stoccolma - L&#039;Eterno Assente","og_description":"Gianluca 77 racconta la propria Storia per \u00abIo senza Dio\u00bb.","og_url":"https:\/\/www.leternoassente.com\/?page_id=7340","og_site_name":"L&#039;Eterno Assente","article_modified_time":"2025-09-22T12:05:48+00:00","og_image":[{"width":1200,"height":630,"url":"https:\/\/www.leternoassente.com\/wp-content\/uploads\/2020\/04\/iosenzadio4seo.jpg","type":"image\/jpeg"}],"twitter_card":"summary_large_image","twitter_site":"@leternoassente","twitter_misc":{"Tempo di lettura stimato":"7 minuti"},"schema":{"@context":"https:\/\/schema.org","@graph":[{"@type":"WebPage","@id":"https:\/\/www.leternoassente.com\/?page_id=7340","url":"https:\/\/www.leternoassente.com\/?page_id=7340","name":"Dio e la sindrome di Stoccolma - L&#039;Eterno Assente","isPartOf":{"@id":"https:\/\/www.leternoassente.com\/#website"},"primaryImageOfPage":{"@id":"https:\/\/www.leternoassente.com\/?page_id=7340#primaryimage"},"image":{"@id":"https:\/\/www.leternoassente.com\/?page_id=7340#primaryimage"},"thumbnailUrl":"https:\/\/www.leternoassente.com\/wp-content\/uploads\/2020\/04\/iosenzadio4.jpg","datePublished":"2025-09-22T12:05:47+00:00","dateModified":"2025-09-22T12:05:48+00:00","description":"Gianluca 77 racconta la propria Storia per \u00abIo senza Dio\u00bb.","breadcrumb":{"@id":"https:\/\/www.leternoassente.com\/?page_id=7340#breadcrumb"},"inLanguage":"it-IT","potentialAction":[{"@type":"ReadAction","target":["https:\/\/www.leternoassente.com\/?page_id=7340"]}]},{"@type":"ImageObject","inLanguage":"it-IT","@id":"https:\/\/www.leternoassente.com\/?page_id=7340#primaryimage","url":"https:\/\/www.leternoassente.com\/wp-content\/uploads\/2020\/04\/iosenzadio4.jpg","contentUrl":"https:\/\/www.leternoassente.com\/wp-content\/uploads\/2020\/04\/iosenzadio4.jpg","width":1500,"height":434},{"@type":"BreadcrumbList","@id":"https:\/\/www.leternoassente.com\/?page_id=7340#breadcrumb","itemListElement":[{"@type":"ListItem","position":1,"name":"Home","item":"https:\/\/www.leternoassente.com\/"},{"@type":"ListItem","position":2,"name":"\u00abIo senza Dio\u00bb \u2013 Storie","item":"https:\/\/www.leternoassente.com\/?page_id=4502"},{"@type":"ListItem","position":3,"name":"Dio e la sindrome di Stoccolma"}]},{"@type":"WebSite","@id":"https:\/\/www.leternoassente.com\/#website","url":"https:\/\/www.leternoassente.com\/","name":"L&#039;Eterno Assente","description":"Dio, la vita, il senso e altre cazzate","publisher":{"@id":"https:\/\/www.leternoassente.com\/#\/schema\/person\/d2069751871fcdb89a30a0775f4170f9"},"potentialAction":[{"@type":"SearchAction","target":{"@type":"EntryPoint","urlTemplate":"https:\/\/www.leternoassente.com\/?s={search_term_string}"},"query-input":{"@type":"PropertyValueSpecification","valueRequired":true,"valueName":"search_term_string"}}],"inLanguage":"it-IT"},{"@type":["Person","Organization"],"@id":"https:\/\/www.leternoassente.com\/#\/schema\/person\/d2069751871fcdb89a30a0775f4170f9","name":"Choam Goldberg","image":{"@type":"ImageObject","inLanguage":"it-IT","@id":"https:\/\/www.leternoassente.com\/#\/schema\/person\/image\/","url":"https:\/\/secure.gravatar.com\/avatar\/63d2c9f25f05d3da5001f2898f6fc9cd?s=96&d=wavatar&r=g","contentUrl":"https:\/\/secure.gravatar.com\/avatar\/63d2c9f25f05d3da5001f2898f6fc9cd?s=96&d=wavatar&r=g","caption":"Choam Goldberg"},"logo":{"@id":"https:\/\/www.leternoassente.com\/#\/schema\/person\/image\/"},"description":"Contemplata la vastit\u00e0 del cazzo che gliene frega e raggiunta l\u2019atarass\u00eca, Choam Goldberg pratica nondimeno l'antica, dilettevole e nobile arte di demolire le credenze dei\u00a0beoti e degli insipienti.","sameAs":["http:\/\/www.leternoassente.com"]}]}},"_links":{"self":[{"href":"https:\/\/www.leternoassente.com\/index.php?rest_route=\/wp\/v2\/pages\/7340"}],"collection":[{"href":"https:\/\/www.leternoassente.com\/index.php?rest_route=\/wp\/v2\/pages"}],"about":[{"href":"https:\/\/www.leternoassente.com\/index.php?rest_route=\/wp\/v2\/types\/page"}],"author":[{"embeddable":true,"href":"https:\/\/www.leternoassente.com\/index.php?rest_route=\/wp\/v2\/users\/1"}],"replies":[{"embeddable":true,"href":"https:\/\/www.leternoassente.com\/index.php?rest_route=%2Fwp%2Fv2%2Fcomments&post=7340"}],"version-history":[{"count":1,"href":"https:\/\/www.leternoassente.com\/index.php?rest_route=\/wp\/v2\/pages\/7340\/revisions"}],"predecessor-version":[{"id":7341,"href":"https:\/\/www.leternoassente.com\/index.php?rest_route=\/wp\/v2\/pages\/7340\/revisions\/7341"}],"up":[{"embeddable":true,"href":"https:\/\/www.leternoassente.com\/index.php?rest_route=\/wp\/v2\/pages\/4502"}],"wp:featuredmedia":[{"embeddable":true,"href":"https:\/\/www.leternoassente.com\/index.php?rest_route=\/wp\/v2\/media\/3299"}],"wp:attachment":[{"href":"https:\/\/www.leternoassente.com\/index.php?rest_route=%2Fwp%2Fv2%2Fmedia&parent=7340"}],"curies":[{"name":"wp","href":"https:\/\/api.w.org\/{rel}","templated":true}]}}