{"id":7346,"date":"2025-11-04T14:45:42","date_gmt":"2025-11-04T13:45:42","guid":{"rendered":"https:\/\/www.leternoassente.com\/?page_id=7346"},"modified":"2025-11-04T14:45:43","modified_gmt":"2025-11-04T13:45:43","slug":"un-fantasy-personale","status":"publish","type":"page","link":"https:\/\/www.leternoassente.com\/?page_id=7346","title":{"rendered":"Un fantasy personale"},"content":{"rendered":"<p><strong>Lodovico racconta la propria Storia per \u00abIo senza Dio\u00bb.<\/strong><\/p>\n<hr>\n<p>Era comodo, credere? Era rassicurante, credere? Era un modo per dare un senso facile, credere? Era la volont\u00e0 di fuggire da un mondo che fa paura, credere?<br \/>\nEbbene, per me s\u00ec. E ci ho creduto. L&#8217;ho anche tanto voluto, credere. Con tutto me stesso ho lottato per non far crollare mai la fede in \u00abqualcosa\u00bb.<br \/>\nPoi sono stato onesto e ho lasciato cadere la corazza e finalmente mi sono liberato, con dolore, con paura e anche con angoscia, ma ero libero e padrone dei miei pensieri e delle mie scelte. Almeno quelle che potevo controllare.<\/p>\n<p>Sono vissuto immerso nella cultura cattolica fin da piccolo. Ma non per imposizioni di famiglia, semplicemente c&#8217;ero dentro: pap\u00e0 timidamente e tiepidamente credente, seppur la sua parte di famiglia un po&#8217; pi\u00f9 attiva nella vita parrocchiale, e mamma, al contrario, una mangiapreti con un sentimento di forte antipatia verso la Chiesa e la religione, cos\u00ec come gran parte della sua parte di famiglia. Eppure, nonostante tutto questo, la Chiesa gravitava attorno alla vita di tutti noi, seppur in modo diverso per ciascuno.<\/p>\n<p>Da bambino mi affascinavano la figura di Ges\u00f9, il suo calvario, la sua sofferenza e i suoi insegnamenti. Lo pensavo buono, integerrimo, puro. Era riuscito a fare del bene un vero e proprio faro di vita e a renderlo concreto in azioni. Io, in qualche modo, volevo assomigliargli, anche se, confesso, mi faceva paura: sentivo \u2013 perch\u00e9 cos\u00ec mi dicevano \u2013 che ogni mia azione cattiva sarebbe stata giudicata da lui, quindi sarebbe poi giunta una punizione e infine il perdono. Quando commettevo qualche marachella oppure mancavo di rispetto a qualcuno, lo prendevo in giro o gli facevo uno scherzo di troppo \u2013 ma, senza andare troppo distante, quando anche solo pensavo qualcosa che sapevo non sarebbe stato approvato \u2013, mi veniva il mal di testa e vivevo aspettando la punizione, sapendo che poi ci sarebbe stato un perdono. Aspettavo&#8230; aspettavo&#8230; e quando finalmente capitava qualche cosa che ritenevo brutta, con sollievo pensavo \u00abOttimo, ho espiato, quindi tra poco arriver\u00e0 il perdono\u00bb. Dentro di me per\u00f2 percepivo che c&#8217;era qualcosa di tremendamente inquietante in tutto questo. Avrei poi realizzato che questa sensazione non era nient&#8217;altro che la psicopolizia di cui narrava Orwell.<\/p>\n<p>Mentre crescevo, il rapporto con Dio diventava pi\u00f9 conflittuale: sentivo notizie di preti che commettevano atti orribili, studiavo la storia della Chiesa e mi si accapponava la pelle, leggevo le vicende del Vaticano e non mi capacitavo che a capo di tutto quello potesse esserci quel Dio di cui tanto sentivo parlare.<\/p>\n<p>Ed eccola: la dissonanza cognitiva. Mi spiegavo: \u00abQuelli sono uomini, Dio invece \u00e8 un&#8217;altra cosa. Ma certo! Logico!\u00bb. In realt\u00e0 lo dicevo per sentirmi bene, per non allontanarmi da quell&#8217;idea di bene, di Amore infinito che mi avevano inculcato in testa. La risposta mi bastava, mi pareva anche solida, e soprattutto avevo imparato bene ad accreditare le azioni agli esseri umani, ma dentro di me sempre quel dubbio: \u00abMa, se \u00e8 cos\u00ec onnipotente, perch\u00e9 permette tutto ci\u00f2?\u00bb. E di nuovo: la dissonanza cognitiva. Ecco le risposte migliori:<br \/>\n&#8211; perch\u00e9 ci concede il libero arbitrio,<br \/>\n&#8211; perch\u00e9 ci ama cos\u00ec tanto che permette anche che sbagliamo (variante della precedente),<br \/>\n\u2013 perch\u00e9 ci sono una volont\u00e0 maligna e una benigna e sono in lotta e a volte vince una e altre volte vince l&#8217;altra e sta a noi comprendere quali sono i segnali della volont\u00e0 buona per diventare suoi guerrieri e combattere contro il male per permettere a Dio di trionfare.<\/p>\n<p>S\u00ec, questa mi convinceva: se esisteva l&#8217;Amore supremo, doveva esistere anche l&#8217;Odio supremo. Mi ero creato il mio fantasy personale, dove contavo qualcosa ed ero addirittura un soldato di una volont\u00e0 superiore e, in barba alla teologia cristiana, ero diventato pure politeista!<\/p>\n<p>Complimenti a me e alla mia voglia di continuare a credere perch\u00e9 era comodo, rassicurante, dava un senso facile e riusciva a mitigare la paura di un mondo disordinato e in preda al caos, difficile da comprendere.<\/p>\n<p>Sono andato avanti in questo modo per lungo tempo, fino ai 20 anni, quando infine ho rigettato Dio, credendo in \u00abqualcosa di superiore\u00bb inconoscibile e insondabile, rimanendo per\u00f2 devoto alla figura di Ges\u00f9, che consideravo comunque un ottimo esempio. Ma dentro di me quel castello di bugie, costruito da me stesso, stava per crollare, anche grazie alle mie idee politiche marxiste. Conciliare Marx e il sentimento religioso era difficile e soprattutto dentro di me mi sentivo sporco: ero intellettualmente disonesto e questo mi causava una gran fastidio.<\/p>\n<p>Cos\u00ec, durante la pandemia, ormai venticinquenne e deluso dalla spiritualit\u00e0, mi sono avvicinato agli atei militanti e ai cristiani integralisti: vedevo e leggevo le opinioni, gli studi, e le convinzioni degli uni e degli altri e \u2013 che dire? \u2013 Padre Kayn tra una risata e l&#8217;altra mi ha spinto a non temere pi\u00f9 il giudizio di Dio, mi ha aiutato, facendomi sbellicare, a vedere razionalmente le cose e a studiarle da un punto di vista pi\u00f9 simile al mio e mi ha incoraggiato a intraprendere il mio personale percorso verso l&#8217;ateismo.<\/p>\n<p>\u00c8 stata dura? Oh s\u00ec. Durissima. Mi sono trovato improvvisamente solo, senza pi\u00f9 appoggi, senza pi\u00f9 un cielo da guardare in caso di disperazione o di tristezza e senza pi\u00f9 un&#8217;entit\u00e0 misteriosa a cui rivolgere le mie parole, perch\u00e9 sentivo che esse diventavano cenere direttamente sulle mie labbra. Per\u00f2 dentro di me ora lo sentivo: ero coerente, solido, presente a me stesso, con uno sguardo sull&#8217;impermanenza della vita che me la rendeva preziosa, meravigliosa, degna, ma soprattutto mia.<\/p>\n<p>I primi anni sono stati un naufragio completo, perch\u00e9 dovevo trovare da me il senso, da me il percorso, e soprattutto dovevo interrogarmi profondamente: \u00abChi sono io? E dove voglio andare io? Quale progetto avr\u00f2 io per me?\u00bb. Tutto dipendeva dalle mie scelte e da come avrei deciso di vivere d&#8217;ora in poi, che cosa avrei deciso di scoprire e a che cosa avrei rinunciato, perch\u00e9 imparavo che a una scelta corrispondeva una rinuncia e non potevo avere tutto. Il mio tempo \u00e8 diventato prezioso e il momento bellissimo da assaporare, anche se era doloroso, anche se mi spingeva a dire \u00abForse sarebbe meglio uccidersi\u00bb. Ma, se anche lo avessi fatto, quella scelta sarebbe stata comunque mia, sarei rimasto io il padrone della mia vita. Io e non Dio. Quel bene che sentivo dentro di me era qualcosa che mi spingeva a chiedermi: qual \u00e8 la cosa giusta da fare? Ho dovuto poi ragionarci e non accontentarmi di una risposta preconfezionata che non sapeva di nulla.<\/p>\n<p>C&#8217;\u00e8 la tentazione di tornare indietro? A volte s\u00ec, quando le situazioni della vita sono troppo asfissianti. Ma \u00e8 questione di un attimo, perch\u00e9 tanto, anche se tornassi indietro, saprei che starei solo mentendo a me stesso, facendo la cosa pi\u00f9 stupida che si possa fare. C&#8217;\u00e8 solo un&#8217;azione da compiere: andare avanti. Perch\u00e9 so che questo percorso, seppur difficile, seppur sofferente, mi porter\u00e0 dove un giorno potr\u00f2 dire \u00abSono qui perch\u00e9 l&#8217;ho voluto io e non Dio\u00bb.<\/p>\n<p>Alla fine c&#8217;\u00e8 solo una persona alla quale dovr\u00f2 rispondere: il me futuro sul letto di morte, che mi chieder\u00e0 \u00abHai vissuto secondo i tuoi principi? Sei stato felice nel modo che tu hai deciso?\u00bb. Se dovessi rispondere no, allora quello s\u00ec che sarebbe come dire \u00abHo buttato la mia vita nel cesso, porco Dio\u00bb.<\/p>\n<p><strong>Lodovico<\/strong><\/p>\n<p>Vuoi raccontare anche tu la tua Storia per \u00abIo senza Dio\u00bb? Spediscila a L&#8217;Eterno Assente, ma prima consulta il <a href=\"https:\/\/www.leternoassente.com\/?page_id=4429\" target=\"_blank\" rel=\"noopener noreferrer\">Regolamento<\/a><\/p>\n<p><a href=\"https:\/\/www.leternoassente.com\/?page_id=4502\" target=\"_blank\" rel=\"noopener noreferrer\">Tutte le Storie di \u00abIo senza Dio\u00bb<\/a><\/p>\n<hr>\n<p><em>Qui sotto trovi la possibilit\u00e0 di commentare quest&#8217;articolo. Per farlo, devi<br \/>\n1. confermare che sei ateo\/a,<br \/>\n2. essere consapevole che, se menti, stai commettendo il gravissimo peccato di apostasia,<br \/>\n3. aspettare che il commento sia approvato dall&#8217;admin.<br \/>\nL&#8217;approvazione dei commenti dipende dall&#8217;insindacabile e inappellabile giudizio dell&#8217;admin. Se vuoi saperne di pi\u00f9 a proposito dei commenti, puoi consultare le <a href=\"http:\/\/www.leternoassente.com\/?page_id=957#nocomment\" target=\"_blank\" rel=\"noopener noreferrer\">FAQ<\/a>.<br \/>\nInoltre puoi commentare gli articoli e i post nel <a href=\"https:\/\/www.facebook.com\/groups\/eternoassente\/\" target=\"_blank\" rel=\"noopener noreferrer\">Gruppo Facebook de L&#8217;Eterno Assente<\/a>, se ti iscrivi al Gruppo dopo aver risposto a una semplice domanda.<\/em><\/p>\n","protected":false},"excerpt":{"rendered":"<p>Lodovico racconta la propria Storia per \u00abIo senza Dio\u00bb. Era comodo, credere? Era rassicurante, credere? Era un modo per dare un senso facile, credere? Era la volont\u00e0 di fuggire da un mondo che fa paura, credere? Ebbene, per me s\u00ec. &hellip; <a href=\"https:\/\/www.leternoassente.com\/?page_id=7346\">Continua a leggere<span class=\"meta-nav\">&rarr;<\/span><\/a><\/p>\n","protected":false},"author":1,"featured_media":3299,"parent":4502,"menu_order":0,"comment_status":"open","ping_status":"closed","template":"","meta":{"footnotes":""},"class_list":["post-7346","page","type-page","status-publish","has-post-thumbnail","hentry"],"yoast_head":"<!-- This site is optimized with the Yoast SEO plugin v25.6 - https:\/\/yoast.com\/wordpress\/plugins\/seo\/ -->\n<title>Un fantasy personale - L&#039;Eterno Assente<\/title>\n<meta name=\"description\" content=\"Lodovico racconta la propria Storia per \u00abIo senza Dio\u00bb.\" \/>\n<meta name=\"robots\" content=\"index, follow, max-snippet:-1, max-image-preview:large, max-video-preview:-1\" \/>\n<link rel=\"canonical\" href=\"https:\/\/www.leternoassente.com\/?page_id=7346\" \/>\n<meta property=\"og:locale\" content=\"it_IT\" \/>\n<meta property=\"og:type\" content=\"article\" \/>\n<meta property=\"og:title\" content=\"Un fantasy personale - L&#039;Eterno Assente\" \/>\n<meta property=\"og:description\" content=\"Lodovico racconta la propria Storia per \u00abIo senza Dio\u00bb.\" \/>\n<meta property=\"og:url\" content=\"https:\/\/www.leternoassente.com\/?page_id=7346\" \/>\n<meta property=\"og:site_name\" content=\"L&#039;Eterno Assente\" \/>\n<meta property=\"article:modified_time\" content=\"2025-11-04T13:45:43+00:00\" \/>\n<meta property=\"og:image\" content=\"https:\/\/www.leternoassente.com\/wp-content\/uploads\/2020\/04\/iosenzadio4seo.jpg\" \/>\n\t<meta property=\"og:image:width\" content=\"1200\" \/>\n\t<meta property=\"og:image:height\" content=\"630\" \/>\n\t<meta property=\"og:image:type\" content=\"image\/jpeg\" \/>\n<meta name=\"twitter:card\" content=\"summary_large_image\" \/>\n<meta name=\"twitter:site\" content=\"@leternoassente\" \/>\n<meta name=\"twitter:label1\" content=\"Tempo di lettura stimato\" \/>\n\t<meta name=\"twitter:data1\" content=\"8 minuti\" \/>\n<script type=\"application\/ld+json\" class=\"yoast-schema-graph\">{\"@context\":\"https:\/\/schema.org\",\"@graph\":[{\"@type\":\"WebPage\",\"@id\":\"https:\/\/www.leternoassente.com\/?page_id=7346\",\"url\":\"https:\/\/www.leternoassente.com\/?page_id=7346\",\"name\":\"Un fantasy personale - L&#039;Eterno Assente\",\"isPartOf\":{\"@id\":\"https:\/\/www.leternoassente.com\/#website\"},\"primaryImageOfPage\":{\"@id\":\"https:\/\/www.leternoassente.com\/?page_id=7346#primaryimage\"},\"image\":{\"@id\":\"https:\/\/www.leternoassente.com\/?page_id=7346#primaryimage\"},\"thumbnailUrl\":\"https:\/\/www.leternoassente.com\/wp-content\/uploads\/2020\/04\/iosenzadio4.jpg\",\"datePublished\":\"2025-11-04T13:45:42+00:00\",\"dateModified\":\"2025-11-04T13:45:43+00:00\",\"description\":\"Lodovico racconta la propria Storia per \u00abIo senza Dio\u00bb.\",\"breadcrumb\":{\"@id\":\"https:\/\/www.leternoassente.com\/?page_id=7346#breadcrumb\"},\"inLanguage\":\"it-IT\",\"potentialAction\":[{\"@type\":\"ReadAction\",\"target\":[\"https:\/\/www.leternoassente.com\/?page_id=7346\"]}]},{\"@type\":\"ImageObject\",\"inLanguage\":\"it-IT\",\"@id\":\"https:\/\/www.leternoassente.com\/?page_id=7346#primaryimage\",\"url\":\"https:\/\/www.leternoassente.com\/wp-content\/uploads\/2020\/04\/iosenzadio4.jpg\",\"contentUrl\":\"https:\/\/www.leternoassente.com\/wp-content\/uploads\/2020\/04\/iosenzadio4.jpg\",\"width\":1500,\"height\":434},{\"@type\":\"BreadcrumbList\",\"@id\":\"https:\/\/www.leternoassente.com\/?page_id=7346#breadcrumb\",\"itemListElement\":[{\"@type\":\"ListItem\",\"position\":1,\"name\":\"Home\",\"item\":\"https:\/\/www.leternoassente.com\/\"},{\"@type\":\"ListItem\",\"position\":2,\"name\":\"\u00abIo senza Dio\u00bb \u2013 Storie\",\"item\":\"https:\/\/www.leternoassente.com\/?page_id=4502\"},{\"@type\":\"ListItem\",\"position\":3,\"name\":\"Un fantasy personale\"}]},{\"@type\":\"WebSite\",\"@id\":\"https:\/\/www.leternoassente.com\/#website\",\"url\":\"https:\/\/www.leternoassente.com\/\",\"name\":\"L&#039;Eterno Assente\",\"description\":\"Dio, la vita, il senso e altre cazzate\",\"publisher\":{\"@id\":\"https:\/\/www.leternoassente.com\/#\/schema\/person\/d2069751871fcdb89a30a0775f4170f9\"},\"potentialAction\":[{\"@type\":\"SearchAction\",\"target\":{\"@type\":\"EntryPoint\",\"urlTemplate\":\"https:\/\/www.leternoassente.com\/?s={search_term_string}\"},\"query-input\":{\"@type\":\"PropertyValueSpecification\",\"valueRequired\":true,\"valueName\":\"search_term_string\"}}],\"inLanguage\":\"it-IT\"},{\"@type\":[\"Person\",\"Organization\"],\"@id\":\"https:\/\/www.leternoassente.com\/#\/schema\/person\/d2069751871fcdb89a30a0775f4170f9\",\"name\":\"Choam Goldberg\",\"image\":{\"@type\":\"ImageObject\",\"inLanguage\":\"it-IT\",\"@id\":\"https:\/\/www.leternoassente.com\/#\/schema\/person\/image\/\",\"url\":\"https:\/\/secure.gravatar.com\/avatar\/63d2c9f25f05d3da5001f2898f6fc9cd?s=96&d=wavatar&r=g\",\"contentUrl\":\"https:\/\/secure.gravatar.com\/avatar\/63d2c9f25f05d3da5001f2898f6fc9cd?s=96&d=wavatar&r=g\",\"caption\":\"Choam Goldberg\"},\"logo\":{\"@id\":\"https:\/\/www.leternoassente.com\/#\/schema\/person\/image\/\"},\"description\":\"Contemplata la vastit\u00e0 del cazzo che gliene frega e raggiunta l\u2019atarass\u00eca, Choam Goldberg pratica nondimeno l'antica, dilettevole e nobile arte di demolire le credenze dei\u00a0beoti e degli insipienti.\",\"sameAs\":[\"http:\/\/www.leternoassente.com\"]}]}<\/script>\n<!-- \/ Yoast SEO plugin. -->","yoast_head_json":{"title":"Un fantasy personale - L&#039;Eterno Assente","description":"Lodovico racconta la propria Storia per \u00abIo senza Dio\u00bb.","robots":{"index":"index","follow":"follow","max-snippet":"max-snippet:-1","max-image-preview":"max-image-preview:large","max-video-preview":"max-video-preview:-1"},"canonical":"https:\/\/www.leternoassente.com\/?page_id=7346","og_locale":"it_IT","og_type":"article","og_title":"Un fantasy personale - L&#039;Eterno Assente","og_description":"Lodovico racconta la propria Storia per \u00abIo senza Dio\u00bb.","og_url":"https:\/\/www.leternoassente.com\/?page_id=7346","og_site_name":"L&#039;Eterno Assente","article_modified_time":"2025-11-04T13:45:43+00:00","og_image":[{"width":1200,"height":630,"url":"https:\/\/www.leternoassente.com\/wp-content\/uploads\/2020\/04\/iosenzadio4seo.jpg","type":"image\/jpeg"}],"twitter_card":"summary_large_image","twitter_site":"@leternoassente","twitter_misc":{"Tempo di lettura stimato":"8 minuti"},"schema":{"@context":"https:\/\/schema.org","@graph":[{"@type":"WebPage","@id":"https:\/\/www.leternoassente.com\/?page_id=7346","url":"https:\/\/www.leternoassente.com\/?page_id=7346","name":"Un fantasy personale - L&#039;Eterno Assente","isPartOf":{"@id":"https:\/\/www.leternoassente.com\/#website"},"primaryImageOfPage":{"@id":"https:\/\/www.leternoassente.com\/?page_id=7346#primaryimage"},"image":{"@id":"https:\/\/www.leternoassente.com\/?page_id=7346#primaryimage"},"thumbnailUrl":"https:\/\/www.leternoassente.com\/wp-content\/uploads\/2020\/04\/iosenzadio4.jpg","datePublished":"2025-11-04T13:45:42+00:00","dateModified":"2025-11-04T13:45:43+00:00","description":"Lodovico racconta la propria Storia per \u00abIo senza Dio\u00bb.","breadcrumb":{"@id":"https:\/\/www.leternoassente.com\/?page_id=7346#breadcrumb"},"inLanguage":"it-IT","potentialAction":[{"@type":"ReadAction","target":["https:\/\/www.leternoassente.com\/?page_id=7346"]}]},{"@type":"ImageObject","inLanguage":"it-IT","@id":"https:\/\/www.leternoassente.com\/?page_id=7346#primaryimage","url":"https:\/\/www.leternoassente.com\/wp-content\/uploads\/2020\/04\/iosenzadio4.jpg","contentUrl":"https:\/\/www.leternoassente.com\/wp-content\/uploads\/2020\/04\/iosenzadio4.jpg","width":1500,"height":434},{"@type":"BreadcrumbList","@id":"https:\/\/www.leternoassente.com\/?page_id=7346#breadcrumb","itemListElement":[{"@type":"ListItem","position":1,"name":"Home","item":"https:\/\/www.leternoassente.com\/"},{"@type":"ListItem","position":2,"name":"\u00abIo senza Dio\u00bb \u2013 Storie","item":"https:\/\/www.leternoassente.com\/?page_id=4502"},{"@type":"ListItem","position":3,"name":"Un fantasy personale"}]},{"@type":"WebSite","@id":"https:\/\/www.leternoassente.com\/#website","url":"https:\/\/www.leternoassente.com\/","name":"L&#039;Eterno Assente","description":"Dio, la vita, il senso e altre cazzate","publisher":{"@id":"https:\/\/www.leternoassente.com\/#\/schema\/person\/d2069751871fcdb89a30a0775f4170f9"},"potentialAction":[{"@type":"SearchAction","target":{"@type":"EntryPoint","urlTemplate":"https:\/\/www.leternoassente.com\/?s={search_term_string}"},"query-input":{"@type":"PropertyValueSpecification","valueRequired":true,"valueName":"search_term_string"}}],"inLanguage":"it-IT"},{"@type":["Person","Organization"],"@id":"https:\/\/www.leternoassente.com\/#\/schema\/person\/d2069751871fcdb89a30a0775f4170f9","name":"Choam Goldberg","image":{"@type":"ImageObject","inLanguage":"it-IT","@id":"https:\/\/www.leternoassente.com\/#\/schema\/person\/image\/","url":"https:\/\/secure.gravatar.com\/avatar\/63d2c9f25f05d3da5001f2898f6fc9cd?s=96&d=wavatar&r=g","contentUrl":"https:\/\/secure.gravatar.com\/avatar\/63d2c9f25f05d3da5001f2898f6fc9cd?s=96&d=wavatar&r=g","caption":"Choam Goldberg"},"logo":{"@id":"https:\/\/www.leternoassente.com\/#\/schema\/person\/image\/"},"description":"Contemplata la vastit\u00e0 del cazzo che gliene frega e raggiunta l\u2019atarass\u00eca, Choam Goldberg pratica nondimeno l'antica, dilettevole e nobile arte di demolire le credenze dei\u00a0beoti e degli insipienti.","sameAs":["http:\/\/www.leternoassente.com"]}]}},"_links":{"self":[{"href":"https:\/\/www.leternoassente.com\/index.php?rest_route=\/wp\/v2\/pages\/7346"}],"collection":[{"href":"https:\/\/www.leternoassente.com\/index.php?rest_route=\/wp\/v2\/pages"}],"about":[{"href":"https:\/\/www.leternoassente.com\/index.php?rest_route=\/wp\/v2\/types\/page"}],"author":[{"embeddable":true,"href":"https:\/\/www.leternoassente.com\/index.php?rest_route=\/wp\/v2\/users\/1"}],"replies":[{"embeddable":true,"href":"https:\/\/www.leternoassente.com\/index.php?rest_route=%2Fwp%2Fv2%2Fcomments&post=7346"}],"version-history":[{"count":2,"href":"https:\/\/www.leternoassente.com\/index.php?rest_route=\/wp\/v2\/pages\/7346\/revisions"}],"predecessor-version":[{"id":7348,"href":"https:\/\/www.leternoassente.com\/index.php?rest_route=\/wp\/v2\/pages\/7346\/revisions\/7348"}],"up":[{"embeddable":true,"href":"https:\/\/www.leternoassente.com\/index.php?rest_route=\/wp\/v2\/pages\/4502"}],"wp:featuredmedia":[{"embeddable":true,"href":"https:\/\/www.leternoassente.com\/index.php?rest_route=\/wp\/v2\/media\/3299"}],"wp:attachment":[{"href":"https:\/\/www.leternoassente.com\/index.php?rest_route=%2Fwp%2Fv2%2Fmedia&parent=7346"}],"curies":[{"name":"wp","href":"https:\/\/api.w.org\/{rel}","templated":true}]}}