{"id":7412,"date":"2025-11-26T14:30:10","date_gmt":"2025-11-26T13:30:10","guid":{"rendered":"https:\/\/www.leternoassente.com\/?page_id=7412"},"modified":"2025-11-26T14:36:07","modified_gmt":"2025-11-26T13:36:07","slug":"sia-lodato-camus","status":"publish","type":"page","link":"https:\/\/www.leternoassente.com\/?page_id=7412","title":{"rendered":"Sia lodato Camus"},"content":{"rendered":"<p><strong>Reverendo Gwyon racconta la propria Storia per \u00abIo senza Dio\u00bb.<\/strong><\/p>\n<hr>\n<p>Ho respirato cattolicesimo a pieni polmoni per tutta l&#8217;infanzia e l&#8217;adolescenza. Mia madre era \u2013 ed \u00e8 tuttora \u2013 una cattolica molto fervente: messa tutte le domeniche, preghiera prima di andare a dormire, Radio Maria come unica stazione radio possibile, recitazione del rosario davanti alla Madonnina e la lista potrebbe proseguire tanto da far impallidire anche il peggior bigotto di vostra conoscenza. Questi sono solo alcuni dettagli per poter comprendere il mio livello di immersione nel cristianesimo nella prima fase di vita: ai tempi ero un acritico sommozzatore cattolico.<\/p>\n<p>Io, com&#8217;\u00e8 ovvio, ho seguito in modo passivo il percorso standard, come la maggioranza in Italia: l&#8217;ineludibile catechesi con sacramenti annessi. Nel contempo seguivo anche il percorso extra per cattolici Flanderini, comprendente i sopracitati rosari, vie crucis, visite nei conventi, presepi, messe infrasettimanali e un sacco di altre cose spassosissime per un bambino.<\/p>\n<p>Non sono stato n\u00e9 un bambino n\u00e9 un ragazzo curioso. Non provavo nemmeno ad approfondire la questione religiosa e non avevo alcuna interesse a farlo. L&#8217;unica cosa che sapevo al riguardo era che avrei impiegato il mio tempo in maniera diversa anzich\u00e9 in quelle soporifere attivit\u00e0 finalizzate ad accrescere la mia fede.<\/p>\n<p>Nonostante non mi fossi mai posto troppe domande, c&#8217;era qualcosa che mi fece storcere il naso ben presto. Sono affetto da una rara malattia ematica in forma grave, che da piccolo mi ha causato non pochi problemi alle articolazioni. Nulla di troppo invalidante, ma era comunque un disagio credere che fossi diverso dagli altri. Sentivo declamare in continuazione, in ogni situazione, l&#8217;infinita bont\u00e0 e onnipotenza di questa entit\u00e0 suprema in cui credono i cristiani. Ci\u00f2 fece scattare un interrogativo in me: \u00abMa, se Dio \u00e8 cos\u00ec buono e onnipotente, perch\u00e9 esistono le malattie rare?\u00bb. Fu il primo, che fece germogliare in me il seme dell&#8217;ateismo in tenera et\u00e0. La seconda domanda arriv\u00f2 sempre nel medesimo periodo. Mi era capitato di sentire: \u00abCi sono bambini che muoiono di fame, dovremmo ringraziare il Signore\u00bb. \u00abE perch\u00e9 io non muoio di fame?\u00bb, pensavo.\u00abDio fa forse dei favoritismi?\u00bb, mi chiedevo. Un&#8217;altra enorme incongruenza: era solo la seconda di tante, che nel tempo avrei scoperto a bizzeffe.<\/p>\n<p>Dopo la cresima iniziai a rifiutarmi di scialacquare il mio tempo in chiesa, con tutti quegli estenuanti canti \u2013 che ormai conoscevo a memoria \u2013 e quelle tediosissime prediche. Mia madre desiderava che continuassi ad andare, ma semplicemente, come tutti i miei coetanei, ero disinteressato. Iniziai a pensare che le istituzioni ecclesiastiche non fossero affatto necessarie. Inoltre iniziavo a provare sempre pi\u00f9 ostilit\u00e0 nei loro confronti, vista la loro ostentata ostilit\u00e0 nei confronti degli omosessuali, sommata ad altre ottusit\u00e0 e ipocrisie. Se c&#8217;era un Dio, mi sarei messo in contatto con lui personalmente, con la preghiera: non erano necessari intermediari. Nel contempo per\u00f2 accumulavo sempre pi\u00f9 dubbi. In me coesistevano due met\u00e0. Quella pi\u00f9 razionale \u2013 ma troppo pigra \u2013, conscia del fatto che, se fosse esistito uno stanzino dei \u00abdubbi sulle questioni di fede e religiose\u00bb, sarebbe diventato ben presto una villa plurifamiliare gremita di perplessit\u00e0. Poi c&#8217;era l&#8217;altra met\u00e0: quella pi\u00f9 fragile e irrazionale, quella in cui la componente emotiva prevaleva, la parte a cui faceva comodo credere che ci fosse una vita ultraterrena o che ci fosse un essere superiore che avesse dato origine all&#8217;universo. Insomma avere il pacchetto di risposte preconfezionato era molto pi\u00f9 conveniente in quel periodo, rispetto a porsi un paio di interrogativi in pi\u00f9.<\/p>\n<p>Andai avanti con i paraocchi ancora qualche anno, fino al periodo post-puberale, conservando le parti \u00abbuone\u00bb del Nuovo testamento ed evitando la marea di aspetti molto opinabili che si possono riscontrare non solo nella Bibbia, chiaramente, ma in tutti i monoteismi abramitici.<\/p>\n<p>Nel 2019 accadde un evento che mi port\u00f2 a mettere in discussione tutto. Iniziai a farmi seriamente le cosiddette \u00abgrandi domande\u00bb: Dio, il senso della vita, la morte e un sacco di altri quesiti che danno di che masturbarsi intellettualmente ai filosofi. Le domande iniziarono a grandinare cos\u00ec forte da destare la mia mente ottusa e intorpidita da tempo. Non ero per nulla avvezzo a un briciolo di autoanalisi, alla riflessione o al ragionamento logico. Iniziai a chiedermi quale fosse la religione giusta o perch\u00e9 dovessi essere cattolico invece che shintoista oppure che prova avessi che i testi sacri fossero davvero sacri. E tanti tanti tanti altri divertentissimi quanto sadici quesiti teologico-esistenzial-metafisici.<\/p>\n<p>Qualcosa inizi\u00f2 a creparsi dentro di me. Avevo il vago sentore che ero molto vicino all&#8217;assunzione della pillola rossa di Matrix. Quella pillola rossa si chiamava \u00abLo straniero\u00bb: il romanzo di Albert Camus. Inizialmente avrei preferito essere bastonato, piuttosto che leggerlo, poich\u00e9 mi rivelava delle verit\u00e0 a cui non ero pronto. Tuttavia fu salvifico. Compresi la necessit\u00e0 di evitare l&#8217;autoinganno per pavidit\u00e0, sicch\u00e9 dovevo ammettere ci\u00f2 che credevo gi\u00e0 da un pezzo: non c&#8217;\u00e8 alcuna continuazione dopo la morte, non c&#8217;\u00e8 alcuna anima e non esiste alcun piano divino. \u00c8 solo lo smanioso bisogno degli esseri umani di dover dare un ordine al caos e, probabilmente, l&#8217;incapacit\u00e0 di accettare la propria finitudine. Attraversai un periodo di crisi, in cui mi chiedevo costantemente: \u00abCome fa la gente a vivere in un universo in cui non esiste Dio? Com&#8217;\u00e8 che questi si svegliano e vanno al lavoro come se nulla fosse, pur sapendo che si vive una volta sola e poi c&#8217;\u00e8 il nulla eterno ad attenderli?\u00bb. Meditare e leggere testi filosofici \u2013 lo stoicismo e l&#8217;esistenzialismo francese in modo particolare \u2013 mi fu di enorme aiuto per uscire progressivamente da quel periodo.<\/p>\n<p>Non fu immediato il passaggio all&#8217;ateismo. Prima attraversai diverse fasi: panteista, deista, panpsichista, quella-in-cui-potrei-provare-con-una-dottrina-orientale e, finalmente, la fase in cui ci si costruisce la propria Weltanschauung. E in questa visione non c&#8217;\u00e8 alcun bisogno di credere in un&#8217;imperscrutabile entit\u00e0 extramondana. L&#8217;uomo ha inventato Dio per delle ragioni comprensibili. C&#8217;\u00e8 chi decide di bersela, e va bene, purch\u00e9 non leda la libert\u00e0 altrui o non la strumentalizzi a fini politici o economici. Io cerco una visione disincantata della realt\u00e0: vederla per quello che \u00e8, senza necessit\u00e0 di edulcorarla. N\u00e9 brutta n\u00e9 bella: caotica, sfaccettata, complessa, enigmatica e talvolta tragica. Nonostante ci\u00f2, in mezzo all&#8217;oceano di dolore, miseria, solitudine e ingiustizie, qualche ragione per cui vale la pena vivere c&#8217;\u00e8.<\/p>\n<p>La parte pi\u00f9 ardua \u00e8 accettare che dopo non c&#8217;\u00e8 nulla, si torna dove si era prima di nascere. Un&#8217;accettazione lenta e graduale, che richiede tempo. Ma quando arriva \u00e8 liberatoria: si prende consapevolezza che questa esistenza \u00e8 l&#8217;unica a disposizione, perci\u00f2 ogni istante diventa prezioso perch\u00e9 \u00e8 irripetibile. Inoltre, prendendo coscienza della triste condizione che accomuna il genere umano, si dovrebbe essere meno propensi a generare sofferenza inutile \u2013 tanto a s\u00e9 stessi quanto agli altri \u2013 ed essere pi\u00f9 inclini alla solidariet\u00e0. Perci\u00f2 credo proprio che sia possibile un&#8217;esistenza senza Dio. E che sia pure possibile provare a dare un significato a questo brevissimo e grottesco giro di giostra.<\/p>\n<p><strong>Reverendo Gwyon<\/strong><\/p>\n<p>Vuoi raccontare anche tu la tua Storia per \u00abIo senza Dio\u00bb? Spediscila a L&#8217;Eterno Assente, ma prima consulta il <a href=\"https:\/\/www.leternoassente.com\/?page_id=4429\" target=\"_blank\" rel=\"noopener noreferrer\">Regolamento<\/a><\/p>\n<p><a href=\"https:\/\/www.leternoassente.com\/?page_id=4502\" target=\"_blank\" rel=\"noopener noreferrer\">Tutte le Storie di \u00abIo senza Dio\u00bb<\/a><\/p>\n<hr>\n<p><em>Qui sotto trovi la possibilit\u00e0 di commentare quest&#8217;articolo. Per farlo, devi<br \/>\n1. confermare che sei ateo\/a,<br \/>\n2. essere consapevole che, se menti, stai commettendo il gravissimo peccato di apostasia,<br \/>\n3. aspettare che il commento sia approvato dall&#8217;admin.<br \/>\nL&#8217;approvazione dei commenti dipende dall&#8217;insindacabile e inappellabile giudizio dell&#8217;admin. Se vuoi saperne di pi\u00f9 a proposito dei commenti, puoi consultare le <a href=\"http:\/\/www.leternoassente.com\/?page_id=957#nocomment\" target=\"_blank\" rel=\"noopener noreferrer\">FAQ<\/a>.<br \/>\nInoltre puoi commentare gli articoli e i post nel <a href=\"https:\/\/www.facebook.com\/groups\/eternoassente\/\" target=\"_blank\" rel=\"noopener noreferrer\">Gruppo Facebook de L&#8217;Eterno Assente<\/a>, se ti iscrivi al Gruppo dopo aver risposto a una semplice domanda.<\/em><\/p>\n","protected":false},"excerpt":{"rendered":"<p>Reverendo Gwyon racconta la propria Storia per \u00abIo senza Dio\u00bb. Ho respirato cattolicesimo a pieni polmoni per tutta l&#8217;infanzia e l&#8217;adolescenza. Mia madre era \u2013 ed \u00e8 tuttora \u2013 una cattolica molto fervente: messa tutte le domeniche, preghiera prima di &hellip; <a href=\"https:\/\/www.leternoassente.com\/?page_id=7412\">Continua a leggere<span class=\"meta-nav\">&rarr;<\/span><\/a><\/p>\n","protected":false},"author":1,"featured_media":3299,"parent":4502,"menu_order":0,"comment_status":"open","ping_status":"closed","template":"","meta":{"footnotes":""},"class_list":["post-7412","page","type-page","status-publish","has-post-thumbnail","hentry"],"yoast_head":"<!-- This site is optimized with the Yoast SEO plugin v25.6 - https:\/\/yoast.com\/wordpress\/plugins\/seo\/ -->\n<title>Sia lodato Camus - L&#039;Eterno Assente<\/title>\n<meta name=\"description\" content=\"Il Reverendo Gwyon racconta la propria Storia per \u00abIo senza Dio\u00bb.\" \/>\n<meta name=\"robots\" content=\"index, follow, max-snippet:-1, max-image-preview:large, max-video-preview:-1\" \/>\n<link rel=\"canonical\" href=\"https:\/\/www.leternoassente.com\/?page_id=7412\" \/>\n<meta property=\"og:locale\" content=\"it_IT\" \/>\n<meta property=\"og:type\" content=\"article\" \/>\n<meta property=\"og:title\" content=\"Sia lodato Camus - L&#039;Eterno Assente\" \/>\n<meta property=\"og:description\" content=\"Il Reverendo Gwyon racconta la propria Storia per \u00abIo senza Dio\u00bb.\" \/>\n<meta property=\"og:url\" content=\"https:\/\/www.leternoassente.com\/?page_id=7412\" \/>\n<meta property=\"og:site_name\" content=\"L&#039;Eterno Assente\" \/>\n<meta property=\"article:modified_time\" content=\"2025-11-26T13:36:07+00:00\" \/>\n<meta property=\"og:image\" content=\"https:\/\/www.leternoassente.com\/wp-content\/uploads\/2020\/04\/iosenzadio4seo.jpg\" \/>\n\t<meta property=\"og:image:width\" content=\"1200\" \/>\n\t<meta property=\"og:image:height\" content=\"630\" \/>\n\t<meta property=\"og:image:type\" content=\"image\/jpeg\" \/>\n<meta name=\"twitter:card\" content=\"summary_large_image\" \/>\n<meta name=\"twitter:site\" content=\"@leternoassente\" \/>\n<meta name=\"twitter:label1\" content=\"Tempo di lettura stimato\" \/>\n\t<meta name=\"twitter:data1\" content=\"7 minuti\" \/>\n<script type=\"application\/ld+json\" class=\"yoast-schema-graph\">{\"@context\":\"https:\/\/schema.org\",\"@graph\":[{\"@type\":\"WebPage\",\"@id\":\"https:\/\/www.leternoassente.com\/?page_id=7412\",\"url\":\"https:\/\/www.leternoassente.com\/?page_id=7412\",\"name\":\"Sia lodato Camus - L&#039;Eterno Assente\",\"isPartOf\":{\"@id\":\"https:\/\/www.leternoassente.com\/#website\"},\"primaryImageOfPage\":{\"@id\":\"https:\/\/www.leternoassente.com\/?page_id=7412#primaryimage\"},\"image\":{\"@id\":\"https:\/\/www.leternoassente.com\/?page_id=7412#primaryimage\"},\"thumbnailUrl\":\"https:\/\/www.leternoassente.com\/wp-content\/uploads\/2020\/04\/iosenzadio4.jpg\",\"datePublished\":\"2025-11-26T13:30:10+00:00\",\"dateModified\":\"2025-11-26T13:36:07+00:00\",\"description\":\"Il Reverendo Gwyon racconta la propria Storia per \u00abIo senza Dio\u00bb.\",\"breadcrumb\":{\"@id\":\"https:\/\/www.leternoassente.com\/?page_id=7412#breadcrumb\"},\"inLanguage\":\"it-IT\",\"potentialAction\":[{\"@type\":\"ReadAction\",\"target\":[\"https:\/\/www.leternoassente.com\/?page_id=7412\"]}]},{\"@type\":\"ImageObject\",\"inLanguage\":\"it-IT\",\"@id\":\"https:\/\/www.leternoassente.com\/?page_id=7412#primaryimage\",\"url\":\"https:\/\/www.leternoassente.com\/wp-content\/uploads\/2020\/04\/iosenzadio4.jpg\",\"contentUrl\":\"https:\/\/www.leternoassente.com\/wp-content\/uploads\/2020\/04\/iosenzadio4.jpg\",\"width\":1500,\"height\":434},{\"@type\":\"BreadcrumbList\",\"@id\":\"https:\/\/www.leternoassente.com\/?page_id=7412#breadcrumb\",\"itemListElement\":[{\"@type\":\"ListItem\",\"position\":1,\"name\":\"Home\",\"item\":\"https:\/\/www.leternoassente.com\/\"},{\"@type\":\"ListItem\",\"position\":2,\"name\":\"\u00abIo senza Dio\u00bb \u2013 Storie\",\"item\":\"https:\/\/www.leternoassente.com\/?page_id=4502\"},{\"@type\":\"ListItem\",\"position\":3,\"name\":\"Sia lodato Camus\"}]},{\"@type\":\"WebSite\",\"@id\":\"https:\/\/www.leternoassente.com\/#website\",\"url\":\"https:\/\/www.leternoassente.com\/\",\"name\":\"L&#039;Eterno Assente\",\"description\":\"Dio, la vita, il senso e altre cazzate\",\"publisher\":{\"@id\":\"https:\/\/www.leternoassente.com\/#\/schema\/person\/d2069751871fcdb89a30a0775f4170f9\"},\"potentialAction\":[{\"@type\":\"SearchAction\",\"target\":{\"@type\":\"EntryPoint\",\"urlTemplate\":\"https:\/\/www.leternoassente.com\/?s={search_term_string}\"},\"query-input\":{\"@type\":\"PropertyValueSpecification\",\"valueRequired\":true,\"valueName\":\"search_term_string\"}}],\"inLanguage\":\"it-IT\"},{\"@type\":[\"Person\",\"Organization\"],\"@id\":\"https:\/\/www.leternoassente.com\/#\/schema\/person\/d2069751871fcdb89a30a0775f4170f9\",\"name\":\"Choam Goldberg\",\"image\":{\"@type\":\"ImageObject\",\"inLanguage\":\"it-IT\",\"@id\":\"https:\/\/www.leternoassente.com\/#\/schema\/person\/image\/\",\"url\":\"https:\/\/secure.gravatar.com\/avatar\/63d2c9f25f05d3da5001f2898f6fc9cd?s=96&d=wavatar&r=g\",\"contentUrl\":\"https:\/\/secure.gravatar.com\/avatar\/63d2c9f25f05d3da5001f2898f6fc9cd?s=96&d=wavatar&r=g\",\"caption\":\"Choam Goldberg\"},\"logo\":{\"@id\":\"https:\/\/www.leternoassente.com\/#\/schema\/person\/image\/\"},\"description\":\"Contemplata la vastit\u00e0 del cazzo che gliene frega e raggiunta l\u2019atarass\u00eca, Choam Goldberg pratica nondimeno l'antica, dilettevole e nobile arte di demolire le credenze dei\u00a0beoti e degli insipienti.\",\"sameAs\":[\"http:\/\/www.leternoassente.com\"]}]}<\/script>\n<!-- \/ Yoast SEO plugin. -->","yoast_head_json":{"title":"Sia lodato Camus - L&#039;Eterno Assente","description":"Il Reverendo Gwyon racconta la propria Storia per \u00abIo senza Dio\u00bb.","robots":{"index":"index","follow":"follow","max-snippet":"max-snippet:-1","max-image-preview":"max-image-preview:large","max-video-preview":"max-video-preview:-1"},"canonical":"https:\/\/www.leternoassente.com\/?page_id=7412","og_locale":"it_IT","og_type":"article","og_title":"Sia lodato Camus - L&#039;Eterno Assente","og_description":"Il Reverendo Gwyon racconta la propria Storia per \u00abIo senza Dio\u00bb.","og_url":"https:\/\/www.leternoassente.com\/?page_id=7412","og_site_name":"L&#039;Eterno Assente","article_modified_time":"2025-11-26T13:36:07+00:00","og_image":[{"width":1200,"height":630,"url":"https:\/\/www.leternoassente.com\/wp-content\/uploads\/2020\/04\/iosenzadio4seo.jpg","type":"image\/jpeg"}],"twitter_card":"summary_large_image","twitter_site":"@leternoassente","twitter_misc":{"Tempo di lettura stimato":"7 minuti"},"schema":{"@context":"https:\/\/schema.org","@graph":[{"@type":"WebPage","@id":"https:\/\/www.leternoassente.com\/?page_id=7412","url":"https:\/\/www.leternoassente.com\/?page_id=7412","name":"Sia lodato Camus - L&#039;Eterno Assente","isPartOf":{"@id":"https:\/\/www.leternoassente.com\/#website"},"primaryImageOfPage":{"@id":"https:\/\/www.leternoassente.com\/?page_id=7412#primaryimage"},"image":{"@id":"https:\/\/www.leternoassente.com\/?page_id=7412#primaryimage"},"thumbnailUrl":"https:\/\/www.leternoassente.com\/wp-content\/uploads\/2020\/04\/iosenzadio4.jpg","datePublished":"2025-11-26T13:30:10+00:00","dateModified":"2025-11-26T13:36:07+00:00","description":"Il Reverendo Gwyon racconta la propria Storia per \u00abIo senza Dio\u00bb.","breadcrumb":{"@id":"https:\/\/www.leternoassente.com\/?page_id=7412#breadcrumb"},"inLanguage":"it-IT","potentialAction":[{"@type":"ReadAction","target":["https:\/\/www.leternoassente.com\/?page_id=7412"]}]},{"@type":"ImageObject","inLanguage":"it-IT","@id":"https:\/\/www.leternoassente.com\/?page_id=7412#primaryimage","url":"https:\/\/www.leternoassente.com\/wp-content\/uploads\/2020\/04\/iosenzadio4.jpg","contentUrl":"https:\/\/www.leternoassente.com\/wp-content\/uploads\/2020\/04\/iosenzadio4.jpg","width":1500,"height":434},{"@type":"BreadcrumbList","@id":"https:\/\/www.leternoassente.com\/?page_id=7412#breadcrumb","itemListElement":[{"@type":"ListItem","position":1,"name":"Home","item":"https:\/\/www.leternoassente.com\/"},{"@type":"ListItem","position":2,"name":"\u00abIo senza Dio\u00bb \u2013 Storie","item":"https:\/\/www.leternoassente.com\/?page_id=4502"},{"@type":"ListItem","position":3,"name":"Sia lodato Camus"}]},{"@type":"WebSite","@id":"https:\/\/www.leternoassente.com\/#website","url":"https:\/\/www.leternoassente.com\/","name":"L&#039;Eterno Assente","description":"Dio, la vita, il senso e altre cazzate","publisher":{"@id":"https:\/\/www.leternoassente.com\/#\/schema\/person\/d2069751871fcdb89a30a0775f4170f9"},"potentialAction":[{"@type":"SearchAction","target":{"@type":"EntryPoint","urlTemplate":"https:\/\/www.leternoassente.com\/?s={search_term_string}"},"query-input":{"@type":"PropertyValueSpecification","valueRequired":true,"valueName":"search_term_string"}}],"inLanguage":"it-IT"},{"@type":["Person","Organization"],"@id":"https:\/\/www.leternoassente.com\/#\/schema\/person\/d2069751871fcdb89a30a0775f4170f9","name":"Choam Goldberg","image":{"@type":"ImageObject","inLanguage":"it-IT","@id":"https:\/\/www.leternoassente.com\/#\/schema\/person\/image\/","url":"https:\/\/secure.gravatar.com\/avatar\/63d2c9f25f05d3da5001f2898f6fc9cd?s=96&d=wavatar&r=g","contentUrl":"https:\/\/secure.gravatar.com\/avatar\/63d2c9f25f05d3da5001f2898f6fc9cd?s=96&d=wavatar&r=g","caption":"Choam Goldberg"},"logo":{"@id":"https:\/\/www.leternoassente.com\/#\/schema\/person\/image\/"},"description":"Contemplata la vastit\u00e0 del cazzo che gliene frega e raggiunta l\u2019atarass\u00eca, Choam Goldberg pratica nondimeno l'antica, dilettevole e nobile arte di demolire le credenze dei\u00a0beoti e degli insipienti.","sameAs":["http:\/\/www.leternoassente.com"]}]}},"_links":{"self":[{"href":"https:\/\/www.leternoassente.com\/index.php?rest_route=\/wp\/v2\/pages\/7412"}],"collection":[{"href":"https:\/\/www.leternoassente.com\/index.php?rest_route=\/wp\/v2\/pages"}],"about":[{"href":"https:\/\/www.leternoassente.com\/index.php?rest_route=\/wp\/v2\/types\/page"}],"author":[{"embeddable":true,"href":"https:\/\/www.leternoassente.com\/index.php?rest_route=\/wp\/v2\/users\/1"}],"replies":[{"embeddable":true,"href":"https:\/\/www.leternoassente.com\/index.php?rest_route=%2Fwp%2Fv2%2Fcomments&post=7412"}],"version-history":[{"count":3,"href":"https:\/\/www.leternoassente.com\/index.php?rest_route=\/wp\/v2\/pages\/7412\/revisions"}],"predecessor-version":[{"id":7428,"href":"https:\/\/www.leternoassente.com\/index.php?rest_route=\/wp\/v2\/pages\/7412\/revisions\/7428"}],"up":[{"embeddable":true,"href":"https:\/\/www.leternoassente.com\/index.php?rest_route=\/wp\/v2\/pages\/4502"}],"wp:featuredmedia":[{"embeddable":true,"href":"https:\/\/www.leternoassente.com\/index.php?rest_route=\/wp\/v2\/media\/3299"}],"wp:attachment":[{"href":"https:\/\/www.leternoassente.com\/index.php?rest_route=%2Fwp%2Fv2%2Fmedia&parent=7412"}],"curies":[{"name":"wp","href":"https:\/\/api.w.org\/{rel}","templated":true}]}}